{"id":5228,"date":"2026-03-05T14:53:39","date_gmt":"2026-03-05T14:53:39","guid":{"rendered":"https:\/\/ontologiatrinitaria.org\/andrea-bellantone\/"},"modified":"2026-03-29T17:06:29","modified_gmt":"2026-03-29T17:06:29","slug":"andrea-bellantone","status":"publish","type":"page","link":"https:\/\/ontologiatrinitaria.org\/es\/quienes-somos\/francia\/andrea-bellantone\/","title":{"rendered":"Andrea Bellantone"},"content":{"rendered":"\n<p id=\"block-qkjdON7moC\" class=\"wp-block-nectar-blocks-text nectar-blocks-text\"><\/p>\n\n<div class=\"wp-block-nectar-blocks-row alignfull nectar-block nectar-blocks-row nectar-blocks-row__inner nectar-blocks-row__wrapper parent-block-block-DxmXLg8pra\" id=\"block-DxmXLg8pra\">\n<div class=\"wp-block-nectar-blocks-column nectar-blocks-column nectar-block\" id=\"block-mOPNwEnLa4\"><div class=\"nectar-blocks-column__inner nectar-blocks-column__content-wrap parent-block-block-mOPNwEnLa4 nectar-blocks-column__wrapper\"><div class=\"yoast-breadcrumbs ticss-0c0395b4\"><span><span><a href=\"https:\/\/ontologiatrinitaria.org\/es\/\">Home<\/a><\/span> \/ <span><a href=\"https:\/\/ontologiatrinitaria.org\/es\/quienes-somos\/\">Qui\u00e9nes somos<\/a><\/span> \/ <span><a href=\"https:\/\/ontologiatrinitaria.org\/es\/quienes-somos\/francia\/\">Francia<\/a><\/span> \/ <span class=\"breadcrumb_last\" aria-current=\"page\"><strong>Andrea Bellantone<\/strong><\/span><\/span><\/div><\/div><\/div>\n<\/div>\n\n<div class=\"wp-block-nectar-blocks-row alignfull nectar-block nectar-blocks-row nectar-blocks-row__inner nectar-blocks-row__wrapper parent-block-block-49kgP1oMuo\" id=\"block-49kgP1oMuo\">\n<div class=\"wp-block-nectar-blocks-column nectar-blocks-column nectar-block\" id=\"block-ZStktY8uNs\"><div class=\"nectar-blocks-column__wrapper parent-block-block-ZStktY8uNs\"><div class=\"nectar-blocks-column__inner nectar-blocks-column__content-wrap parent-block-block-ZStktY8uNs\">\n<div class=\"wp-block-nectar-blocks-flex-box nectar-block nectar-blocks-flex-box nectar-blocks-flex-box__inner nectar-blocks-flex-box__wrapper parent-block-block-w5KAJZiMlC\" id=\"block-w5KAJZiMlC\">\n<div class=\"wp-block-nectar-blocks-image nectar-blocks-image\" id=\"block-gPf9ES0IvQ\"><div class=\"nectar-blocks-image__inner\"><img loading=\"lazy\" decoding=\"async\" width=\"1700\" height=\"1700\" class=\"wp-image-3982 nectar-aspect-ratio--1-1 nectar-aspect-ratio\" src=\"https:\/\/ontologiatrinitaria.org\/wp-content\/uploads\/2025\/12\/Bellantone.jpg\" alt=\"\" title=\"Bellantone\" srcset=\"https:\/\/ontologiatrinitaria.org\/wp-content\/uploads\/2025\/12\/Bellantone.jpg 1700w, https:\/\/ontologiatrinitaria.org\/wp-content\/uploads\/2025\/12\/Bellantone-300x300.jpg 300w, https:\/\/ontologiatrinitaria.org\/wp-content\/uploads\/2025\/12\/Bellantone-1024x1024.jpg 1024w, https:\/\/ontologiatrinitaria.org\/wp-content\/uploads\/2025\/12\/Bellantone-150x150.jpg 150w, https:\/\/ontologiatrinitaria.org\/wp-content\/uploads\/2025\/12\/Bellantone-768x768.jpg 768w, https:\/\/ontologiatrinitaria.org\/wp-content\/uploads\/2025\/12\/Bellantone-1536x1536.jpg 1536w, https:\/\/ontologiatrinitaria.org\/wp-content\/uploads\/2025\/12\/Bellantone-200x200.jpg 200w\" sizes=\"auto, (max-width: 1700px) 100vw, 1700px\" \/><\/div><\/div>\n<\/div>\n<\/div><\/div><\/div>\n\n\n\n<div class=\"wp-block-nectar-blocks-column nectar-blocks-column nectar-block\" id=\"block-bWCxqCBHNK\"><div class=\"nectar-blocks-column__wrapper parent-block-block-bWCxqCBHNK\"><div class=\"nectar-blocks-column__inner nectar-blocks-column__content-wrap parent-block-block-bWCxqCBHNK\">\n<p id=\"block-R0NwXCALEL\" class=\"wp-block-nectar-blocks-text nectar-blocks-text nectar-font-h1\">Andrea Bellantone<\/p>\n\n\n\n<p id=\"block-HmEKxPKqEG\" class=\"wp-block-nectar-blocks-text nectar-blocks-text\">Andrea Bellantone es catedr\u00e1tico de Filosof\u00eda Moderna y Contempor\u00e1nea en la Facultad de Filosof\u00eda del Institut Catholique de Toulouse, de la cual fue decano entre 2013 y 2023. <\/p>\n\n\n\n<p id=\"block-YUzIjT7TaM\" class=\"wp-block-nectar-blocks-text nectar-blocks-text\">Actualmente es director del doctorado en Filosof\u00eda y del Colegio Doctoral. Sus intereses cient\u00edficos se centran en la recepci\u00f3n del pensamiento alem\u00e1n en Francia (<em>Hegel in Francia<\/em>, Rubbettino, 2007, trad. fr. Hermann, 2011), la filosof\u00eda francesa de orientaci\u00f3n espiritualista (de Biran a Lavelle) y la fenomenolog\u00eda francesa (en particular Henry y Marion).   <\/p>\n\n\n\n<p id=\"block-K9j2EZUCrK\" class=\"wp-block-nectar-blocks-text nectar-blocks-text\">En <em>La m\u00e9taphysique possible. Philosophies et de l&#8217;esprit et modernit\u00e9 <\/em>(2012) desarroll\u00f3 su propia propuesta metaf\u00edsica, de la cual est\u00e1 proponiendo una relectura trinitaria en los \u00faltimos a\u00f1os. Tambi\u00e9n se interesa por la experiencia est\u00e9tica (Figure dell&#8217;astrazione, Castelvecchi, 2022, trad. fr. Hermann, 2023, escrito con Massimo Don\u00e0).   <\/p>\n\n\n\n<p id=\"block-75fh1EAWs2\" class=\"wp-block-nectar-blocks-text nectar-blocks-text\">Dirige la Chaire d&#8217;enseignement et de recherche \u00abPhilosophie du Christianisme\u00bb dell&#8217;Institut Catholique de Toulouse e le collane Hermann &#8211; Philosophies de l&#8217;esprit, Hermann &#8211; Philosophie italienne e Eikon (Inschibboleth, Roma). Membro titolare della sezione III, Philosophie et th\u00e9ologie, dell&#8217;Acad\u00e9mie Catholique de France, \u00e8 stato recentemente eletto coordinatore della sua sezione.  <\/p>\n<\/div><\/div><\/div>\n<\/div>\n\n<p id=\"block-DNWdBDYtpt\" class=\"wp-block-nectar-blocks-text nectar-blocks-text\"><\/p>\n","protected":false},"excerpt":{"rendered":"","protected":false},"author":8,"featured_media":5183,"parent":5300,"menu_order":0,"comment_status":"closed","ping_status":"closed","template":"","meta":{"_nectar_blocks_hide_post_title":true,"_nectar_blocks_transparent_header_effect":false,"_nectar_blocks_transparent_header_effect_color":"light","_nectar_blocks_header_animation":false,"_nectar_blocks_header_animation_delay":0,"_nectar_blocks_header_animation_effect":"fade","_nectar_blocks_page_css":"","_nectar_blocks_page_js":"","footnotes":""},"class_list":["post-5228","page","type-page","status-publish","has-post-thumbnail"],"yoast_head":"<!-- This site is optimized with the Yoast SEO plugin v27.2 - https:\/\/yoast.com\/product\/yoast-seo-wordpress\/ -->\n<title>Andrea Bellantone - Ontologia Trinitaria<\/title>\n<meta name=\"robots\" content=\"index, follow, max-snippet:-1, max-image-preview:large, max-video-preview:-1\" \/>\n<link rel=\"canonical\" href=\"https:\/\/ontologiatrinitaria.org\/es\/quienes-somos\/francia\/andrea-bellantone\/\" \/>\n<meta property=\"og:locale\" content=\"es_ES\" \/>\n<meta property=\"og:type\" content=\"article\" \/>\n<meta property=\"og:title\" content=\"Andrea Bellantone - Ontologia Trinitaria\" \/>\n<meta property=\"og:url\" content=\"https:\/\/ontologiatrinitaria.org\/es\/quienes-somos\/francia\/andrea-bellantone\/\" \/>\n<meta property=\"og:site_name\" content=\"Ontologia Trinitaria\" \/>\n<meta property=\"article:publisher\" content=\"https:\/\/www.facebook.com\/ontologiatrinitaria\" \/>\n<meta property=\"article:modified_time\" content=\"2026-03-29T17:06:29+00:00\" \/>\n<meta property=\"og:image\" content=\"https:\/\/ontologiatrinitaria.org\/wp-content\/uploads\/2025\/12\/Bellantone.jpg\" \/>\n\t<meta property=\"og:image:width\" content=\"1700\" \/>\n\t<meta property=\"og:image:height\" content=\"1700\" \/>\n\t<meta property=\"og:image:type\" content=\"image\/jpeg\" \/>\n<meta name=\"twitter:card\" content=\"summary_large_image\" \/>\n<meta name=\"twitter:label1\" content=\"Tiempo de lectura\" \/>\n\t<meta name=\"twitter:data1\" content=\"1 minuto\" \/>\n<script type=\"application\/ld+json\" class=\"yoast-schema-graph\">{\"@context\":\"https:\/\/schema.org\",\"@graph\":[{\"@type\":\"WebPage\",\"@id\":\"https:\/\/ontologiatrinitaria.org\/es\/quienes-somos\/francia\/andrea-bellantone\/\",\"url\":\"https:\/\/ontologiatrinitaria.org\/es\/quienes-somos\/francia\/andrea-bellantone\/\",\"name\":\"Andrea Bellantone - Ontologia Trinitaria\",\"isPartOf\":{\"@id\":\"https:\/\/ontologiatrinitaria.org\/es\/#website\"},\"primaryImageOfPage\":{\"@id\":\"https:\/\/ontologiatrinitaria.org\/es\/quienes-somos\/francia\/andrea-bellantone\/#primaryimage\"},\"image\":{\"@id\":\"https:\/\/ontologiatrinitaria.org\/es\/quienes-somos\/francia\/andrea-bellantone\/#primaryimage\"},\"thumbnailUrl\":\"https:\/\/ontologiatrinitaria.org\/wp-content\/uploads\/2025\/12\/Bellantone.jpg\",\"datePublished\":\"2026-03-05T14:53:39+00:00\",\"dateModified\":\"2026-03-29T17:06:29+00:00\",\"breadcrumb\":{\"@id\":\"https:\/\/ontologiatrinitaria.org\/es\/quienes-somos\/francia\/andrea-bellantone\/#breadcrumb\"},\"inLanguage\":\"es\",\"potentialAction\":[{\"@type\":\"ReadAction\",\"target\":[\"https:\/\/ontologiatrinitaria.org\/es\/quienes-somos\/francia\/andrea-bellantone\/\"]}]},{\"@type\":\"ImageObject\",\"inLanguage\":\"es\",\"@id\":\"https:\/\/ontologiatrinitaria.org\/es\/quienes-somos\/francia\/andrea-bellantone\/#primaryimage\",\"url\":\"https:\/\/ontologiatrinitaria.org\/wp-content\/uploads\/2025\/12\/Bellantone.jpg\",\"contentUrl\":\"https:\/\/ontologiatrinitaria.org\/wp-content\/uploads\/2025\/12\/Bellantone.jpg\",\"width\":1700,\"height\":1700},{\"@type\":\"BreadcrumbList\",\"@id\":\"https:\/\/ontologiatrinitaria.org\/es\/quienes-somos\/francia\/andrea-bellantone\/#breadcrumb\",\"itemListElement\":[{\"@type\":\"ListItem\",\"position\":1,\"name\":\"Home\",\"item\":\"https:\/\/ontologiatrinitaria.org\/es\/\"},{\"@type\":\"ListItem\",\"position\":2,\"name\":\"Qui\u00e9nes somos\",\"item\":\"https:\/\/ontologiatrinitaria.org\/es\/quienes-somos\/\"},{\"@type\":\"ListItem\",\"position\":3,\"name\":\"Francia\",\"item\":\"https:\/\/ontologiatrinitaria.org\/es\/quienes-somos\/francia\/\"},{\"@type\":\"ListItem\",\"position\":4,\"name\":\"Andrea Bellantone\"}]},{\"@type\":\"WebSite\",\"@id\":\"https:\/\/ontologiatrinitaria.org\/es\/#website\",\"url\":\"https:\/\/ontologiatrinitaria.org\/es\/\",\"name\":\"Ontologia Trinitaria\",\"description\":\"Itinerari e ricerche\",\"publisher\":{\"@id\":\"https:\/\/ontologiatrinitaria.org\/es\/#organization\"},\"potentialAction\":[{\"@type\":\"SearchAction\",\"target\":{\"@type\":\"EntryPoint\",\"urlTemplate\":\"https:\/\/ontologiatrinitaria.org\/es\/?s={search_term_string}\"},\"query-input\":{\"@type\":\"PropertyValueSpecification\",\"valueRequired\":true,\"valueName\":\"search_term_string\"}}],\"inLanguage\":\"es\"},{\"@type\":\"Organization\",\"@id\":\"https:\/\/ontologiatrinitaria.org\/es\/#organization\",\"name\":\"Ontologia Trinitaria\",\"url\":\"https:\/\/ontologiatrinitaria.org\/es\/\",\"logo\":{\"@type\":\"ImageObject\",\"inLanguage\":\"es\",\"@id\":\"https:\/\/ontologiatrinitaria.org\/es\/#\/schema\/logo\/image\/\",\"url\":\"https:\/\/ontologiatrinitaria.org\/wp-content\/uploads\/2025\/06\/logo_colore2.png\",\"contentUrl\":\"https:\/\/ontologiatrinitaria.org\/wp-content\/uploads\/2025\/06\/logo_colore2.png\",\"width\":402,\"height\":169,\"caption\":\"Ontologia Trinitaria\"},\"image\":{\"@id\":\"https:\/\/ontologiatrinitaria.org\/es\/#\/schema\/logo\/image\/\"},\"sameAs\":[\"https:\/\/www.facebook.com\/ontologiatrinitaria\",\"https:\/\/www.instagram.com\/ontologiatrinitaria\/\"]}]}<\/script>\n<!-- \/ Yoast SEO plugin. -->","yoast_head_json":{"title":"Andrea Bellantone - Ontologia Trinitaria","robots":{"index":"index","follow":"follow","max-snippet":"max-snippet:-1","max-image-preview":"max-image-preview:large","max-video-preview":"max-video-preview:-1"},"canonical":"https:\/\/ontologiatrinitaria.org\/es\/quienes-somos\/francia\/andrea-bellantone\/","og_locale":"es_ES","og_type":"article","og_title":"Andrea Bellantone - Ontologia Trinitaria","og_url":"https:\/\/ontologiatrinitaria.org\/es\/quienes-somos\/francia\/andrea-bellantone\/","og_site_name":"Ontologia Trinitaria","article_publisher":"https:\/\/www.facebook.com\/ontologiatrinitaria","article_modified_time":"2026-03-29T17:06:29+00:00","og_image":[{"width":1700,"height":1700,"url":"https:\/\/ontologiatrinitaria.org\/wp-content\/uploads\/2025\/12\/Bellantone.jpg","type":"image\/jpeg"}],"twitter_card":"summary_large_image","twitter_misc":{"Tiempo de lectura":"1 minuto"},"schema":{"@context":"https:\/\/schema.org","@graph":[{"@type":"WebPage","@id":"https:\/\/ontologiatrinitaria.org\/es\/quienes-somos\/francia\/andrea-bellantone\/","url":"https:\/\/ontologiatrinitaria.org\/es\/quienes-somos\/francia\/andrea-bellantone\/","name":"Andrea Bellantone - Ontologia Trinitaria","isPartOf":{"@id":"https:\/\/ontologiatrinitaria.org\/es\/#website"},"primaryImageOfPage":{"@id":"https:\/\/ontologiatrinitaria.org\/es\/quienes-somos\/francia\/andrea-bellantone\/#primaryimage"},"image":{"@id":"https:\/\/ontologiatrinitaria.org\/es\/quienes-somos\/francia\/andrea-bellantone\/#primaryimage"},"thumbnailUrl":"https:\/\/ontologiatrinitaria.org\/wp-content\/uploads\/2025\/12\/Bellantone.jpg","datePublished":"2026-03-05T14:53:39+00:00","dateModified":"2026-03-29T17:06:29+00:00","breadcrumb":{"@id":"https:\/\/ontologiatrinitaria.org\/es\/quienes-somos\/francia\/andrea-bellantone\/#breadcrumb"},"inLanguage":"es","potentialAction":[{"@type":"ReadAction","target":["https:\/\/ontologiatrinitaria.org\/es\/quienes-somos\/francia\/andrea-bellantone\/"]}]},{"@type":"ImageObject","inLanguage":"es","@id":"https:\/\/ontologiatrinitaria.org\/es\/quienes-somos\/francia\/andrea-bellantone\/#primaryimage","url":"https:\/\/ontologiatrinitaria.org\/wp-content\/uploads\/2025\/12\/Bellantone.jpg","contentUrl":"https:\/\/ontologiatrinitaria.org\/wp-content\/uploads\/2025\/12\/Bellantone.jpg","width":1700,"height":1700},{"@type":"BreadcrumbList","@id":"https:\/\/ontologiatrinitaria.org\/es\/quienes-somos\/francia\/andrea-bellantone\/#breadcrumb","itemListElement":[{"@type":"ListItem","position":1,"name":"Home","item":"https:\/\/ontologiatrinitaria.org\/es\/"},{"@type":"ListItem","position":2,"name":"Qui\u00e9nes somos","item":"https:\/\/ontologiatrinitaria.org\/es\/quienes-somos\/"},{"@type":"ListItem","position":3,"name":"Francia","item":"https:\/\/ontologiatrinitaria.org\/es\/quienes-somos\/francia\/"},{"@type":"ListItem","position":4,"name":"Andrea Bellantone"}]},{"@type":"WebSite","@id":"https:\/\/ontologiatrinitaria.org\/es\/#website","url":"https:\/\/ontologiatrinitaria.org\/es\/","name":"Ontologia Trinitaria","description":"Itinerari e ricerche","publisher":{"@id":"https:\/\/ontologiatrinitaria.org\/es\/#organization"},"potentialAction":[{"@type":"SearchAction","target":{"@type":"EntryPoint","urlTemplate":"https:\/\/ontologiatrinitaria.org\/es\/?s={search_term_string}"},"query-input":{"@type":"PropertyValueSpecification","valueRequired":true,"valueName":"search_term_string"}}],"inLanguage":"es"},{"@type":"Organization","@id":"https:\/\/ontologiatrinitaria.org\/es\/#organization","name":"Ontologia Trinitaria","url":"https:\/\/ontologiatrinitaria.org\/es\/","logo":{"@type":"ImageObject","inLanguage":"es","@id":"https:\/\/ontologiatrinitaria.org\/es\/#\/schema\/logo\/image\/","url":"https:\/\/ontologiatrinitaria.org\/wp-content\/uploads\/2025\/06\/logo_colore2.png","contentUrl":"https:\/\/ontologiatrinitaria.org\/wp-content\/uploads\/2025\/06\/logo_colore2.png","width":402,"height":169,"caption":"Ontologia Trinitaria"},"image":{"@id":"https:\/\/ontologiatrinitaria.org\/es\/#\/schema\/logo\/image\/"},"sameAs":["https:\/\/www.facebook.com\/ontologiatrinitaria","https:\/\/www.instagram.com\/ontologiatrinitaria\/"]}]}},"_links":{"self":[{"href":"https:\/\/ontologiatrinitaria.org\/es\/wp-json\/wp\/v2\/pages\/5228","targetHints":{"allow":["GET"]}}],"collection":[{"href":"https:\/\/ontologiatrinitaria.org\/es\/wp-json\/wp\/v2\/pages"}],"about":[{"href":"https:\/\/ontologiatrinitaria.org\/es\/wp-json\/wp\/v2\/types\/page"}],"author":[{"embeddable":true,"href":"https:\/\/ontologiatrinitaria.org\/es\/wp-json\/wp\/v2\/users\/8"}],"replies":[{"embeddable":true,"href":"https:\/\/ontologiatrinitaria.org\/es\/wp-json\/wp\/v2\/comments?post=5228"}],"version-history":[{"count":4,"href":"https:\/\/ontologiatrinitaria.org\/es\/wp-json\/wp\/v2\/pages\/5228\/revisions"}],"predecessor-version":[{"id":5727,"href":"https:\/\/ontologiatrinitaria.org\/es\/wp-json\/wp\/v2\/pages\/5228\/revisions\/5727"}],"up":[{"embeddable":true,"href":"https:\/\/ontologiatrinitaria.org\/es\/wp-json\/wp\/v2\/pages\/5300"}],"wp:featuredmedia":[{"embeddable":true,"href":"https:\/\/ontologiatrinitaria.org\/es\/wp-json\/wp\/v2\/media\/5183"}],"wp:attachment":[{"href":"https:\/\/ontologiatrinitaria.org\/es\/wp-json\/wp\/v2\/media?parent=5228"}],"curies":[{"name":"wp","href":"https:\/\/api.w.org\/{rel}","templated":true}]}}