{"id":5236,"date":"2026-03-05T15:19:30","date_gmt":"2026-03-05T15:19:30","guid":{"rendered":"https:\/\/ontologiatrinitaria.org\/emmanuel-gabellieri\/"},"modified":"2026-03-30T07:15:59","modified_gmt":"2026-03-30T07:15:59","slug":"emmanuel-gabellieri","status":"publish","type":"page","link":"https:\/\/ontologiatrinitaria.org\/es\/quienes-somos\/francia\/emmanuel-gabellieri\/","title":{"rendered":"Emmanuel Gabellieri"},"content":{"rendered":"\n<p id=\"block-YoA90NfDGL\" class=\"wp-block-nectar-blocks-text nectar-blocks-text\"><\/p>\n\n<div class=\"wp-block-nectar-blocks-row alignfull nectar-block nectar-blocks-row nectar-blocks-row__inner nectar-blocks-row__wrapper parent-block-block-46YeC4fhT7\" id=\"block-46YeC4fhT7\">\n<div class=\"wp-block-nectar-blocks-column nectar-blocks-column nectar-block\" id=\"block-sxKYgvgL1J\"><div class=\"nectar-blocks-column__inner nectar-blocks-column__content-wrap parent-block-block-sxKYgvgL1J nectar-blocks-column__wrapper\"><div class=\"yoast-breadcrumbs ticss-0c0395b4\"><span><span><a href=\"https:\/\/ontologiatrinitaria.org\/es\/\">Home<\/a><\/span> \/ <span><a href=\"https:\/\/ontologiatrinitaria.org\/es\/quienes-somos\/\">Qui\u00e9nes somos<\/a><\/span> \/ <span><a href=\"https:\/\/ontologiatrinitaria.org\/es\/quienes-somos\/francia\/\">Francia<\/a><\/span> \/ <span class=\"breadcrumb_last\" aria-current=\"page\"><strong>Emmanuel Gabellieri<\/strong><\/span><\/span><\/div><\/div><\/div>\n<\/div>\n\n<div class=\"wp-block-nectar-blocks-row alignfull nectar-block nectar-blocks-row nectar-blocks-row__inner nectar-blocks-row__wrapper parent-block-block-1z8HUk6W5u\" id=\"block-1z8HUk6W5u\">\n<div class=\"wp-block-nectar-blocks-column nectar-blocks-column nectar-block\" id=\"block-I67T3Sq1JR\"><div class=\"nectar-blocks-column__wrapper parent-block-block-I67T3Sq1JR\"><div class=\"nectar-blocks-column__inner nectar-blocks-column__content-wrap parent-block-block-I67T3Sq1JR\">\n<div class=\"wp-block-nectar-blocks-flex-box nectar-block nectar-blocks-flex-box nectar-blocks-flex-box__inner nectar-blocks-flex-box__wrapper parent-block-block-NJqhv35Z5r\" id=\"block-NJqhv35Z5r\">\n<div class=\"wp-block-nectar-blocks-image nectar-blocks-image\" id=\"block-qL6g0e2FBa\"><div class=\"nectar-blocks-image__inner\"><img loading=\"lazy\" decoding=\"async\" width=\"1536\" height=\"1536\" class=\"wp-image-4920 nectar-aspect-ratio--1-1 nectar-aspect-ratio\" src=\"https:\/\/ontologiatrinitaria.org\/wp-content\/uploads\/2026\/03\/gabellieri_LD.jpg\" alt=\"\" title=\"gabellieri_LD\" srcset=\"https:\/\/ontologiatrinitaria.org\/wp-content\/uploads\/2026\/03\/gabellieri_LD.jpg 1536w, https:\/\/ontologiatrinitaria.org\/wp-content\/uploads\/2026\/03\/gabellieri_LD-300x300.jpg 300w, https:\/\/ontologiatrinitaria.org\/wp-content\/uploads\/2026\/03\/gabellieri_LD-1024x1024.jpg 1024w, https:\/\/ontologiatrinitaria.org\/wp-content\/uploads\/2026\/03\/gabellieri_LD-150x150.jpg 150w, https:\/\/ontologiatrinitaria.org\/wp-content\/uploads\/2026\/03\/gabellieri_LD-768x768.jpg 768w, https:\/\/ontologiatrinitaria.org\/wp-content\/uploads\/2026\/03\/gabellieri_LD-200x200.jpg 200w\" sizes=\"auto, (max-width: 1536px) 100vw, 1536px\" \/><\/div><\/div>\n<\/div>\n<\/div><\/div><\/div>\n\n\n\n<div class=\"wp-block-nectar-blocks-column nectar-blocks-column nectar-block\" id=\"block-p9IkzBONF6\"><div class=\"nectar-blocks-column__wrapper parent-block-block-p9IkzBONF6\"><div class=\"nectar-blocks-column__inner nectar-blocks-column__content-wrap parent-block-block-p9IkzBONF6\">\n<p id=\"block-sIo41opQdF\" class=\"wp-block-nectar-blocks-text nectar-blocks-text nectar-font-h1\">Emmanuel Gabellieri <\/p>\n\n\n\n<p id=\"block-QEcS4DfOVF\" class=\"wp-block-nectar-blocks-text nectar-blocks-text\">Emmanuel Gabellieri es un fil\u00f3sofo franc\u00e9s nacido en Niza el 27 de diciembre de 1957. Est\u00e1 casado y es padre de tres hijos. Obtuvo la Agr\u00e9gation en Filosof\u00eda en 1987 y la Habilitation \u00e0 Diriger des Recherches (HDR) en Filosof\u00eda por la Universidad de Niza en 1997, seguida del Doctorado Can\u00f3nico en Filosof\u00eda por el Instituto Cat\u00f3lico de Par\u00eds en 2007.   <\/p>\n\n\n\n<p id=\"block-vwtMTP5WzI\" class=\"wp-block-nectar-blocks-text nectar-blocks-text\">Tras ense\u00f1ar en escuelas secundarias y en clases preparatorias (1982-1992), fue profesor titular en la Facultad de Filosof\u00eda de la Universidad Cat\u00f3lica de Lyon desde 1992 hasta 2024. Actualmente es profesor em\u00e9rito en la misma facultad, despu\u00e9s de haber ejercido como Decano (2005-2014) y como Vicerrector de Investigaci\u00f3n en la UCLy (2016-2020). Creador de los Archivos J. Vialatoux, anexados al Fondo J. Lacroix en 2004, inici\u00f3 un programa de publicaci\u00f3n sobre la escuela lionesa del catolicismo social, cofund\u00f3 GRACE (Grupo de Investigaci\u00f3n en Antropolog\u00eda Cristiana y Empresa) en 2011 y dirigi\u00f3 CRESO (Centro de Investigaci\u00f3n sobre Emprendimiento Social) de 2016 a 2020.  <\/p>\n\n\n\n<p id=\"block-cTwp3szOtx\" class=\"wp-block-nectar-blocks-text nectar-blocks-text\">Sus principales \u00e1mbitos de investigaci\u00f3n, tras un significativo trabajo sobre los escritos de Simone Weil y Maurice Blondel, se han ampliado hasta incluir el debate sobre el \u00abgiro teol\u00f3gico\u00bb en la fenomenolog\u00eda francesa y la propuesta de una \u00abmetaxolog\u00eda\u00bb orientada a trascender el dilema entre fenomenolog\u00eda y metaf\u00edsica. La investigaci\u00f3n actual busca articular \u00abmetaxolog\u00eda\u00bb y ontolog\u00eda trinitaria para desarrollar una nueva onto-fenomenolog\u00eda y renovar nuestra comprensi\u00f3n de la \u00abpolaridad\u00bb entre filosof\u00eda y teolog\u00eda. <\/p>\n\n\n\n<p id=\"block-5SRTM7VMc6\" class=\"wp-block-nectar-blocks-text nectar-blocks-text\">Ha sido profesor en el Seminario de Ars (1990-2006), experto para AVEPRO (2009-2024) y miembro del cuerpo acad\u00e9mico de la Academia Cat\u00f3lica de Francia desde 2016.<\/p>\n\n\n\n<div class=\"wp-block-nectar-blocks-accordion nectar-blocks-accordion\" data-starting-accordion=\"-1\" id=\"block-neCTkadqTz\"><div class=\"nectar-blocks-accordion__inner parent-block-neCTkadqTz\">\n<div class=\"wp-block-nectar-blocks-accordion-section nectar-block nectar-blocks-accordion-section\" id=\"block-gTb0hfO40M\"><button type=\"button\" class=\"nectar-blocks-accordion-section__title nectar-font-h4\"><span class=\"nectar-blocks-accordion-section__title__text\">Entre sus publicaciones<\/span><span class=\"nectar-blocks-accordion-section__title__indicator\"><svg role=\"none\" xmlns=\"http:\/\/www.w3.org\/2000\/svg\" class=\"default\" viewBox=\"0 0 14 14\"><line x1=\"7\" x2=\"7\" y2=\"14\" fill=\"none\" stroke=\"currentColor\" stroke-miterlimit=\"1\"><\/line><line y1=\"7\" x2=\"14\" y2=\"7\" fill=\"none\" stroke=\"currentColor\" stroke-miterlimit=\"1\"><\/line><\/svg><\/span><\/button><div class=\"nectar-blocks-accordion-section__content parent-block-block-gTb0hfO40M\">\n<p id=\"block-knnJpTWdEJ\" class=\"wp-block-nectar-blocks-text nectar-blocks-text\">&#8211; <em>Etre et Don. Simone Weil et la philosophie<\/em>, \u00abBiblioth\u00e8que philosophique de Louvain\u00bb n.\u00ba 57, Peeters, Lovaina-Par\u00eds, 2003<\/p>\n\n\n\n<p id=\"block-VmQOF6YTEa\" class=\"wp-block-nectar-blocks-text nectar-blocks-text\">&#8211; \u201cReworking Platonism : Simone Weil\u2019s Trinitarianism\u201d, in <em>The Christian Platonism of Simone Weil<\/em>, a cura di E. Jane Doering &#8211; Eric Springsted, University of Notre-Dame Press, 2004, p. 133-58<\/p>\n\n\n\n<p id=\"block-OqSRlERPEa\" class=\"wp-block-nectar-blocks-text nectar-blocks-text\">&#8211; <em>Blondel et la philosophie fran\u00e7aise. 1880-1950<\/em>, a cura di Emmanuel Gabellieri &#8211; Pierre de Cointet, Parole et Silence, Paris, 2007<\/p>\n\n\n\n<p id=\"block-Uyd7M7KMpT\" class=\"wp-block-nectar-blocks-text nectar-blocks-text\">&#8211; \u00abStructure et vocation trinitaire de la personne chez Edith Stein\u00bb, in <em>La Personne en d\u00e9bat <\/em>, a cura di Denis Borel &#8211; Jean-Gabriel Goupil de Bouill\u00e9, Parole et Silence, 2008, p.137-52<\/p>\n\n\n\n<p id=\"block-63vcyg03AI\" class=\"wp-block-nectar-blocks-text nectar-blocks-text\">&#8211; <em>Verbum et Donum. Principes d&#8217;ontologie trinitaire, de Bonaventure \u00e0 Blondel et Simone Weil<\/em>, in \u00abDoctor Seraphicus\u00bb n\u00b064, Bagnoregio, 2016, pp.9-22<\/p>\n\n\n\n<p id=\"block-QO7Pvv7SiT\" class=\"wp-block-nectar-blocks-text nectar-blocks-text\">&#8211; Le ph\u00e9nom\u00e8ne et l&#8217;entre-deux. Pour une metaxologie, Hermann, 2019<\/p>\n\n\n\n<p id=\"block-BK2UsbkIMf\" class=\"wp-block-nectar-blocks-text nectar-blocks-text\">&#8211; \u00abVie, Monde et Trinit\u00e9 chez Michel Henry\u00bb, in <em>150 ans de Th\u00e9ologie dans l\u2019Eglise. Jubil\u00e9 de la NRT, 1869-2019<\/em>, a cura di A. Massie, NRT-Fremur Editions, Ch\u00e2teauneuf \/Charente, 2020, p. 225-41<\/p>\n\n\n\n<p id=\"block-JxqWDU0krZ\" class=\"wp-block-nectar-blocks-text nectar-blocks-text\">&#8211; <em>Etre et Gr\u00e2ce. S. Weil et le christianisme<\/em>, Cerf, Coll. \u201cPhilosophie et th\u00e9ologie\u201d, 2023 <\/p>\n\n\n\n<p id=\"block-NfwpUjH9eE\" class=\"wp-block-nectar-blocks-text nectar-blocks-text\">&#8211; <em>Between Metaphysics and Phenomenology: Metaxology in S. Weil, M. Blondel, and W. Desmond<\/em>, \u00abIrish Theological Quaterly\u00bb, Vol.89, n\u00b03, ao\u00fbt 2024: <em>L\u2019avenir de la th\u00e9ologie syst\u00e9matique<\/em>, p. 245-258<\/p>\n\n\n\n<p id=\"block-bwBmxwfwBz\" class=\"wp-block-nectar-blocks-text nectar-blocks-text\">&#8211; \u00ab\u2018Interaction\u2019 et \u2018circularit\u00e9\u2019 entre raison et foi. Du \u2018duplex ordo\u2019 \u00e0 une relation de polarit\u00e9?\u00bb, in <em>La R\u00e9v\u00e9lation aujourd\u2019hui. Foi et raison en dialogue<\/em>, a cura di Camille de Belloy &#8211; Gonzague de Longcamp, Cerf\/Patrimoines, 2025, pp.123-51<br\/><\/p>\n<\/div><\/div>\n<\/div><\/div>\n<\/div><\/div><\/div>\n<\/div>\n\n<p id=\"block-Sf3WWEc4yN\" class=\"wp-block-nectar-blocks-text nectar-blocks-text\"><\/p>\n","protected":false},"excerpt":{"rendered":"","protected":false},"author":8,"featured_media":5185,"parent":5300,"menu_order":0,"comment_status":"closed","ping_status":"closed","template":"","meta":{"_nectar_blocks_hide_post_title":true,"_nectar_blocks_transparent_header_effect":false,"_nectar_blocks_transparent_header_effect_color":"light","_nectar_blocks_header_animation":false,"_nectar_blocks_header_animation_delay":0,"_nectar_blocks_header_animation_effect":"fade","_nectar_blocks_page_css":"","_nectar_blocks_page_js":"","footnotes":""},"class_list":["post-5236","page","type-page","status-publish","has-post-thumbnail"],"yoast_head":"<!-- This site is optimized with the Yoast SEO plugin v27.2 - https:\/\/yoast.com\/product\/yoast-seo-wordpress\/ -->\n<title>Emmanuel Gabellieri - Ontologia Trinitaria<\/title>\n<meta name=\"robots\" content=\"index, follow, max-snippet:-1, max-image-preview:large, max-video-preview:-1\" \/>\n<link rel=\"canonical\" href=\"https:\/\/ontologiatrinitaria.org\/es\/quienes-somos\/francia\/emmanuel-gabellieri\/\" \/>\n<meta property=\"og:locale\" content=\"es_ES\" \/>\n<meta property=\"og:type\" content=\"article\" \/>\n<meta property=\"og:title\" content=\"Emmanuel Gabellieri - Ontologia Trinitaria\" \/>\n<meta property=\"og:url\" content=\"https:\/\/ontologiatrinitaria.org\/es\/quienes-somos\/francia\/emmanuel-gabellieri\/\" \/>\n<meta property=\"og:site_name\" content=\"Ontologia Trinitaria\" \/>\n<meta property=\"article:publisher\" content=\"https:\/\/www.facebook.com\/ontologiatrinitaria\" \/>\n<meta property=\"article:modified_time\" content=\"2026-03-30T07:15:59+00:00\" \/>\n<meta property=\"og:image\" content=\"https:\/\/ontologiatrinitaria.org\/wp-content\/uploads\/2026\/03\/gabellieri_LD.jpg\" \/>\n\t<meta property=\"og:image:width\" content=\"1536\" \/>\n\t<meta property=\"og:image:height\" content=\"1536\" \/>\n\t<meta property=\"og:image:type\" content=\"image\/jpeg\" \/>\n<meta name=\"twitter:card\" content=\"summary_large_image\" \/>\n<meta name=\"twitter:label1\" content=\"Tiempo de lectura\" \/>\n\t<meta name=\"twitter:data1\" content=\"3 minutos\" \/>\n<script type=\"application\/ld+json\" class=\"yoast-schema-graph\">{\"@context\":\"https:\/\/schema.org\",\"@graph\":[{\"@type\":\"WebPage\",\"@id\":\"https:\/\/ontologiatrinitaria.org\/es\/quienes-somos\/francia\/emmanuel-gabellieri\/\",\"url\":\"https:\/\/ontologiatrinitaria.org\/es\/quienes-somos\/francia\/emmanuel-gabellieri\/\",\"name\":\"Emmanuel Gabellieri - Ontologia Trinitaria\",\"isPartOf\":{\"@id\":\"https:\/\/ontologiatrinitaria.org\/es\/#website\"},\"primaryImageOfPage\":{\"@id\":\"https:\/\/ontologiatrinitaria.org\/es\/quienes-somos\/francia\/emmanuel-gabellieri\/#primaryimage\"},\"image\":{\"@id\":\"https:\/\/ontologiatrinitaria.org\/es\/quienes-somos\/francia\/emmanuel-gabellieri\/#primaryimage\"},\"thumbnailUrl\":\"https:\/\/ontologiatrinitaria.org\/wp-content\/uploads\/2026\/03\/gabellieri_LD.jpg\",\"datePublished\":\"2026-03-05T15:19:30+00:00\",\"dateModified\":\"2026-03-30T07:15:59+00:00\",\"breadcrumb\":{\"@id\":\"https:\/\/ontologiatrinitaria.org\/es\/quienes-somos\/francia\/emmanuel-gabellieri\/#breadcrumb\"},\"inLanguage\":\"es\",\"potentialAction\":[{\"@type\":\"ReadAction\",\"target\":[\"https:\/\/ontologiatrinitaria.org\/es\/quienes-somos\/francia\/emmanuel-gabellieri\/\"]}]},{\"@type\":\"ImageObject\",\"inLanguage\":\"es\",\"@id\":\"https:\/\/ontologiatrinitaria.org\/es\/quienes-somos\/francia\/emmanuel-gabellieri\/#primaryimage\",\"url\":\"https:\/\/ontologiatrinitaria.org\/wp-content\/uploads\/2026\/03\/gabellieri_LD.jpg\",\"contentUrl\":\"https:\/\/ontologiatrinitaria.org\/wp-content\/uploads\/2026\/03\/gabellieri_LD.jpg\",\"width\":1536,\"height\":1536},{\"@type\":\"BreadcrumbList\",\"@id\":\"https:\/\/ontologiatrinitaria.org\/es\/quienes-somos\/francia\/emmanuel-gabellieri\/#breadcrumb\",\"itemListElement\":[{\"@type\":\"ListItem\",\"position\":1,\"name\":\"Home\",\"item\":\"https:\/\/ontologiatrinitaria.org\/es\/\"},{\"@type\":\"ListItem\",\"position\":2,\"name\":\"Qui\u00e9nes somos\",\"item\":\"https:\/\/ontologiatrinitaria.org\/es\/quienes-somos\/\"},{\"@type\":\"ListItem\",\"position\":3,\"name\":\"Francia\",\"item\":\"https:\/\/ontologiatrinitaria.org\/es\/quienes-somos\/francia\/\"},{\"@type\":\"ListItem\",\"position\":4,\"name\":\"Emmanuel Gabellieri\"}]},{\"@type\":\"WebSite\",\"@id\":\"https:\/\/ontologiatrinitaria.org\/es\/#website\",\"url\":\"https:\/\/ontologiatrinitaria.org\/es\/\",\"name\":\"Ontologia Trinitaria\",\"description\":\"Itinerari e ricerche\",\"publisher\":{\"@id\":\"https:\/\/ontologiatrinitaria.org\/es\/#organization\"},\"potentialAction\":[{\"@type\":\"SearchAction\",\"target\":{\"@type\":\"EntryPoint\",\"urlTemplate\":\"https:\/\/ontologiatrinitaria.org\/es\/?s={search_term_string}\"},\"query-input\":{\"@type\":\"PropertyValueSpecification\",\"valueRequired\":true,\"valueName\":\"search_term_string\"}}],\"inLanguage\":\"es\"},{\"@type\":\"Organization\",\"@id\":\"https:\/\/ontologiatrinitaria.org\/es\/#organization\",\"name\":\"Ontologia Trinitaria\",\"url\":\"https:\/\/ontologiatrinitaria.org\/es\/\",\"logo\":{\"@type\":\"ImageObject\",\"inLanguage\":\"es\",\"@id\":\"https:\/\/ontologiatrinitaria.org\/es\/#\/schema\/logo\/image\/\",\"url\":\"https:\/\/ontologiatrinitaria.org\/wp-content\/uploads\/2025\/06\/logo_colore2.png\",\"contentUrl\":\"https:\/\/ontologiatrinitaria.org\/wp-content\/uploads\/2025\/06\/logo_colore2.png\",\"width\":402,\"height\":169,\"caption\":\"Ontologia Trinitaria\"},\"image\":{\"@id\":\"https:\/\/ontologiatrinitaria.org\/es\/#\/schema\/logo\/image\/\"},\"sameAs\":[\"https:\/\/www.facebook.com\/ontologiatrinitaria\",\"https:\/\/www.instagram.com\/ontologiatrinitaria\/\"]}]}<\/script>\n<!-- \/ Yoast SEO plugin. -->","yoast_head_json":{"title":"Emmanuel Gabellieri - Ontologia Trinitaria","robots":{"index":"index","follow":"follow","max-snippet":"max-snippet:-1","max-image-preview":"max-image-preview:large","max-video-preview":"max-video-preview:-1"},"canonical":"https:\/\/ontologiatrinitaria.org\/es\/quienes-somos\/francia\/emmanuel-gabellieri\/","og_locale":"es_ES","og_type":"article","og_title":"Emmanuel Gabellieri - Ontologia Trinitaria","og_url":"https:\/\/ontologiatrinitaria.org\/es\/quienes-somos\/francia\/emmanuel-gabellieri\/","og_site_name":"Ontologia Trinitaria","article_publisher":"https:\/\/www.facebook.com\/ontologiatrinitaria","article_modified_time":"2026-03-30T07:15:59+00:00","og_image":[{"width":1536,"height":1536,"url":"https:\/\/ontologiatrinitaria.org\/wp-content\/uploads\/2026\/03\/gabellieri_LD.jpg","type":"image\/jpeg"}],"twitter_card":"summary_large_image","twitter_misc":{"Tiempo de lectura":"3 minutos"},"schema":{"@context":"https:\/\/schema.org","@graph":[{"@type":"WebPage","@id":"https:\/\/ontologiatrinitaria.org\/es\/quienes-somos\/francia\/emmanuel-gabellieri\/","url":"https:\/\/ontologiatrinitaria.org\/es\/quienes-somos\/francia\/emmanuel-gabellieri\/","name":"Emmanuel Gabellieri - Ontologia Trinitaria","isPartOf":{"@id":"https:\/\/ontologiatrinitaria.org\/es\/#website"},"primaryImageOfPage":{"@id":"https:\/\/ontologiatrinitaria.org\/es\/quienes-somos\/francia\/emmanuel-gabellieri\/#primaryimage"},"image":{"@id":"https:\/\/ontologiatrinitaria.org\/es\/quienes-somos\/francia\/emmanuel-gabellieri\/#primaryimage"},"thumbnailUrl":"https:\/\/ontologiatrinitaria.org\/wp-content\/uploads\/2026\/03\/gabellieri_LD.jpg","datePublished":"2026-03-05T15:19:30+00:00","dateModified":"2026-03-30T07:15:59+00:00","breadcrumb":{"@id":"https:\/\/ontologiatrinitaria.org\/es\/quienes-somos\/francia\/emmanuel-gabellieri\/#breadcrumb"},"inLanguage":"es","potentialAction":[{"@type":"ReadAction","target":["https:\/\/ontologiatrinitaria.org\/es\/quienes-somos\/francia\/emmanuel-gabellieri\/"]}]},{"@type":"ImageObject","inLanguage":"es","@id":"https:\/\/ontologiatrinitaria.org\/es\/quienes-somos\/francia\/emmanuel-gabellieri\/#primaryimage","url":"https:\/\/ontologiatrinitaria.org\/wp-content\/uploads\/2026\/03\/gabellieri_LD.jpg","contentUrl":"https:\/\/ontologiatrinitaria.org\/wp-content\/uploads\/2026\/03\/gabellieri_LD.jpg","width":1536,"height":1536},{"@type":"BreadcrumbList","@id":"https:\/\/ontologiatrinitaria.org\/es\/quienes-somos\/francia\/emmanuel-gabellieri\/#breadcrumb","itemListElement":[{"@type":"ListItem","position":1,"name":"Home","item":"https:\/\/ontologiatrinitaria.org\/es\/"},{"@type":"ListItem","position":2,"name":"Qui\u00e9nes somos","item":"https:\/\/ontologiatrinitaria.org\/es\/quienes-somos\/"},{"@type":"ListItem","position":3,"name":"Francia","item":"https:\/\/ontologiatrinitaria.org\/es\/quienes-somos\/francia\/"},{"@type":"ListItem","position":4,"name":"Emmanuel Gabellieri"}]},{"@type":"WebSite","@id":"https:\/\/ontologiatrinitaria.org\/es\/#website","url":"https:\/\/ontologiatrinitaria.org\/es\/","name":"Ontologia Trinitaria","description":"Itinerari e ricerche","publisher":{"@id":"https:\/\/ontologiatrinitaria.org\/es\/#organization"},"potentialAction":[{"@type":"SearchAction","target":{"@type":"EntryPoint","urlTemplate":"https:\/\/ontologiatrinitaria.org\/es\/?s={search_term_string}"},"query-input":{"@type":"PropertyValueSpecification","valueRequired":true,"valueName":"search_term_string"}}],"inLanguage":"es"},{"@type":"Organization","@id":"https:\/\/ontologiatrinitaria.org\/es\/#organization","name":"Ontologia Trinitaria","url":"https:\/\/ontologiatrinitaria.org\/es\/","logo":{"@type":"ImageObject","inLanguage":"es","@id":"https:\/\/ontologiatrinitaria.org\/es\/#\/schema\/logo\/image\/","url":"https:\/\/ontologiatrinitaria.org\/wp-content\/uploads\/2025\/06\/logo_colore2.png","contentUrl":"https:\/\/ontologiatrinitaria.org\/wp-content\/uploads\/2025\/06\/logo_colore2.png","width":402,"height":169,"caption":"Ontologia Trinitaria"},"image":{"@id":"https:\/\/ontologiatrinitaria.org\/es\/#\/schema\/logo\/image\/"},"sameAs":["https:\/\/www.facebook.com\/ontologiatrinitaria","https:\/\/www.instagram.com\/ontologiatrinitaria\/"]}]}},"_links":{"self":[{"href":"https:\/\/ontologiatrinitaria.org\/es\/wp-json\/wp\/v2\/pages\/5236","targetHints":{"allow":["GET"]}}],"collection":[{"href":"https:\/\/ontologiatrinitaria.org\/es\/wp-json\/wp\/v2\/pages"}],"about":[{"href":"https:\/\/ontologiatrinitaria.org\/es\/wp-json\/wp\/v2\/types\/page"}],"author":[{"embeddable":true,"href":"https:\/\/ontologiatrinitaria.org\/es\/wp-json\/wp\/v2\/users\/8"}],"replies":[{"embeddable":true,"href":"https:\/\/ontologiatrinitaria.org\/es\/wp-json\/wp\/v2\/comments?post=5236"}],"version-history":[{"count":4,"href":"https:\/\/ontologiatrinitaria.org\/es\/wp-json\/wp\/v2\/pages\/5236\/revisions"}],"predecessor-version":[{"id":5751,"href":"https:\/\/ontologiatrinitaria.org\/es\/wp-json\/wp\/v2\/pages\/5236\/revisions\/5751"}],"up":[{"embeddable":true,"href":"https:\/\/ontologiatrinitaria.org\/es\/wp-json\/wp\/v2\/pages\/5300"}],"wp:featuredmedia":[{"embeddable":true,"href":"https:\/\/ontologiatrinitaria.org\/es\/wp-json\/wp\/v2\/media\/5185"}],"wp:attachment":[{"href":"https:\/\/ontologiatrinitaria.org\/es\/wp-json\/wp\/v2\/media?parent=5236"}],"curies":[{"name":"wp","href":"https:\/\/api.w.org\/{rel}","templated":true}]}}