{"id":5242,"date":"2025-05-26T14:21:21","date_gmt":"2025-05-26T14:21:21","guid":{"rendered":"https:\/\/ontologiatrinitaria.org\/italia\/massimo-dona\/"},"modified":"2026-03-28T18:39:53","modified_gmt":"2026-03-28T18:39:53","slug":"massimo-dona","status":"publish","type":"page","link":"https:\/\/ontologiatrinitaria.org\/es\/quienes-somos\/italia\/massimo-dona\/","title":{"rendered":"Massimo Don\u00e0"},"content":{"rendered":"\n<p><\/p>\n\n<div class=\"wp-block-nectar-blocks-row alignfull nectar-block nectar-blocks-row nectar-blocks-row__inner nectar-blocks-row__wrapper parent-block-block-vToenX3EaI\" id=\"block-vToenX3EaI\">\n<div class=\"wp-block-nectar-blocks-column nectar-blocks-column nectar-block\" id=\"block-vfiJEFX6U4\"><div class=\"nectar-blocks-column__inner nectar-blocks-column__content-wrap parent-block-block-vfiJEFX6U4 nectar-blocks-column__wrapper\"><div class=\"yoast-breadcrumbs ticss-0c0395b4\"><span><span><a href=\"https:\/\/ontologiatrinitaria.org\/es\/\">Home<\/a><\/span> \/ <span><a href=\"https:\/\/ontologiatrinitaria.org\/es\/quienes-somos\/\">Qui\u00e9nes somos<\/a><\/span> \/ <span><a href=\"https:\/\/ontologiatrinitaria.org\/es\/quienes-somos\/italia\/\">Italia<\/a><\/span> \/ <span class=\"breadcrumb_last\" aria-current=\"page\"><strong>Massimo Don\u00e0<\/strong><\/span><\/span><\/div><\/div><\/div>\n<\/div>\n\n<div class=\"wp-block-nectar-blocks-row alignfull nectar-block nectar-blocks-row nectar-blocks-row__inner nectar-blocks-row__wrapper parent-block-block-rLhr34Jqmi\" id=\"block-rLhr34Jqmi\">\n<div class=\"wp-block-nectar-blocks-column nectar-blocks-column nectar-block\" id=\"block-1CNFZk0QPg\"><div class=\"nectar-blocks-column__wrapper parent-block-block-1CNFZk0QPg\"><div class=\"nectar-blocks-column__inner nectar-blocks-column__content-wrap parent-block-block-1CNFZk0QPg\">\n<div class=\"wp-block-nectar-blocks-flex-box nectar-block nectar-blocks-flex-box nectar-blocks-flex-box__inner nectar-blocks-flex-box__wrapper parent-block-block-r8nKsbr11D\" id=\"block-r8nKsbr11D\">\n<div class=\"wp-block-nectar-blocks-image nectar-blocks-image\" id=\"block-zxncjviiGs\"><div class=\"nectar-blocks-image__inner\"><img loading=\"lazy\" decoding=\"async\" width=\"1500\" height=\"1039\" class=\"wp-image-2902 nectar-aspect-ratio--1-1 nectar-aspect-ratio\" src=\"https:\/\/ontologiatrinitaria.org\/wp-content\/uploads\/2025\/06\/LD_dona_massimo.jpg\" alt=\"\" title=\"LD_dona_massimo\" srcset=\"https:\/\/ontologiatrinitaria.org\/wp-content\/uploads\/2025\/06\/LD_dona_massimo.jpg 1500w, https:\/\/ontologiatrinitaria.org\/wp-content\/uploads\/2025\/06\/LD_dona_massimo-300x208.jpg 300w, https:\/\/ontologiatrinitaria.org\/wp-content\/uploads\/2025\/06\/LD_dona_massimo-1024x709.jpg 1024w, https:\/\/ontologiatrinitaria.org\/wp-content\/uploads\/2025\/06\/LD_dona_massimo-768x532.jpg 768w\" sizes=\"auto, (max-width: 1500px) 100vw, 1500px\" \/><\/div><\/div>\n<\/div>\n<\/div><\/div><\/div>\n\n\n\n<div class=\"wp-block-nectar-blocks-column nectar-blocks-column nectar-block\" id=\"block-BblWsvAMJO\"><div class=\"nectar-blocks-column__wrapper parent-block-block-BblWsvAMJO\"><div class=\"nectar-blocks-column__inner nectar-blocks-column__content-wrap parent-block-block-BblWsvAMJO\">\n<p id=\"block-O7eOxXrkDM\" class=\"wp-block-nectar-blocks-text nectar-blocks-text nectar-font-h1\">Massimo Don\u00e0<\/p>\n\n\n\n<div class=\"wp-block-nectar-blocks-button nectar-blocks-button nectar-font-label\" id=\"block-MwilpZtfQP\"><a href=\"mailto:dona.massimo@unisr.it\" class=\"nectar__link nectar-blocks-button__inner\"><span class=\"nectar-blocks-button__text\">dona.massimo@unisr.it<\/span><span class=\"nectar-component__icon icon-source--remix\"><svg role=\"none\" viewbox=\"0 0 24 24\" fill=\"currentColor\" xmlns=\"http:\/\/www.w3.org\/2000\/svg\"><path d=\"M3 3H21C21.5523 3 22 3.44772 22 4V20C22 20.5523 21.5523 21 21 21H3C2.44772 21 2 20.5523 2 20V4C2 3.44772 2.44772 3 3 3ZM20 7.23792L12.0718 14.338L4 7.21594V19H20V7.23792ZM4.51146 5L12.0619 11.662L19.501 5H4.51146Z\"><\/path><\/svg><\/span><\/a><\/div>\n\n\n\n<p id=\"block-rkfziSj7x3\" class=\"wp-block-nectar-blocks-text nectar-blocks-text nectar-font-body\">Tras licenciarse en 1981 con Emanuele Severino en la Facultad de Letras y Filosof\u00eda de la Universidad de Venecia, comienza a publicar diversos ensayos en revistas y vol\u00famenes colectivos, participando, a lo largo de los a\u00f1os 80, en diversos congresos y seminarios en diferentes ciudades italianas. <\/p>\n\n\n\n<p id=\"block-HsaH1AkYw4\" class=\"wp-block-nectar-blocks-text nectar-blocks-text nectar-font-body\">A partir de finales de los a\u00f1os 80, colabora con Massimo Cacciari en la C\u00e1tedra de Est\u00e9tica del IUAV (Venecia) y coordina durante algunos a\u00f1os los seminarios del Instituto Italiano para los Estudios Filos\u00f3ficos de Venecia. Tambi\u00e9n a partir de finales de los a\u00f1os 80, inicia su colaboraci\u00f3n con la revista de arquitectura Anfione-Zeto, de la cual dirige todav\u00eda hoy la secci\u00f3n Theorein.  <\/p>\n\n\n\n<p id=\"block-HIqE3Rsxph\" class=\"wp-block-nectar-blocks-text nectar-blocks-text nectar-font-body\">En esos mismos a\u00f1os, funda, con Massimo Cacciari y Romano Gasparotti, la revista Paradosso. En los a\u00f1os 90, en cambio, ense\u00f1a Est\u00e9tica en la Academia de Bellas Artes de Venecia; hasta que se convierte en Catedr\u00e1tico de Filosof\u00eda Te\u00f3rica en la Facultad de Filosof\u00eda de la Universidad Vita-Salute del San Raffaele de Mil\u00e1n. Es adem\u00e1s editor, con Romano Gasparotti, de la obra p\u00f3stuma de Andrea Emo.   <\/p>\n\n\n\n<p id=\"block-l0lkRAMRp5\" class=\"wp-block-nectar-blocks-text nectar-blocks-text nectar-font-body\">Ha escrito diversos ensayos y art\u00edculos para revistas, semanarios y diarios de diversa \u00edndole. Su vasta producci\u00f3n cient\u00edfica se centra en los temas de la ontolog\u00eda, la est\u00e9tica y la filosof\u00eda de la m\u00fasica. <\/p>\n\n\n\n<div class=\"wp-block-nectar-blocks-accordion nectar-blocks-accordion\" data-starting-accordion=\"-1\" id=\"block-XF7U7R1tg5\"><div class=\"nectar-blocks-accordion__inner parent-block-XF7U7R1tg5\">\n<div class=\"wp-block-nectar-blocks-accordion-section nectar-block nectar-blocks-accordion-section\" id=\"block-zNlpIyWQkh\"><button type=\"button\" class=\"nectar-blocks-accordion-section__title nectar-font-h4\"><span class=\"nectar-blocks-accordion-section__title__text\">Publicaciones<\/span><span class=\"nectar-blocks-accordion-section__title__indicator\"><svg role=\"none\" xmlns=\"http:\/\/www.w3.org\/2000\/svg\" class=\"default\" viewBox=\"0 0 14 14\"><line x1=\"7\" x2=\"7\" y2=\"14\" fill=\"none\" stroke=\"currentColor\" stroke-miterlimit=\"1\"><\/line><line y1=\"7\" x2=\"14\" y2=\"7\" fill=\"none\" stroke=\"currentColor\" stroke-miterlimit=\"1\"><\/line><\/svg><\/span><\/button><div class=\"nectar-blocks-accordion-section__content parent-block-block-zNlpIyWQkh\">\n<p id=\"block-UiEDdwgE9a\" class=\"wp-block-nectar-blocks-text nectar-blocks-text\"><em>\u2013<\/em> <em>Filosof\u00eda de la fotograf\u00eda. Los prodigios de un insospechable \u00abobjetivo\u00bb<\/em>, Silvana Editoriale, Cinisello Balsamo (Mil\u00e1n) 2025.<\/p>\n\n\n\n<p id=\"block-N08OdCYTS8\" class=\"wp-block-nectar-blocks-text nectar-blocks-text\"><em>\u2013<\/em> <em>Una certa idea dell&#8217;idea<\/em>, Inschibboleth, Roma 2025.<\/p>\n\n\n\n<p id=\"block-OR3BnNtEnh\" class=\"wp-block-nectar-blocks-text nectar-blocks-text\"><em>\u2013<\/em> <em>La filosofia di Lucio Battisti<\/em>, Mimesis, Mil\u00e1n-Udine 2025.<\/p>\n\n\n\n<p id=\"block-9JyQ8PiMaM\" class=\"wp-block-nectar-blocks-text nectar-blocks-text\"><em>\u2013<\/em> <em>\u00c8 un enigma, questo. La filosofia di Moby Dick<\/em>, ETS Edizioni, Pisa 2024.<\/p>\n\n\n\n<p id=\"block-4ZCr8s6Ob0\" class=\"wp-block-nectar-blocks-text nectar-blocks-text\"><em>\u2013<\/em> <em>Tre donne, tre misteri. Tiziano Vecellio e le aporie della perfezione<\/em>, Mimesis, Mil\u00e1n-Udine 2024.<\/p>\n\n\n\n<p id=\"block-oKPJ6ZRCIJ\" class=\"wp-block-nectar-blocks-text nectar-blocks-text\"><em>\u2013<\/em> <em>Lo que no queda, de Dios. Con Jean-Luc Marion, en la proximidad de un \u00abimpensable\u00bb m\u00e1s all\u00e1<\/em>, Inschibboleth, Roma 2024.<\/p>\n\n\n\n<p id=\"block-209TTDYUqu\" class=\"wp-block-nectar-blocks-text nectar-blocks-text\"><em>\u2013<\/em> <em>Di fantasmi, incantesimi e destino. Emanuele Severino, ultimo calligrafo della verit\u00e0<\/em>, Inschibboleth, Mil\u00e1n 2023<br\/><\/p>\n\n\n\n<p id=\"block-dzkjYNla0O\" class=\"wp-block-nectar-blocks-text nectar-blocks-text\">\u2013 La filosofia dei Rolling Stones, Mimesis, Mil\u00e1n 2023<br\/><\/p>\n\n\n\n<p id=\"block-W38NI7JURC\" class=\"wp-block-nectar-blocks-text nectar-blocks-text\">\u2013 <em>Filosofia della carta<\/em>, Baldini &amp; Castoldi, Mil\u00e1n 2022<br\/><\/p>\n\n\n\n<p id=\"block-RjFaD3AtDp\" class=\"wp-block-nectar-blocks-text nectar-blocks-text\">\u2013 <em>La filosofia di J.W.Goethe<\/em>, Bompiani, Mil\u00e1n 2022<br\/><\/p>\n\n\n\n<p id=\"block-qXEkzXezWa\" class=\"wp-block-nectar-blocks-text nectar-blocks-text\">\u2013 <em>Sapere il sapore. Filosofia del cibo e del vino<\/em>, Pisa 2021<br\/><\/p>\n\n\n\n<p id=\"block-x9sOlSTG4n\" class=\"wp-block-nectar-blocks-text nectar-blocks-text\">\u2013 <em>Cinematocrazia<\/em>, Mimesis, Mil\u00e1n 2021.<br\/><\/p>\n\n\n\n<p id=\"block-T60T4TQcZA\" class=\"wp-block-nectar-blocks-text nectar-blocks-text\">\u2013 <em>Apologia dell&#8217;immediato. Percorsi evoliani<\/em>, Inschibboleth, Roma 2020.<br\/><\/p>\n\n\n\n<p id=\"block-fr2WS2vOtG\" class=\"wp-block-nectar-blocks-text nectar-blocks-text\">\u2013 <em>L&#8217;irripetibile. Il paradosso di Dada<\/em>, Castelvecchi, Roma 2020.<br\/><\/p>\n\n\n\n<p id=\"block-SFCzgE0ZTD\" class=\"wp-block-nectar-blocks-text nectar-blocks-text\">\u2013 <em>Di qua, di l\u00e0. Ariosto e la filosofia dell&#8217;Orlando furioso<\/em>, La nave di Teseo, Mil\u00e1n 2020.<br\/><\/p>\n\n\n\n<p id=\"block-S2vqcykCDZ\" class=\"wp-block-nectar-blocks-text nectar-blocks-text\">\u2013 <em>De una enga\u00f1osa belleza. Las \u00abcosas\u00bb del arte<\/em>, Bompiani, Mil\u00e1n 2018.<br\/><\/p>\n\n\n\n<p id=\"block-srKzDQi6gD\" class=\"wp-block-nectar-blocks-text nectar-blocks-text\">\u2013 <em>In Principio. Philosophia sive Theologia. Meditazioni teologiche e trinitarie<\/em>, Mimesis, Mil\u00e1n 2017.<br\/><\/p>\n\n\n\n<p id=\"block-B2vqvVVvDO\" class=\"wp-block-nectar-blocks-text nectar-blocks-text\">\u2013 <em>Teomorfica. Sistema di estetica<\/em>, Bompiani, Mil\u00e1n 2015.<br\/><\/p>\n\n\n\n<p id=\"block-VrHLay9ten\" class=\"wp-block-nectar-blocks-text nectar-blocks-text\">\u2013 <em>Filosofia dell&#8217;errore<\/em>, Bompiani, Mil\u00e1n 2012.<br\/><\/p>\n\n\n\n<p id=\"block-Gs6yYQFJ5E\" class=\"wp-block-nectar-blocks-text nectar-blocks-text\">\u2013 <em>Il tempo della verit\u00e0<\/em>, Mimesis, Mil\u00e1n 2010.<br\/><\/p>\n\n\n\n<p id=\"block-AXD8DshoaX\" class=\"wp-block-nectar-blocks-text nectar-blocks-text\">\u2013 <em>Sapere il sapore. Filosofia del cibo e del vino<\/em>, ETS, Pisa 2021.<br\/><\/p>\n\n\n\n<p id=\"block-mvBZMIrOBZ\" class=\"wp-block-nectar-blocks-text nectar-blocks-text\">\u2013 <em>Una sola visione. La filosofia di Johann Wolfgang Goethe,<\/em> Bompiani, Mil\u00e1n 2022.<br\/><\/p>\n\n\n\n<p id=\"block-DoKQN3VDDF\" class=\"wp-block-nectar-blocks-text nectar-blocks-text\">\u2013 <em>As Incomprehensible As Stone. In Giddy Proximity: Andrea Emo and Anselm Kiefer<\/em>, en Anselm Kiefer, \u00abPalazzo Ducale. Venecia\u00bb (\u00abEstos escritos, cuando sean quemados, dar\u00e1n finalmente un poco de luz\u00bb, Andrea Emo), Marsilio Arte, Venecia 2022<br\/><\/p>\n\n\n\n<p id=\"block-BT0aGCgodU\" class=\"wp-block-nectar-blocks-text nectar-blocks-text\">\u2013 <em>Filosofia della carta<\/em>, Baldini+Castoldi, Mil\u00e1n 2022.<br\/><em>Ph\u00e9nom\u00e9nologies de l&#8217;abstraction. Kandinsky, Mal\u00e9vitch, Solulages<\/em>, (avec Andrea Bellantone), Hermann \u00c9diteurs, Par\u00eds 2022<br\/><em>Desde un abismo insondable. El \u00abgrito\u00bb del arte<\/em>, en \u00abDDOT\u00bb, n.\u00ba 4, \u00abEl grito_Palabras\/2. El arte, la cosm\u00f3polis, el crucifijo\u00bb, Citt\u00e0 Nuova, Roma 2022. <br\/><\/p>\n\n\n\n<p id=\"block-FWb6mAQVZn\" class=\"wp-block-nectar-blocks-text nectar-blocks-text\">\u2013 <em>Lecciones de metaf\u00edsica<\/em>, en \u00abItinerari cartesiani\u00bb, edici\u00f3n de Alberto De Vita, Orthotes Editrice, N\u00e1poles-Salerno 2022.<br\/><\/p>\n\n\n\n<p id=\"block-jB8h9n7B03\" class=\"wp-block-nectar-blocks-text nectar-blocks-text\">\u2013 <em>Di fantasmi, incantesimi e destino. Emanuele Severino, ultimo calligrafo della verit\u00e0<\/em>, Inschibboleth, Roma 2023.<br\/><\/p>\n\n\n\n<p id=\"block-HoT2no0rPy\" class=\"wp-block-nectar-blocks-text nectar-blocks-text\">\u2013 <em>La filosofia dei Rolling Stones<\/em>, Mimesis, Mil\u00e1n-Udine 2023.<br\/><\/p>\n\n\n\n<p id=\"block-iVgyV4RIep\" class=\"wp-block-nectar-blocks-text nectar-blocks-text\">\u2013 <em>Vino y verdadera realidad. Los dibujos de la fantas\u00eda, entre ligereza y movilidad<\/em>, en \u00abTEORIA\u00bb (Comida y filosof\u00eda), XLII\/2022 (Tercera serie XVII\/I), Edizioni ETS, Pisa 2023.<br\/><\/p>\n\n\n\n<p id=\"block-e4wvMsv3zs\" class=\"wp-block-nectar-blocks-text nectar-blocks-text\">\u2013 <em>L&#8217;aporia del fondamento<\/em>, Mimesis, Mil\u00e1n 2008.<br\/><\/p>\n\n\n\n<p id=\"block-1trwXGDnpQ\" class=\"wp-block-nectar-blocks-text nectar-blocks-text\">\u2013 <em>Filosofia della musica<\/em>, Bompiani, Mil\u00e1n 2006.<br\/><\/p>\n\n\n\n<p id=\"block-wYjbwIgNqt\" class=\"wp-block-nectar-blocks-text nectar-blocks-text\">\u2013 <em>Sulla negazione<\/em>, Bompiani, Mil\u00e1n 2004.<br\/><\/p>\n\n\n\n<p id=\"block-KyGANrwnNy\" class=\"wp-block-nectar-blocks-text nectar-blocks-text\">\u2013 <em>Sull&#8217;assoluto. Per una reinterpretazione dell&#8217;idealismo hegeliano<\/em>, Einaudi, Tur\u00edn 1992.<\/p>\n<\/div><\/div>\n<\/div><\/div>\n\n\n\n<div class=\"wp-block-nectar-blocks-button nectar-blocks-button nectar-font-label\" id=\"block-fTu6acrNIt\"><a href=\"https:\/\/it.wikipedia.org\/wiki\/Massimo_Don%C3%A0\" target=\"_blank\" rel=\"noreferrer noopener\" class=\"nectar__link nectar-blocks-button__inner\"><span class=\"nectar-blocks-button__text\">Biobibliograf\u00eda completa<\/span><span class=\"nectar-component__icon icon-source--remix\"><svg role=\"none\" viewbox=\"0 0 24 24\" fill=\"currentColor\" xmlns=\"http:\/\/www.w3.org\/2000\/svg\"><path d=\"M16.1716 10.9999L10.8076 5.63589L12.2218 4.22168L20 11.9999L12.2218 19.778L10.8076 18.3638L16.1716 12.9999H4V10.9999H16.1716Z\"><\/path><\/svg><\/span><\/a><\/div>\n<\/div><\/div><\/div>\n<\/div>\n\n<p id=\"block-SrQsqI5v4Z\" class=\"wp-block-nectar-blocks-text nectar-blocks-text\"><\/p>\n\n<p id=\"block-H57HIxKTpR\" class=\"wp-block-nectar-blocks-text nectar-blocks-text\"><\/p>\n\n<p id=\"block-ZIy9gSNVCq\" class=\"wp-block-nectar-blocks-text nectar-blocks-text\"><\/p>\n","protected":false},"excerpt":{"rendered":"","protected":false},"author":8,"featured_media":5189,"parent":5238,"menu_order":0,"comment_status":"closed","ping_status":"closed","template":"","meta":{"_nectar_blocks_hide_post_title":true,"_nectar_blocks_transparent_header_effect":false,"_nectar_blocks_transparent_header_effect_color":"light","_nectar_blocks_header_animation":false,"_nectar_blocks_header_animation_delay":0,"_nectar_blocks_header_animation_effect":"fade","_nectar_blocks_page_css":"","_nectar_blocks_page_js":"","footnotes":""},"class_list":["post-5242","page","type-page","status-publish","has-post-thumbnail"],"yoast_head":"<!-- This site is optimized with the Yoast SEO plugin v27.2 - https:\/\/yoast.com\/product\/yoast-seo-wordpress\/ -->\n<title>Massimo Don\u00e0 - Ontologia Trinitaria<\/title>\n<meta name=\"robots\" content=\"index, follow, max-snippet:-1, max-image-preview:large, max-video-preview:-1\" \/>\n<link rel=\"canonical\" href=\"https:\/\/ontologiatrinitaria.org\/es\/quienes-somos\/italia\/massimo-dona\/\" \/>\n<meta property=\"og:locale\" content=\"es_ES\" \/>\n<meta property=\"og:type\" content=\"article\" \/>\n<meta property=\"og:title\" content=\"Massimo Don\u00e0 - Ontologia Trinitaria\" \/>\n<meta property=\"og:url\" content=\"https:\/\/ontologiatrinitaria.org\/es\/quienes-somos\/italia\/massimo-dona\/\" \/>\n<meta property=\"og:site_name\" content=\"Ontologia Trinitaria\" \/>\n<meta property=\"article:publisher\" content=\"https:\/\/www.facebook.com\/ontologiatrinitaria\" \/>\n<meta property=\"article:modified_time\" content=\"2026-03-28T18:39:53+00:00\" \/>\n<meta property=\"og:image\" content=\"https:\/\/ontologiatrinitaria.org\/wp-content\/uploads\/2025\/06\/LD_dona_massimo.jpg\" \/>\n\t<meta property=\"og:image:width\" content=\"1500\" \/>\n\t<meta property=\"og:image:height\" content=\"1039\" \/>\n\t<meta property=\"og:image:type\" content=\"image\/jpeg\" \/>\n<meta name=\"twitter:card\" content=\"summary_large_image\" \/>\n<meta name=\"twitter:label1\" content=\"Tiempo de lectura\" \/>\n\t<meta name=\"twitter:data1\" content=\"3 minutos\" \/>\n<script type=\"application\/ld+json\" class=\"yoast-schema-graph\">{\"@context\":\"https:\/\/schema.org\",\"@graph\":[{\"@type\":\"WebPage\",\"@id\":\"https:\/\/ontologiatrinitaria.org\/es\/quienes-somos\/italia\/massimo-dona\/\",\"url\":\"https:\/\/ontologiatrinitaria.org\/es\/quienes-somos\/italia\/massimo-dona\/\",\"name\":\"Massimo Don\u00e0 - Ontologia Trinitaria\",\"isPartOf\":{\"@id\":\"https:\/\/ontologiatrinitaria.org\/es\/#website\"},\"primaryImageOfPage\":{\"@id\":\"https:\/\/ontologiatrinitaria.org\/es\/quienes-somos\/italia\/massimo-dona\/#primaryimage\"},\"image\":{\"@id\":\"https:\/\/ontologiatrinitaria.org\/es\/quienes-somos\/italia\/massimo-dona\/#primaryimage\"},\"thumbnailUrl\":\"https:\/\/ontologiatrinitaria.org\/wp-content\/uploads\/2025\/06\/LD_dona_massimo.jpg\",\"datePublished\":\"2025-05-26T14:21:21+00:00\",\"dateModified\":\"2026-03-28T18:39:53+00:00\",\"breadcrumb\":{\"@id\":\"https:\/\/ontologiatrinitaria.org\/es\/quienes-somos\/italia\/massimo-dona\/#breadcrumb\"},\"inLanguage\":\"es\",\"potentialAction\":[{\"@type\":\"ReadAction\",\"target\":[\"https:\/\/ontologiatrinitaria.org\/es\/quienes-somos\/italia\/massimo-dona\/\"]}]},{\"@type\":\"ImageObject\",\"inLanguage\":\"es\",\"@id\":\"https:\/\/ontologiatrinitaria.org\/es\/quienes-somos\/italia\/massimo-dona\/#primaryimage\",\"url\":\"https:\/\/ontologiatrinitaria.org\/wp-content\/uploads\/2025\/06\/LD_dona_massimo.jpg\",\"contentUrl\":\"https:\/\/ontologiatrinitaria.org\/wp-content\/uploads\/2025\/06\/LD_dona_massimo.jpg\",\"width\":1500,\"height\":1039},{\"@type\":\"BreadcrumbList\",\"@id\":\"https:\/\/ontologiatrinitaria.org\/es\/quienes-somos\/italia\/massimo-dona\/#breadcrumb\",\"itemListElement\":[{\"@type\":\"ListItem\",\"position\":1,\"name\":\"Home\",\"item\":\"https:\/\/ontologiatrinitaria.org\/es\/\"},{\"@type\":\"ListItem\",\"position\":2,\"name\":\"Qui\u00e9nes somos\",\"item\":\"https:\/\/ontologiatrinitaria.org\/es\/quienes-somos\/\"},{\"@type\":\"ListItem\",\"position\":3,\"name\":\"Italia\",\"item\":\"https:\/\/ontologiatrinitaria.org\/es\/quienes-somos\/italia\/\"},{\"@type\":\"ListItem\",\"position\":4,\"name\":\"Massimo Don\u00e0\"}]},{\"@type\":\"WebSite\",\"@id\":\"https:\/\/ontologiatrinitaria.org\/es\/#website\",\"url\":\"https:\/\/ontologiatrinitaria.org\/es\/\",\"name\":\"Ontologia Trinitaria\",\"description\":\"Itinerari e ricerche\",\"publisher\":{\"@id\":\"https:\/\/ontologiatrinitaria.org\/es\/#organization\"},\"potentialAction\":[{\"@type\":\"SearchAction\",\"target\":{\"@type\":\"EntryPoint\",\"urlTemplate\":\"https:\/\/ontologiatrinitaria.org\/es\/?s={search_term_string}\"},\"query-input\":{\"@type\":\"PropertyValueSpecification\",\"valueRequired\":true,\"valueName\":\"search_term_string\"}}],\"inLanguage\":\"es\"},{\"@type\":\"Organization\",\"@id\":\"https:\/\/ontologiatrinitaria.org\/es\/#organization\",\"name\":\"Ontologia Trinitaria\",\"url\":\"https:\/\/ontologiatrinitaria.org\/es\/\",\"logo\":{\"@type\":\"ImageObject\",\"inLanguage\":\"es\",\"@id\":\"https:\/\/ontologiatrinitaria.org\/es\/#\/schema\/logo\/image\/\",\"url\":\"https:\/\/ontologiatrinitaria.org\/wp-content\/uploads\/2025\/06\/logo_colore2.png\",\"contentUrl\":\"https:\/\/ontologiatrinitaria.org\/wp-content\/uploads\/2025\/06\/logo_colore2.png\",\"width\":402,\"height\":169,\"caption\":\"Ontologia Trinitaria\"},\"image\":{\"@id\":\"https:\/\/ontologiatrinitaria.org\/es\/#\/schema\/logo\/image\/\"},\"sameAs\":[\"https:\/\/www.facebook.com\/ontologiatrinitaria\",\"https:\/\/www.instagram.com\/ontologiatrinitaria\/\"]}]}<\/script>\n<!-- \/ Yoast SEO plugin. -->","yoast_head_json":{"title":"Massimo Don\u00e0 - Ontologia Trinitaria","robots":{"index":"index","follow":"follow","max-snippet":"max-snippet:-1","max-image-preview":"max-image-preview:large","max-video-preview":"max-video-preview:-1"},"canonical":"https:\/\/ontologiatrinitaria.org\/es\/quienes-somos\/italia\/massimo-dona\/","og_locale":"es_ES","og_type":"article","og_title":"Massimo Don\u00e0 - Ontologia Trinitaria","og_url":"https:\/\/ontologiatrinitaria.org\/es\/quienes-somos\/italia\/massimo-dona\/","og_site_name":"Ontologia Trinitaria","article_publisher":"https:\/\/www.facebook.com\/ontologiatrinitaria","article_modified_time":"2026-03-28T18:39:53+00:00","og_image":[{"width":1500,"height":1039,"url":"https:\/\/ontologiatrinitaria.org\/wp-content\/uploads\/2025\/06\/LD_dona_massimo.jpg","type":"image\/jpeg"}],"twitter_card":"summary_large_image","twitter_misc":{"Tiempo de lectura":"3 minutos"},"schema":{"@context":"https:\/\/schema.org","@graph":[{"@type":"WebPage","@id":"https:\/\/ontologiatrinitaria.org\/es\/quienes-somos\/italia\/massimo-dona\/","url":"https:\/\/ontologiatrinitaria.org\/es\/quienes-somos\/italia\/massimo-dona\/","name":"Massimo Don\u00e0 - Ontologia Trinitaria","isPartOf":{"@id":"https:\/\/ontologiatrinitaria.org\/es\/#website"},"primaryImageOfPage":{"@id":"https:\/\/ontologiatrinitaria.org\/es\/quienes-somos\/italia\/massimo-dona\/#primaryimage"},"image":{"@id":"https:\/\/ontologiatrinitaria.org\/es\/quienes-somos\/italia\/massimo-dona\/#primaryimage"},"thumbnailUrl":"https:\/\/ontologiatrinitaria.org\/wp-content\/uploads\/2025\/06\/LD_dona_massimo.jpg","datePublished":"2025-05-26T14:21:21+00:00","dateModified":"2026-03-28T18:39:53+00:00","breadcrumb":{"@id":"https:\/\/ontologiatrinitaria.org\/es\/quienes-somos\/italia\/massimo-dona\/#breadcrumb"},"inLanguage":"es","potentialAction":[{"@type":"ReadAction","target":["https:\/\/ontologiatrinitaria.org\/es\/quienes-somos\/italia\/massimo-dona\/"]}]},{"@type":"ImageObject","inLanguage":"es","@id":"https:\/\/ontologiatrinitaria.org\/es\/quienes-somos\/italia\/massimo-dona\/#primaryimage","url":"https:\/\/ontologiatrinitaria.org\/wp-content\/uploads\/2025\/06\/LD_dona_massimo.jpg","contentUrl":"https:\/\/ontologiatrinitaria.org\/wp-content\/uploads\/2025\/06\/LD_dona_massimo.jpg","width":1500,"height":1039},{"@type":"BreadcrumbList","@id":"https:\/\/ontologiatrinitaria.org\/es\/quienes-somos\/italia\/massimo-dona\/#breadcrumb","itemListElement":[{"@type":"ListItem","position":1,"name":"Home","item":"https:\/\/ontologiatrinitaria.org\/es\/"},{"@type":"ListItem","position":2,"name":"Qui\u00e9nes somos","item":"https:\/\/ontologiatrinitaria.org\/es\/quienes-somos\/"},{"@type":"ListItem","position":3,"name":"Italia","item":"https:\/\/ontologiatrinitaria.org\/es\/quienes-somos\/italia\/"},{"@type":"ListItem","position":4,"name":"Massimo Don\u00e0"}]},{"@type":"WebSite","@id":"https:\/\/ontologiatrinitaria.org\/es\/#website","url":"https:\/\/ontologiatrinitaria.org\/es\/","name":"Ontologia Trinitaria","description":"Itinerari e ricerche","publisher":{"@id":"https:\/\/ontologiatrinitaria.org\/es\/#organization"},"potentialAction":[{"@type":"SearchAction","target":{"@type":"EntryPoint","urlTemplate":"https:\/\/ontologiatrinitaria.org\/es\/?s={search_term_string}"},"query-input":{"@type":"PropertyValueSpecification","valueRequired":true,"valueName":"search_term_string"}}],"inLanguage":"es"},{"@type":"Organization","@id":"https:\/\/ontologiatrinitaria.org\/es\/#organization","name":"Ontologia Trinitaria","url":"https:\/\/ontologiatrinitaria.org\/es\/","logo":{"@type":"ImageObject","inLanguage":"es","@id":"https:\/\/ontologiatrinitaria.org\/es\/#\/schema\/logo\/image\/","url":"https:\/\/ontologiatrinitaria.org\/wp-content\/uploads\/2025\/06\/logo_colore2.png","contentUrl":"https:\/\/ontologiatrinitaria.org\/wp-content\/uploads\/2025\/06\/logo_colore2.png","width":402,"height":169,"caption":"Ontologia Trinitaria"},"image":{"@id":"https:\/\/ontologiatrinitaria.org\/es\/#\/schema\/logo\/image\/"},"sameAs":["https:\/\/www.facebook.com\/ontologiatrinitaria","https:\/\/www.instagram.com\/ontologiatrinitaria\/"]}]}},"_links":{"self":[{"href":"https:\/\/ontologiatrinitaria.org\/es\/wp-json\/wp\/v2\/pages\/5242","targetHints":{"allow":["GET"]}}],"collection":[{"href":"https:\/\/ontologiatrinitaria.org\/es\/wp-json\/wp\/v2\/pages"}],"about":[{"href":"https:\/\/ontologiatrinitaria.org\/es\/wp-json\/wp\/v2\/types\/page"}],"author":[{"embeddable":true,"href":"https:\/\/ontologiatrinitaria.org\/es\/wp-json\/wp\/v2\/users\/8"}],"replies":[{"embeddable":true,"href":"https:\/\/ontologiatrinitaria.org\/es\/wp-json\/wp\/v2\/comments?post=5242"}],"version-history":[{"count":4,"href":"https:\/\/ontologiatrinitaria.org\/es\/wp-json\/wp\/v2\/pages\/5242\/revisions"}],"predecessor-version":[{"id":5709,"href":"https:\/\/ontologiatrinitaria.org\/es\/wp-json\/wp\/v2\/pages\/5242\/revisions\/5709"}],"up":[{"embeddable":true,"href":"https:\/\/ontologiatrinitaria.org\/es\/wp-json\/wp\/v2\/pages\/5238"}],"wp:featuredmedia":[{"embeddable":true,"href":"https:\/\/ontologiatrinitaria.org\/es\/wp-json\/wp\/v2\/media\/5189"}],"wp:attachment":[{"href":"https:\/\/ontologiatrinitaria.org\/es\/wp-json\/wp\/v2\/media?parent=5242"}],"curies":[{"name":"wp","href":"https:\/\/api.w.org\/{rel}","templated":true}]}}