{"id":5245,"date":"2025-05-26T14:37:40","date_gmt":"2025-05-26T14:37:40","guid":{"rendered":"https:\/\/ontologiatrinitaria.org\/italia\/giulio-maspero\/"},"modified":"2026-03-30T06:52:32","modified_gmt":"2026-03-30T06:52:32","slug":"giulio-maspero","status":"publish","type":"page","link":"https:\/\/ontologiatrinitaria.org\/es\/quienes-somos\/italia\/giulio-maspero\/","title":{"rendered":"Giulio Maspero"},"content":{"rendered":"\n<p><\/p>\n\n<div class=\"wp-block-nectar-blocks-row alignfull nectar-block nectar-blocks-row nectar-blocks-row__inner nectar-blocks-row__wrapper parent-block-block-vToenX3EaI\" id=\"block-vToenX3EaI\">\n<div class=\"wp-block-nectar-blocks-column nectar-blocks-column nectar-block\" id=\"block-vfiJEFX6U4\"><div class=\"nectar-blocks-column__inner nectar-blocks-column__content-wrap parent-block-block-vfiJEFX6U4 nectar-blocks-column__wrapper\"><div class=\"yoast-breadcrumbs ticss-0c0395b4\"><span><span><a href=\"https:\/\/ontologiatrinitaria.org\/es\/\">Home<\/a><\/span> \/ <span><a href=\"https:\/\/ontologiatrinitaria.org\/es\/quienes-somos\/\">Qui\u00e9nes somos<\/a><\/span> \/ <span><a href=\"https:\/\/ontologiatrinitaria.org\/es\/quienes-somos\/italia\/\">Italia<\/a><\/span> \/ <span class=\"breadcrumb_last\" aria-current=\"page\"><strong>Giulio Maspero<\/strong><\/span><\/span><\/div><\/div><\/div>\n<\/div>\n\n<div class=\"wp-block-nectar-blocks-row alignfull nectar-block nectar-blocks-row nectar-blocks-row__inner nectar-blocks-row__wrapper parent-block-block-rLhr34Jqmi\" id=\"block-rLhr34Jqmi\">\n<div class=\"wp-block-nectar-blocks-column nectar-blocks-column nectar-block\" id=\"block-1CNFZk0QPg\"><div class=\"nectar-blocks-column__wrapper parent-block-block-1CNFZk0QPg\"><div class=\"nectar-blocks-column__inner nectar-blocks-column__content-wrap parent-block-block-1CNFZk0QPg\">\n<div class=\"wp-block-nectar-blocks-flex-box nectar-block nectar-blocks-flex-box nectar-blocks-flex-box__inner nectar-blocks-flex-box__wrapper parent-block-block-r8nKsbr11D\" id=\"block-r8nKsbr11D\">\n<div class=\"wp-block-nectar-blocks-image nectar-blocks-image\" id=\"block-XR6bR9g80b\"><div class=\"nectar-blocks-image__inner\"><img loading=\"lazy\" decoding=\"async\" width=\"1500\" height=\"1314\" class=\"wp-image-2903 nectar-aspect-ratio--1-1 nectar-aspect-ratio\" src=\"https:\/\/ontologiatrinitaria.org\/wp-content\/uploads\/2025\/06\/LD_Maspero_Giulio.jpg\" alt=\"\" title=\"LD_Maspero_Giulio\" srcset=\"https:\/\/ontologiatrinitaria.org\/wp-content\/uploads\/2025\/06\/LD_Maspero_Giulio.jpg 1500w, https:\/\/ontologiatrinitaria.org\/wp-content\/uploads\/2025\/06\/LD_Maspero_Giulio-300x263.jpg 300w, https:\/\/ontologiatrinitaria.org\/wp-content\/uploads\/2025\/06\/LD_Maspero_Giulio-1024x897.jpg 1024w, https:\/\/ontologiatrinitaria.org\/wp-content\/uploads\/2025\/06\/LD_Maspero_Giulio-768x673.jpg 768w\" sizes=\"auto, (max-width: 1500px) 100vw, 1500px\" \/><\/div><\/div>\n<\/div>\n<\/div><\/div><\/div>\n\n\n\n<div class=\"wp-block-nectar-blocks-column nectar-blocks-column nectar-block\" id=\"block-BblWsvAMJO\"><div class=\"nectar-blocks-column__wrapper parent-block-block-BblWsvAMJO\"><div class=\"nectar-blocks-column__inner nectar-blocks-column__content-wrap parent-block-block-BblWsvAMJO\">\n<p id=\"block-O7eOxXrkDM\" class=\"wp-block-nectar-blocks-text nectar-blocks-text nectar-font-h1\">Giulio Maspero<\/p>\n\n\n\n<div class=\"wp-block-nectar-blocks-button nectar-blocks-button nectar-font-label\" id=\"block-MwilpZtfQP\"><a href=\"mailto:maspero@pusc.it\" class=\"nectar__link nectar-blocks-button__inner\"><span class=\"nectar-blocks-button__text\">maspero@pusc.it<\/span><span class=\"nectar-component__icon icon-source--remix\"><svg role=\"none\" viewbox=\"0 0 24 24\" fill=\"currentColor\" xmlns=\"http:\/\/www.w3.org\/2000\/svg\"><path d=\"M3 3H21C21.5523 3 22 3.44772 22 4V20C22 20.5523 21.5523 21 21 21H3C2.44772 21 2 20.5523 2 20V4C2 3.44772 2.44772 3 3 3ZM20 7.23792L12.0718 14.338L4 7.21594V19H20V7.23792ZM4.51146 5L12.0619 11.662L19.501 5H4.51146Z\"><\/path><\/svg><\/span><\/a><\/div>\n\n\n\n<p id=\"block-rkAdheW2eW\" class=\"wp-block-nectar-blocks-text nectar-blocks-text\">Giulio Maspero es un te\u00f3logo y f\u00edsico italiano, nacido en Como el 19 de marzo de 1970. Catedr\u00e1tico de Teolog\u00eda Dogm\u00e1tica en la Pontificia Universidad de la Santa Cruz de Roma, es tambi\u00e9n miembro ordinario de la Pontificia Academia de Teolog\u00eda (PATH) y de la Association Internationale des \u00c9tudes Patristiques (AIEP). <br\/><\/p>\n\n\n\n<p id=\"block-VqeJakQHiQ\" class=\"wp-block-nectar-blocks-text nectar-blocks-text\">Tras cursar el bachillerato cl\u00e1sico en Como, se licenci\u00f3 en F\u00edsica y obtuvo un doctorado en f\u00edsica te\u00f3rica, con publicaciones cient\u00edficas en el campo del caos cu\u00e1ntico. Posteriormente, emprendi\u00f3 sus estudios de teolog\u00eda, obteniendo el bachillerato en la Pontificia Universidad de la Santa Cruz en el a\u00f1o 2000 y la licenciatura y el doctorado en teolog\u00eda en la Universidad de Navarra en 2003. <br\/><\/p>\n\n\n\n<p id=\"block-DhOZWqFg8x\" class=\"wp-block-nectar-blocks-text nectar-blocks-text\">Sus principales \u00e1reas de investigaci\u00f3n incluyen la historia del dogma, la patr\u00edstica, con un enfoque especial en Gregorio de Nisa, y la relaci\u00f3n entre filosof\u00eda y teolog\u00eda. En los \u00faltimos a\u00f1os, se ha dedicado al estudio de la ontolog\u00eda relacional y de la antropolog\u00eda trinitaria. <br\/><\/p>\n\n\n\n<p id=\"block-QR4KQUgYCt\" class=\"wp-block-nectar-blocks-text nectar-blocks-text\">Adem\u00e1s de su actividad acad\u00e9mica, Maspero es conocido por su compromiso con el di\u00e1logo ecum\u00e9nico. Ha promovido iniciativas para la superaci\u00f3n de las divisiones hist\u00f3ricas entre las Iglesias, como se evidencia en el seminario \u00abRe-Thinking the Filioque\u00bb, organizado por la Pontificia Universidad de la Santa Cruz<g id=\"gid_0\">.<\/g> <br\/><\/p>\n\n\n\n<p id=\"block-9whcPxHTN8\" class=\"wp-block-nectar-blocks-text nectar-blocks-text\">Tambi\u00e9n es miembro de la junta directiva del Grupo de Investigaci\u00f3n de Ontolog\u00eda Relacional (ROR), activo en la misma universidad, que se ocupa de desarrollar un pensamiento filos\u00f3fico-teol\u00f3gico orientado a la relaci\u00f3n.<\/p>\n\n\n\n<div class=\"wp-block-nectar-blocks-accordion nectar-blocks-accordion\" data-starting-accordion=\"-1\" id=\"block-XF7U7R1tg5\"><div class=\"nectar-blocks-accordion__inner parent-block-XF7U7R1tg5\">\n<div class=\"wp-block-nectar-blocks-accordion-section nectar-block nectar-blocks-accordion-section\" id=\"block-zNlpIyWQkh\"><button type=\"button\" class=\"nectar-blocks-accordion-section__title nectar-font-h4\"><span class=\"nectar-blocks-accordion-section__title__text\">Libros<\/span><span class=\"nectar-blocks-accordion-section__title__indicator\"><svg role=\"none\" xmlns=\"http:\/\/www.w3.org\/2000\/svg\" class=\"default\" viewBox=\"0 0 14 14\"><line x1=\"7\" x2=\"7\" y2=\"14\" fill=\"none\" stroke=\"currentColor\" stroke-miterlimit=\"1\"><\/line><line y1=\"7\" x2=\"14\" y2=\"7\" fill=\"none\" stroke=\"currentColor\" stroke-miterlimit=\"1\"><\/line><\/svg><\/span><\/button><div class=\"nectar-blocks-accordion-section__content parent-block-block-zNlpIyWQkh\">\n<p id=\"block-gmgKKI7x94\" class=\"wp-block-nectar-blocks-text nectar-blocks-text\"><em>\u2013<\/em> con Cesare Maria Cornaggia e Federica Peroni, <em>Ansia e idolatria<\/em>. Roma, InSchibboleth, 2024 <\/p>\n\n\n\n<p id=\"block-05un2cmOEp\" class=\"wp-block-nectar-blocks-text nectar-blocks-text\"><em>\u2013<\/em> <em>Relational Being: The Cappadocian Reshaping of Metaphysics<\/em>. Cambridge, Cambridge University Press, 2024 <br\/><\/p>\n\n\n\n<p id=\"block-1z9u78Xg4O\" class=\"wp-block-nectar-blocks-text nectar-blocks-text\"><em>\u2013<\/em> Re-Thinking the Filioque with the Greek Fathers. Grand Rapids (MI), Eerdmans, 2023 <\/p>\n\n\n\n<p id=\"block-CQRNY5cLxP\" class=\"wp-block-nectar-blocks-text nectar-blocks-text\"><em>\u2013<\/em> <em>After Pandemic, After Modernity: The Relational Revolution<\/em>. South Bend (IN), St. Augustine\u2019s Press, 2022 <br\/><\/p>\n\n\n\n<p id=\"block-mXGlu5vov5\" class=\"wp-block-nectar-blocks-text nectar-blocks-text\"><em>\u2013<\/em> con Pierpaolo Donati, <em>Dopo la pandemia: Rigenerare la societ\u00e0 con le relazioni<\/em>. Roma, Citt\u00e0 Nuova, 2021 <br\/><\/p>\n\n\n\n<p id=\"block-RqyLWxSJtS\" class=\"wp-block-nectar-blocks-text nectar-blocks-text\"><em>\u2013<\/em> <em>The Mystery of Communion. Encountering the Trinity<\/em>. South Bend (IN), St. Augustine\u2019s Press, 2021 <br\/><\/p>\n\n\n\n<p id=\"block-Sm6dJon27B\" class=\"wp-block-nectar-blocks-text nectar-blocks-text\"><em>\u2013<\/em> <em>Dio trino perch\u00e9 vivo: Lo Spirito di Dio e lo spirito dell&#8217;uomo nella Patristica greca<\/em>. Brescia, Morcelliana, 2018 <br\/><\/p>\n\n\n\n<p id=\"block-eDkDtWEIOR\" class=\"wp-block-nectar-blocks-text nectar-blocks-text\"><em>\u2013<\/em> <em>La Trinidad explicada hoy<\/em>. Madrid, Rialp, 2018 <br\/><\/p>\n\n\n\n<p id=\"block-HqvW4aMoGj\" class=\"wp-block-nectar-blocks-text nectar-blocks-text\"><em>\u2013<\/em> con Lucas Francisco Mateo-Seco, <em>Il mistero di Dio uno e trino<\/em>. Roma, EDUSC, 2014 <br\/><\/p>\n\n\n\n<p id=\"block-F6aZW5Obad\" class=\"wp-block-nectar-blocks-text nectar-blocks-text\"><em>\u2013<\/em> <em>Essere e relazione. L&#8217;ontologia trinitaria di Gregorio di Nissa<\/em>. Roma, Citt\u00e0 Nuova, 2013 <br\/><\/p>\n\n\n\n<p id=\"block-ZgCFnK8yoJ\" class=\"wp-block-nectar-blocks-text nectar-blocks-text\"><em>\u2013<\/em> con Paul O&#8217;Callaghan, <em>Creatore perch\u00e9 Padre. Introduzione all&#8217;ontologia del dono<\/em>. Siena, Cantagalli, 2012 <br\/><\/p>\n\n\n\n<p id=\"block-5q9XK2ekl1\" class=\"wp-block-nectar-blocks-text nectar-blocks-text\"><em>\u2013<\/em> <em>Uno perch\u00e9 trino. Breve introduzione al trattato su Dio<\/em>. Siena, Cantagalli, 2011 <\/p>\n<\/div><\/div>\n<\/div><\/div>\n\n\n\n<div class=\"wp-block-nectar-blocks-button nectar-blocks-button nectar-font-label\" id=\"block-YYE4VDdpQe\"><a href=\"&lt;!--[CDATA[https:\/\/docenti.pusc.it\/?u=maspero]]--&gt;\" target=\"_blank\" rel=\"noreferrer noopener\" class=\"nectar__link nectar-blocks-button__inner\"><span class=\"nectar-blocks-button__text\">Biobibliograf\u00eda completa<\/span><span class=\"nectar-component__icon icon-source--remix\"><svg role=\"none\" viewbox=\"0 0 24 24\" fill=\"currentColor\" xmlns=\"http:\/\/www.w3.org\/2000\/svg\"><path d=\"M16.1716 10.9999L10.8076 5.63589L12.2218 4.22168L20 11.9999L12.2218 19.778L10.8076 18.3638L16.1716 12.9999H4V10.9999H16.1716Z\"><\/path><\/svg><\/span><\/a><\/div>\n<\/div><\/div><\/div>\n<\/div>\n\n<p id=\"block-yCSFboEp7z\" class=\"wp-block-nectar-blocks-text nectar-blocks-text\"><\/p>\n\n<p id=\"block-8Av7XOu0vS\" class=\"wp-block-nectar-blocks-text nectar-blocks-text\"><\/p>\n","protected":false},"excerpt":{"rendered":"","protected":false},"author":8,"featured_media":5191,"parent":5238,"menu_order":0,"comment_status":"closed","ping_status":"closed","template":"","meta":{"_nectar_blocks_hide_post_title":true,"_nectar_blocks_transparent_header_effect":false,"_nectar_blocks_transparent_header_effect_color":"light","_nectar_blocks_header_animation":false,"_nectar_blocks_header_animation_delay":0,"_nectar_blocks_header_animation_effect":"fade","_nectar_blocks_page_css":"","_nectar_blocks_page_js":"","footnotes":""},"class_list":["post-5245","page","type-page","status-publish","has-post-thumbnail"],"yoast_head":"<!-- This site is optimized with the Yoast SEO plugin v27.2 - https:\/\/yoast.com\/product\/yoast-seo-wordpress\/ -->\n<title>Giulio Maspero - Ontologia Trinitaria<\/title>\n<meta name=\"robots\" content=\"index, follow, max-snippet:-1, max-image-preview:large, max-video-preview:-1\" \/>\n<link rel=\"canonical\" href=\"https:\/\/ontologiatrinitaria.org\/es\/quienes-somos\/italia\/giulio-maspero\/\" \/>\n<meta property=\"og:locale\" content=\"es_ES\" \/>\n<meta property=\"og:type\" content=\"article\" \/>\n<meta property=\"og:title\" content=\"Giulio Maspero - Ontologia Trinitaria\" \/>\n<meta property=\"og:url\" content=\"https:\/\/ontologiatrinitaria.org\/es\/quienes-somos\/italia\/giulio-maspero\/\" \/>\n<meta property=\"og:site_name\" content=\"Ontologia Trinitaria\" \/>\n<meta property=\"article:publisher\" content=\"https:\/\/www.facebook.com\/ontologiatrinitaria\" \/>\n<meta property=\"article:modified_time\" content=\"2026-03-30T06:52:32+00:00\" \/>\n<meta property=\"og:image\" content=\"https:\/\/ontologiatrinitaria.org\/wp-content\/uploads\/2025\/06\/LD_Maspero_Giulio.jpg\" \/>\n\t<meta property=\"og:image:width\" content=\"1500\" \/>\n\t<meta property=\"og:image:height\" content=\"1314\" \/>\n\t<meta property=\"og:image:type\" content=\"image\/jpeg\" \/>\n<meta name=\"twitter:card\" content=\"summary_large_image\" \/>\n<meta name=\"twitter:label1\" content=\"Tiempo de lectura\" \/>\n\t<meta name=\"twitter:data1\" content=\"2 minutos\" \/>\n<script type=\"application\/ld+json\" class=\"yoast-schema-graph\">{\"@context\":\"https:\/\/schema.org\",\"@graph\":[{\"@type\":\"WebPage\",\"@id\":\"https:\/\/ontologiatrinitaria.org\/es\/quienes-somos\/italia\/giulio-maspero\/\",\"url\":\"https:\/\/ontologiatrinitaria.org\/es\/quienes-somos\/italia\/giulio-maspero\/\",\"name\":\"Giulio Maspero - Ontologia Trinitaria\",\"isPartOf\":{\"@id\":\"https:\/\/ontologiatrinitaria.org\/es\/#website\"},\"primaryImageOfPage\":{\"@id\":\"https:\/\/ontologiatrinitaria.org\/es\/quienes-somos\/italia\/giulio-maspero\/#primaryimage\"},\"image\":{\"@id\":\"https:\/\/ontologiatrinitaria.org\/es\/quienes-somos\/italia\/giulio-maspero\/#primaryimage\"},\"thumbnailUrl\":\"https:\/\/ontologiatrinitaria.org\/wp-content\/uploads\/2025\/06\/LD_Maspero_Giulio.jpg\",\"datePublished\":\"2025-05-26T14:37:40+00:00\",\"dateModified\":\"2026-03-30T06:52:32+00:00\",\"breadcrumb\":{\"@id\":\"https:\/\/ontologiatrinitaria.org\/es\/quienes-somos\/italia\/giulio-maspero\/#breadcrumb\"},\"inLanguage\":\"es\",\"potentialAction\":[{\"@type\":\"ReadAction\",\"target\":[\"https:\/\/ontologiatrinitaria.org\/es\/quienes-somos\/italia\/giulio-maspero\/\"]}]},{\"@type\":\"ImageObject\",\"inLanguage\":\"es\",\"@id\":\"https:\/\/ontologiatrinitaria.org\/es\/quienes-somos\/italia\/giulio-maspero\/#primaryimage\",\"url\":\"https:\/\/ontologiatrinitaria.org\/wp-content\/uploads\/2025\/06\/LD_Maspero_Giulio.jpg\",\"contentUrl\":\"https:\/\/ontologiatrinitaria.org\/wp-content\/uploads\/2025\/06\/LD_Maspero_Giulio.jpg\",\"width\":1500,\"height\":1314},{\"@type\":\"BreadcrumbList\",\"@id\":\"https:\/\/ontologiatrinitaria.org\/es\/quienes-somos\/italia\/giulio-maspero\/#breadcrumb\",\"itemListElement\":[{\"@type\":\"ListItem\",\"position\":1,\"name\":\"Home\",\"item\":\"https:\/\/ontologiatrinitaria.org\/es\/\"},{\"@type\":\"ListItem\",\"position\":2,\"name\":\"Qui\u00e9nes somos\",\"item\":\"https:\/\/ontologiatrinitaria.org\/es\/quienes-somos\/\"},{\"@type\":\"ListItem\",\"position\":3,\"name\":\"Italia\",\"item\":\"https:\/\/ontologiatrinitaria.org\/es\/quienes-somos\/italia\/\"},{\"@type\":\"ListItem\",\"position\":4,\"name\":\"Giulio Maspero\"}]},{\"@type\":\"WebSite\",\"@id\":\"https:\/\/ontologiatrinitaria.org\/es\/#website\",\"url\":\"https:\/\/ontologiatrinitaria.org\/es\/\",\"name\":\"Ontologia Trinitaria\",\"description\":\"Itinerari e ricerche\",\"publisher\":{\"@id\":\"https:\/\/ontologiatrinitaria.org\/es\/#organization\"},\"potentialAction\":[{\"@type\":\"SearchAction\",\"target\":{\"@type\":\"EntryPoint\",\"urlTemplate\":\"https:\/\/ontologiatrinitaria.org\/es\/?s={search_term_string}\"},\"query-input\":{\"@type\":\"PropertyValueSpecification\",\"valueRequired\":true,\"valueName\":\"search_term_string\"}}],\"inLanguage\":\"es\"},{\"@type\":\"Organization\",\"@id\":\"https:\/\/ontologiatrinitaria.org\/es\/#organization\",\"name\":\"Ontologia Trinitaria\",\"url\":\"https:\/\/ontologiatrinitaria.org\/es\/\",\"logo\":{\"@type\":\"ImageObject\",\"inLanguage\":\"es\",\"@id\":\"https:\/\/ontologiatrinitaria.org\/es\/#\/schema\/logo\/image\/\",\"url\":\"https:\/\/ontologiatrinitaria.org\/wp-content\/uploads\/2025\/06\/logo_colore2.png\",\"contentUrl\":\"https:\/\/ontologiatrinitaria.org\/wp-content\/uploads\/2025\/06\/logo_colore2.png\",\"width\":402,\"height\":169,\"caption\":\"Ontologia Trinitaria\"},\"image\":{\"@id\":\"https:\/\/ontologiatrinitaria.org\/es\/#\/schema\/logo\/image\/\"},\"sameAs\":[\"https:\/\/www.facebook.com\/ontologiatrinitaria\",\"https:\/\/www.instagram.com\/ontologiatrinitaria\/\"]}]}<\/script>\n<!-- \/ Yoast SEO plugin. -->","yoast_head_json":{"title":"Giulio Maspero - Ontologia Trinitaria","robots":{"index":"index","follow":"follow","max-snippet":"max-snippet:-1","max-image-preview":"max-image-preview:large","max-video-preview":"max-video-preview:-1"},"canonical":"https:\/\/ontologiatrinitaria.org\/es\/quienes-somos\/italia\/giulio-maspero\/","og_locale":"es_ES","og_type":"article","og_title":"Giulio Maspero - Ontologia Trinitaria","og_url":"https:\/\/ontologiatrinitaria.org\/es\/quienes-somos\/italia\/giulio-maspero\/","og_site_name":"Ontologia Trinitaria","article_publisher":"https:\/\/www.facebook.com\/ontologiatrinitaria","article_modified_time":"2026-03-30T06:52:32+00:00","og_image":[{"width":1500,"height":1314,"url":"https:\/\/ontologiatrinitaria.org\/wp-content\/uploads\/2025\/06\/LD_Maspero_Giulio.jpg","type":"image\/jpeg"}],"twitter_card":"summary_large_image","twitter_misc":{"Tiempo de lectura":"2 minutos"},"schema":{"@context":"https:\/\/schema.org","@graph":[{"@type":"WebPage","@id":"https:\/\/ontologiatrinitaria.org\/es\/quienes-somos\/italia\/giulio-maspero\/","url":"https:\/\/ontologiatrinitaria.org\/es\/quienes-somos\/italia\/giulio-maspero\/","name":"Giulio Maspero - Ontologia Trinitaria","isPartOf":{"@id":"https:\/\/ontologiatrinitaria.org\/es\/#website"},"primaryImageOfPage":{"@id":"https:\/\/ontologiatrinitaria.org\/es\/quienes-somos\/italia\/giulio-maspero\/#primaryimage"},"image":{"@id":"https:\/\/ontologiatrinitaria.org\/es\/quienes-somos\/italia\/giulio-maspero\/#primaryimage"},"thumbnailUrl":"https:\/\/ontologiatrinitaria.org\/wp-content\/uploads\/2025\/06\/LD_Maspero_Giulio.jpg","datePublished":"2025-05-26T14:37:40+00:00","dateModified":"2026-03-30T06:52:32+00:00","breadcrumb":{"@id":"https:\/\/ontologiatrinitaria.org\/es\/quienes-somos\/italia\/giulio-maspero\/#breadcrumb"},"inLanguage":"es","potentialAction":[{"@type":"ReadAction","target":["https:\/\/ontologiatrinitaria.org\/es\/quienes-somos\/italia\/giulio-maspero\/"]}]},{"@type":"ImageObject","inLanguage":"es","@id":"https:\/\/ontologiatrinitaria.org\/es\/quienes-somos\/italia\/giulio-maspero\/#primaryimage","url":"https:\/\/ontologiatrinitaria.org\/wp-content\/uploads\/2025\/06\/LD_Maspero_Giulio.jpg","contentUrl":"https:\/\/ontologiatrinitaria.org\/wp-content\/uploads\/2025\/06\/LD_Maspero_Giulio.jpg","width":1500,"height":1314},{"@type":"BreadcrumbList","@id":"https:\/\/ontologiatrinitaria.org\/es\/quienes-somos\/italia\/giulio-maspero\/#breadcrumb","itemListElement":[{"@type":"ListItem","position":1,"name":"Home","item":"https:\/\/ontologiatrinitaria.org\/es\/"},{"@type":"ListItem","position":2,"name":"Qui\u00e9nes somos","item":"https:\/\/ontologiatrinitaria.org\/es\/quienes-somos\/"},{"@type":"ListItem","position":3,"name":"Italia","item":"https:\/\/ontologiatrinitaria.org\/es\/quienes-somos\/italia\/"},{"@type":"ListItem","position":4,"name":"Giulio Maspero"}]},{"@type":"WebSite","@id":"https:\/\/ontologiatrinitaria.org\/es\/#website","url":"https:\/\/ontologiatrinitaria.org\/es\/","name":"Ontologia Trinitaria","description":"Itinerari e ricerche","publisher":{"@id":"https:\/\/ontologiatrinitaria.org\/es\/#organization"},"potentialAction":[{"@type":"SearchAction","target":{"@type":"EntryPoint","urlTemplate":"https:\/\/ontologiatrinitaria.org\/es\/?s={search_term_string}"},"query-input":{"@type":"PropertyValueSpecification","valueRequired":true,"valueName":"search_term_string"}}],"inLanguage":"es"},{"@type":"Organization","@id":"https:\/\/ontologiatrinitaria.org\/es\/#organization","name":"Ontologia Trinitaria","url":"https:\/\/ontologiatrinitaria.org\/es\/","logo":{"@type":"ImageObject","inLanguage":"es","@id":"https:\/\/ontologiatrinitaria.org\/es\/#\/schema\/logo\/image\/","url":"https:\/\/ontologiatrinitaria.org\/wp-content\/uploads\/2025\/06\/logo_colore2.png","contentUrl":"https:\/\/ontologiatrinitaria.org\/wp-content\/uploads\/2025\/06\/logo_colore2.png","width":402,"height":169,"caption":"Ontologia Trinitaria"},"image":{"@id":"https:\/\/ontologiatrinitaria.org\/es\/#\/schema\/logo\/image\/"},"sameAs":["https:\/\/www.facebook.com\/ontologiatrinitaria","https:\/\/www.instagram.com\/ontologiatrinitaria\/"]}]}},"_links":{"self":[{"href":"https:\/\/ontologiatrinitaria.org\/es\/wp-json\/wp\/v2\/pages\/5245","targetHints":{"allow":["GET"]}}],"collection":[{"href":"https:\/\/ontologiatrinitaria.org\/es\/wp-json\/wp\/v2\/pages"}],"about":[{"href":"https:\/\/ontologiatrinitaria.org\/es\/wp-json\/wp\/v2\/types\/page"}],"author":[{"embeddable":true,"href":"https:\/\/ontologiatrinitaria.org\/es\/wp-json\/wp\/v2\/users\/8"}],"replies":[{"embeddable":true,"href":"https:\/\/ontologiatrinitaria.org\/es\/wp-json\/wp\/v2\/comments?post=5245"}],"version-history":[{"count":4,"href":"https:\/\/ontologiatrinitaria.org\/es\/wp-json\/wp\/v2\/pages\/5245\/revisions"}],"predecessor-version":[{"id":5740,"href":"https:\/\/ontologiatrinitaria.org\/es\/wp-json\/wp\/v2\/pages\/5245\/revisions\/5740"}],"up":[{"embeddable":true,"href":"https:\/\/ontologiatrinitaria.org\/es\/wp-json\/wp\/v2\/pages\/5238"}],"wp:featuredmedia":[{"embeddable":true,"href":"https:\/\/ontologiatrinitaria.org\/es\/wp-json\/wp\/v2\/media\/5191"}],"wp:attachment":[{"href":"https:\/\/ontologiatrinitaria.org\/es\/wp-json\/wp\/v2\/media?parent=5245"}],"curies":[{"name":"wp","href":"https:\/\/api.w.org\/{rel}","templated":true}]}}