{"id":5270,"date":"2026-02-13T15:03:32","date_gmt":"2026-02-13T15:03:32","guid":{"rendered":"https:\/\/ontologiatrinitaria.org\/sonia-vargas-andrade\/"},"modified":"2026-03-11T15:13:48","modified_gmt":"2026-03-11T15:13:48","slug":"sonia-vargas-andrade","status":"publish","type":"page","link":"https:\/\/ontologiatrinitaria.org\/es\/quienes-somos\/america-latina\/sonia-vargas-andrade\/","title":{"rendered":"Sonia Vargas Andrade"},"content":{"rendered":"\n<p id=\"block-B7H86JBcco\" class=\"wp-block-nectar-blocks-text nectar-blocks-text\"><\/p>\n\n<div class=\"wp-block-nectar-blocks-row alignfull nectar-block nectar-blocks-row nectar-blocks-row__inner nectar-blocks-row__wrapper parent-block-block-idDgwMAoBo\" id=\"block-idDgwMAoBo\">\n<div class=\"wp-block-nectar-blocks-column nectar-blocks-column nectar-block\" id=\"block-wdLgTcBcRk\"><div class=\"nectar-blocks-column__inner nectar-blocks-column__content-wrap parent-block-block-wdLgTcBcRk nectar-blocks-column__wrapper\"><div class=\"yoast-breadcrumbs ticss-0c0395b4\"><span><span><a href=\"https:\/\/ontologiatrinitaria.org\/es\/\">Home<\/a><\/span> \/ <span class=\"breadcrumb_last\" aria-current=\"page\"><strong>Sonia Vargas Andrade<\/strong><\/span><\/span><\/div><\/div><\/div>\n<\/div>\n\n<div class=\"wp-block-nectar-blocks-row alignfull nectar-block nectar-blocks-row nectar-blocks-row__inner nectar-blocks-row__wrapper parent-block-block-6pv4nNfWAv\" id=\"block-6pv4nNfWAv\">\n<div class=\"wp-block-nectar-blocks-column nectar-blocks-column nectar-block\" id=\"block-wswhbbv3xC\"><div class=\"nectar-blocks-column__wrapper parent-block-block-wswhbbv3xC\"><div class=\"nectar-blocks-column__inner nectar-blocks-column__content-wrap parent-block-block-wswhbbv3xC\">\n<div class=\"wp-block-nectar-blocks-flex-box nectar-block nectar-blocks-flex-box nectar-blocks-flex-box__inner nectar-blocks-flex-box__wrapper parent-block-block-Cu4uwGdelL\" id=\"block-Cu4uwGdelL\">\n<div class=\"wp-block-nectar-blocks-image nectar-blocks-image\" id=\"block-30d2XyFNXs\"><div class=\"nectar-blocks-image__inner\"><img loading=\"lazy\" decoding=\"async\" width=\"1500\" height=\"1500\" class=\"wp-image-4436 nectar-aspect-ratio--1-1 nectar-aspect-ratio\" src=\"https:\/\/ontologiatrinitaria.org\/wp-content\/uploads\/2026\/02\/Soni-Vargas-Andrade_foto.jpg\" alt=\"\" title=\"Soni-Vargas-Andrade_foto\" srcset=\"https:\/\/ontologiatrinitaria.org\/wp-content\/uploads\/2026\/02\/Soni-Vargas-Andrade_foto.jpg 1500w, https:\/\/ontologiatrinitaria.org\/wp-content\/uploads\/2026\/02\/Soni-Vargas-Andrade_foto-300x300.jpg 300w, https:\/\/ontologiatrinitaria.org\/wp-content\/uploads\/2026\/02\/Soni-Vargas-Andrade_foto-1024x1024.jpg 1024w, https:\/\/ontologiatrinitaria.org\/wp-content\/uploads\/2026\/02\/Soni-Vargas-Andrade_foto-150x150.jpg 150w, https:\/\/ontologiatrinitaria.org\/wp-content\/uploads\/2026\/02\/Soni-Vargas-Andrade_foto-768x768.jpg 768w, https:\/\/ontologiatrinitaria.org\/wp-content\/uploads\/2026\/02\/Soni-Vargas-Andrade_foto-200x200.jpg 200w\" sizes=\"auto, (max-width: 1500px) 100vw, 1500px\" \/><\/div><\/div>\n<\/div>\n<\/div><\/div><\/div>\n\n\n\n<div class=\"wp-block-nectar-blocks-column nectar-blocks-column nectar-block\" id=\"block-3tho0uZjGp\"><div class=\"nectar-blocks-column__wrapper parent-block-block-3tho0uZjGp\"><div class=\"nectar-blocks-column__inner nectar-blocks-column__content-wrap parent-block-block-3tho0uZjGp\">\n<p id=\"block-pnn1e8alvE\" class=\"wp-block-nectar-blocks-text nectar-blocks-text nectar-font-h1\">Sonia Vargas Andrade<\/p>\n\n\n\n<ul class=\"wp-block-list\">\n<li>Dra. en Teolog\u00eda Dogm\u00e1tica, Universidad de Salvador \u2013 Buenos Aires, Istituto Universitario Sophia \u2013 Italia.<\/li>\n\n\n\n<li>Magister en Teolog\u00eda Dogm\u00e1tica, Universidad del Salvador \u2013 Buenos Aires.<\/li>\n\n\n\n<li>Lic. en Teolog\u00eda Dogm\u00e1tica, Universidad del Salvador \u2013 Buenos Aires.<\/li>\n\n\n\n<li>Lic. en Educaci\u00f3n Superior, Universidad del Salvador \u2013 Buenos Aires.<\/li>\n\n\n\n<li>Miembro del grupo de investigaci\u00f3n de Antropolog\u00eda Trinitaria del CELAM.<\/li>\n\n\n\n<li>Miembro del grupo de investigaci\u00f3n de Teolog\u00eda \u2013 Scuola Abba, Movimiento de los Focolares \u2013 Italia.<\/li>\n\n\n\n<li>Publicaci\u00f3n en la Revista de Teolog\u00eda de la UCA: \u201cEl genio femenino de Chiara Lubich\u201d<\/li>\n\n\n\n<li>Publicaci\u00f3n en la Revista de Teolog\u00eda, IUS \u2013 Italia \u201cLas categor\u00edas espacio temporales del Abandono de Cristo en la cruz\u201d<\/li>\n\n\n\n<li>Publicaci\u00f3n en la Revista Cuestiones Teol\u00f3gicas \u2013 UPB \u201cHACIA UNA TEOLOG\u00cdA-M\u00cdSTICA DE LA DONACI\u00d3N\u201d<\/li>\n\n\n\n<li>Editora del libro: Antropolog\u00eda Trinitaria para nuestros pueblos, CELAM.<\/li>\n\n\n\n<li>Editora del libro: \u201cPerspectivas desde la teolog\u00eda\u201d, Por una cultura de la fraternidad, Ciudad Nueva, Buenos Aires.<\/li>\n\n\n\n<li>Coordinadora de las materias de Formaci\u00f3n Humano Cristiana, UCB \u2013 Sede La Paz.<\/li>\n\n\n\n<li>Secretaria Acad\u00e9mica de la Facultad de Teolog\u00eda, UCB \u2013 Sede Cochabamba.<\/li>\n\n\n\n<li>Docente de Teolog\u00eda Trinitaria, Escatolog\u00eda y Mariolog\u00eda en la Facultad de Teleolog\u00eda, UCB \u2013 Sede Cochabamba.<\/li>\n\n\n\n<li>Directora de la especialidad de Posgrado Teolog\u00eda Pastoral.<\/li>\n<\/ul>\n\n\n\n<p id=\"block-diEEBqeiUE\" class=\"wp-block-nectar-blocks-text nectar-blocks-text nectar-font-body\"><\/p>\n<\/div><\/div><\/div>\n<\/div>\n\n<p id=\"block-t8Aw6D6LPV\" class=\"wp-block-nectar-blocks-text nectar-blocks-text\"><\/p>\n","protected":false},"excerpt":{"rendered":"","protected":false},"author":8,"featured_media":5202,"parent":5276,"menu_order":0,"comment_status":"closed","ping_status":"closed","template":"","meta":{"_nectar_blocks_hide_post_title":true,"_nectar_blocks_transparent_header_effect":false,"_nectar_blocks_transparent_header_effect_color":"light","_nectar_blocks_header_animation":false,"_nectar_blocks_header_animation_delay":0,"_nectar_blocks_header_animation_effect":"fade","_nectar_blocks_page_css":"","_nectar_blocks_page_js":"","footnotes":""},"class_list":["post-5270","page","type-page","status-publish","has-post-thumbnail"],"yoast_head":"<!-- This site is optimized with the Yoast SEO plugin v27.2 - https:\/\/yoast.com\/product\/yoast-seo-wordpress\/ -->\n<title>Sonia Vargas Andrade - Ontologia Trinitaria<\/title>\n<meta name=\"robots\" content=\"index, follow, max-snippet:-1, max-image-preview:large, max-video-preview:-1\" \/>\n<link rel=\"canonical\" href=\"https:\/\/ontologiatrinitaria.org\/es\/quienes-somos\/america-latina\/sonia-vargas-andrade\/\" \/>\n<meta property=\"og:locale\" content=\"es_ES\" \/>\n<meta property=\"og:type\" content=\"article\" \/>\n<meta property=\"og:title\" content=\"Sonia Vargas Andrade - Ontologia Trinitaria\" \/>\n<meta property=\"og:url\" content=\"https:\/\/ontologiatrinitaria.org\/es\/quienes-somos\/america-latina\/sonia-vargas-andrade\/\" \/>\n<meta property=\"og:site_name\" content=\"Ontologia Trinitaria\" \/>\n<meta property=\"article:publisher\" content=\"https:\/\/www.facebook.com\/ontologiatrinitaria\" \/>\n<meta property=\"article:modified_time\" content=\"2026-03-11T15:13:48+00:00\" \/>\n<meta property=\"og:image\" content=\"https:\/\/ontologiatrinitaria.org\/wp-content\/uploads\/2026\/02\/Soni-Vargas-Andrade_foto.jpg\" \/>\n\t<meta property=\"og:image:width\" content=\"1500\" \/>\n\t<meta property=\"og:image:height\" content=\"1500\" \/>\n\t<meta property=\"og:image:type\" content=\"image\/jpeg\" \/>\n<meta name=\"twitter:card\" content=\"summary_large_image\" \/>\n<meta name=\"twitter:label1\" content=\"Tiempo de lectura\" \/>\n\t<meta name=\"twitter:data1\" content=\"1 minuto\" \/>\n<script type=\"application\/ld+json\" class=\"yoast-schema-graph\">{\"@context\":\"https:\/\/schema.org\",\"@graph\":[{\"@type\":\"WebPage\",\"@id\":\"https:\/\/ontologiatrinitaria.org\/es\/quienes-somos\/america-latina\/sonia-vargas-andrade\/\",\"url\":\"https:\/\/ontologiatrinitaria.org\/es\/quienes-somos\/america-latina\/sonia-vargas-andrade\/\",\"name\":\"Sonia Vargas Andrade - Ontologia Trinitaria\",\"isPartOf\":{\"@id\":\"https:\/\/ontologiatrinitaria.org\/es\/#website\"},\"primaryImageOfPage\":{\"@id\":\"https:\/\/ontologiatrinitaria.org\/es\/quienes-somos\/america-latina\/sonia-vargas-andrade\/#primaryimage\"},\"image\":{\"@id\":\"https:\/\/ontologiatrinitaria.org\/es\/quienes-somos\/america-latina\/sonia-vargas-andrade\/#primaryimage\"},\"thumbnailUrl\":\"https:\/\/ontologiatrinitaria.org\/wp-content\/uploads\/2026\/02\/Soni-Vargas-Andrade_foto.jpg\",\"datePublished\":\"2026-02-13T15:03:32+00:00\",\"dateModified\":\"2026-03-11T15:13:48+00:00\",\"breadcrumb\":{\"@id\":\"https:\/\/ontologiatrinitaria.org\/es\/quienes-somos\/america-latina\/sonia-vargas-andrade\/#breadcrumb\"},\"inLanguage\":\"es\",\"potentialAction\":[{\"@type\":\"ReadAction\",\"target\":[\"https:\/\/ontologiatrinitaria.org\/es\/quienes-somos\/america-latina\/sonia-vargas-andrade\/\"]}]},{\"@type\":\"ImageObject\",\"inLanguage\":\"es\",\"@id\":\"https:\/\/ontologiatrinitaria.org\/es\/quienes-somos\/america-latina\/sonia-vargas-andrade\/#primaryimage\",\"url\":\"https:\/\/ontologiatrinitaria.org\/wp-content\/uploads\/2026\/02\/Soni-Vargas-Andrade_foto.jpg\",\"contentUrl\":\"https:\/\/ontologiatrinitaria.org\/wp-content\/uploads\/2026\/02\/Soni-Vargas-Andrade_foto.jpg\",\"width\":1500,\"height\":1500},{\"@type\":\"BreadcrumbList\",\"@id\":\"https:\/\/ontologiatrinitaria.org\/es\/quienes-somos\/america-latina\/sonia-vargas-andrade\/#breadcrumb\",\"itemListElement\":[{\"@type\":\"ListItem\",\"position\":1,\"name\":\"Home\",\"item\":\"https:\/\/ontologiatrinitaria.org\/es\/\"},{\"@type\":\"ListItem\",\"position\":2,\"name\":\"Sonia Vargas Andrade\"}]},{\"@type\":\"WebSite\",\"@id\":\"https:\/\/ontologiatrinitaria.org\/es\/#website\",\"url\":\"https:\/\/ontologiatrinitaria.org\/es\/\",\"name\":\"Ontologia Trinitaria\",\"description\":\"Itinerari e ricerche\",\"publisher\":{\"@id\":\"https:\/\/ontologiatrinitaria.org\/es\/#organization\"},\"potentialAction\":[{\"@type\":\"SearchAction\",\"target\":{\"@type\":\"EntryPoint\",\"urlTemplate\":\"https:\/\/ontologiatrinitaria.org\/es\/?s={search_term_string}\"},\"query-input\":{\"@type\":\"PropertyValueSpecification\",\"valueRequired\":true,\"valueName\":\"search_term_string\"}}],\"inLanguage\":\"es\"},{\"@type\":\"Organization\",\"@id\":\"https:\/\/ontologiatrinitaria.org\/es\/#organization\",\"name\":\"Ontologia Trinitaria\",\"url\":\"https:\/\/ontologiatrinitaria.org\/es\/\",\"logo\":{\"@type\":\"ImageObject\",\"inLanguage\":\"es\",\"@id\":\"https:\/\/ontologiatrinitaria.org\/es\/#\/schema\/logo\/image\/\",\"url\":\"https:\/\/ontologiatrinitaria.org\/wp-content\/uploads\/2025\/06\/logo_colore2.png\",\"contentUrl\":\"https:\/\/ontologiatrinitaria.org\/wp-content\/uploads\/2025\/06\/logo_colore2.png\",\"width\":402,\"height\":169,\"caption\":\"Ontologia Trinitaria\"},\"image\":{\"@id\":\"https:\/\/ontologiatrinitaria.org\/es\/#\/schema\/logo\/image\/\"},\"sameAs\":[\"https:\/\/www.facebook.com\/ontologiatrinitaria\",\"https:\/\/www.instagram.com\/ontologiatrinitaria\/\"]}]}<\/script>\n<!-- \/ Yoast SEO plugin. -->","yoast_head_json":{"title":"Sonia Vargas Andrade - Ontologia Trinitaria","robots":{"index":"index","follow":"follow","max-snippet":"max-snippet:-1","max-image-preview":"max-image-preview:large","max-video-preview":"max-video-preview:-1"},"canonical":"https:\/\/ontologiatrinitaria.org\/es\/quienes-somos\/america-latina\/sonia-vargas-andrade\/","og_locale":"es_ES","og_type":"article","og_title":"Sonia Vargas Andrade - Ontologia Trinitaria","og_url":"https:\/\/ontologiatrinitaria.org\/es\/quienes-somos\/america-latina\/sonia-vargas-andrade\/","og_site_name":"Ontologia Trinitaria","article_publisher":"https:\/\/www.facebook.com\/ontologiatrinitaria","article_modified_time":"2026-03-11T15:13:48+00:00","og_image":[{"width":1500,"height":1500,"url":"https:\/\/ontologiatrinitaria.org\/wp-content\/uploads\/2026\/02\/Soni-Vargas-Andrade_foto.jpg","type":"image\/jpeg"}],"twitter_card":"summary_large_image","twitter_misc":{"Tiempo de lectura":"1 minuto"},"schema":{"@context":"https:\/\/schema.org","@graph":[{"@type":"WebPage","@id":"https:\/\/ontologiatrinitaria.org\/es\/quienes-somos\/america-latina\/sonia-vargas-andrade\/","url":"https:\/\/ontologiatrinitaria.org\/es\/quienes-somos\/america-latina\/sonia-vargas-andrade\/","name":"Sonia Vargas Andrade - Ontologia Trinitaria","isPartOf":{"@id":"https:\/\/ontologiatrinitaria.org\/es\/#website"},"primaryImageOfPage":{"@id":"https:\/\/ontologiatrinitaria.org\/es\/quienes-somos\/america-latina\/sonia-vargas-andrade\/#primaryimage"},"image":{"@id":"https:\/\/ontologiatrinitaria.org\/es\/quienes-somos\/america-latina\/sonia-vargas-andrade\/#primaryimage"},"thumbnailUrl":"https:\/\/ontologiatrinitaria.org\/wp-content\/uploads\/2026\/02\/Soni-Vargas-Andrade_foto.jpg","datePublished":"2026-02-13T15:03:32+00:00","dateModified":"2026-03-11T15:13:48+00:00","breadcrumb":{"@id":"https:\/\/ontologiatrinitaria.org\/es\/quienes-somos\/america-latina\/sonia-vargas-andrade\/#breadcrumb"},"inLanguage":"es","potentialAction":[{"@type":"ReadAction","target":["https:\/\/ontologiatrinitaria.org\/es\/quienes-somos\/america-latina\/sonia-vargas-andrade\/"]}]},{"@type":"ImageObject","inLanguage":"es","@id":"https:\/\/ontologiatrinitaria.org\/es\/quienes-somos\/america-latina\/sonia-vargas-andrade\/#primaryimage","url":"https:\/\/ontologiatrinitaria.org\/wp-content\/uploads\/2026\/02\/Soni-Vargas-Andrade_foto.jpg","contentUrl":"https:\/\/ontologiatrinitaria.org\/wp-content\/uploads\/2026\/02\/Soni-Vargas-Andrade_foto.jpg","width":1500,"height":1500},{"@type":"BreadcrumbList","@id":"https:\/\/ontologiatrinitaria.org\/es\/quienes-somos\/america-latina\/sonia-vargas-andrade\/#breadcrumb","itemListElement":[{"@type":"ListItem","position":1,"name":"Home","item":"https:\/\/ontologiatrinitaria.org\/es\/"},{"@type":"ListItem","position":2,"name":"Sonia Vargas Andrade"}]},{"@type":"WebSite","@id":"https:\/\/ontologiatrinitaria.org\/es\/#website","url":"https:\/\/ontologiatrinitaria.org\/es\/","name":"Ontologia Trinitaria","description":"Itinerari e ricerche","publisher":{"@id":"https:\/\/ontologiatrinitaria.org\/es\/#organization"},"potentialAction":[{"@type":"SearchAction","target":{"@type":"EntryPoint","urlTemplate":"https:\/\/ontologiatrinitaria.org\/es\/?s={search_term_string}"},"query-input":{"@type":"PropertyValueSpecification","valueRequired":true,"valueName":"search_term_string"}}],"inLanguage":"es"},{"@type":"Organization","@id":"https:\/\/ontologiatrinitaria.org\/es\/#organization","name":"Ontologia Trinitaria","url":"https:\/\/ontologiatrinitaria.org\/es\/","logo":{"@type":"ImageObject","inLanguage":"es","@id":"https:\/\/ontologiatrinitaria.org\/es\/#\/schema\/logo\/image\/","url":"https:\/\/ontologiatrinitaria.org\/wp-content\/uploads\/2025\/06\/logo_colore2.png","contentUrl":"https:\/\/ontologiatrinitaria.org\/wp-content\/uploads\/2025\/06\/logo_colore2.png","width":402,"height":169,"caption":"Ontologia Trinitaria"},"image":{"@id":"https:\/\/ontologiatrinitaria.org\/es\/#\/schema\/logo\/image\/"},"sameAs":["https:\/\/www.facebook.com\/ontologiatrinitaria","https:\/\/www.instagram.com\/ontologiatrinitaria\/"]}]}},"_links":{"self":[{"href":"https:\/\/ontologiatrinitaria.org\/es\/wp-json\/wp\/v2\/pages\/5270","targetHints":{"allow":["GET"]}}],"collection":[{"href":"https:\/\/ontologiatrinitaria.org\/es\/wp-json\/wp\/v2\/pages"}],"about":[{"href":"https:\/\/ontologiatrinitaria.org\/es\/wp-json\/wp\/v2\/types\/page"}],"author":[{"embeddable":true,"href":"https:\/\/ontologiatrinitaria.org\/es\/wp-json\/wp\/v2\/users\/8"}],"replies":[{"embeddable":true,"href":"https:\/\/ontologiatrinitaria.org\/es\/wp-json\/wp\/v2\/comments?post=5270"}],"version-history":[{"count":1,"href":"https:\/\/ontologiatrinitaria.org\/es\/wp-json\/wp\/v2\/pages\/5270\/revisions"}],"predecessor-version":[{"id":5275,"href":"https:\/\/ontologiatrinitaria.org\/es\/wp-json\/wp\/v2\/pages\/5270\/revisions\/5275"}],"up":[{"embeddable":true,"href":"https:\/\/ontologiatrinitaria.org\/es\/wp-json\/wp\/v2\/pages\/5276"}],"wp:featuredmedia":[{"embeddable":true,"href":"https:\/\/ontologiatrinitaria.org\/es\/wp-json\/wp\/v2\/media\/5202"}],"wp:attachment":[{"href":"https:\/\/ontologiatrinitaria.org\/es\/wp-json\/wp\/v2\/media?parent=5270"}],"curies":[{"name":"wp","href":"https:\/\/api.w.org\/{rel}","templated":true}]}}