{"id":5310,"date":"2026-03-24T15:26:00","date_gmt":"2026-03-24T15:26:00","guid":{"rendered":"https:\/\/ontologiatrinitaria.org\/lexico\/"},"modified":"2026-03-27T10:07:35","modified_gmt":"2026-03-27T10:07:35","slug":"lexico","status":"publish","type":"page","link":"https:\/\/ontologiatrinitaria.org\/es\/lexico\/","title":{"rendered":"L\u00e9xico"},"content":{"rendered":"\n<p id=\"block-H7gC0ITAY6\" class=\"wp-block-nectar-blocks-text nectar-blocks-text\"><\/p>\n\n<div class=\"wp-block-nectar-blocks-row alignfull nectar-block nectar-blocks-row nectar-blocks-row__inner nectar-blocks-row__wrapper parent-block-block-pDIrd6Hf7F\" id=\"block-pDIrd6Hf7F\">\n<div class=\"wp-block-nectar-blocks-column nectar-blocks-column nectar-block\" id=\"block-M9aENmJYk2\"><div class=\"nectar-blocks-column__inner nectar-blocks-column__content-wrap parent-block-block-M9aENmJYk2 nectar-blocks-column__wrapper\"><div class=\"yoast-breadcrumbs ticss-0c0395b4\"><span><span><a href=\"https:\/\/ontologiatrinitaria.org\/es\/\">Home<\/a><\/span> \/ <span class=\"breadcrumb_last\" aria-current=\"page\"><strong>L\u00e9xico<\/strong><\/span><\/span><\/div><\/div><\/div>\n<\/div>\n\n<div class=\"wp-block-nectar-blocks-row alignfull nectar-block nectar-blocks-row nectar-blocks-row__inner nectar-blocks-row__wrapper parent-block-block-kE94VeprvB\" id=\"block-kE94VeprvB\">\n<div class=\"wp-block-nectar-blocks-column nectar-blocks-column nectar-block\" id=\"block-i3SocNdDuA\"><div class=\"nectar-blocks-column__inner nectar-blocks-column__content-wrap parent-block-block-i3SocNdDuA nectar-blocks-column__wrapper\">\n<div class=\"wp-block-nectar-blocks-row nectar-block nectar-blocks-row nectar-blocks-row__inner nectar-blocks-row__wrapper parent-block-block-1z4mKOWlsQ\" id=\"block-1z4mKOWlsQ\">\n<div class=\"wp-block-nectar-blocks-column nectar-blocks-column nectar-block\" id=\"block-yDBddhfKE7\"><div class=\"nectar-blocks-column__inner nectar-blocks-column__content-wrap parent-block-block-yDBddhfKE7 nectar-blocks-column__wrapper\">\n<div class=\"wp-block-nectar-blocks-image nectar-blocks-image\" id=\"block-ba9mopMi2H\"><div class=\"nectar-blocks-image__inner\"><img loading=\"lazy\" decoding=\"async\" width=\"1024\" height=\"133\" class=\"wp-image-1707\" src=\"https:\/\/ontologiatrinitaria.org\/wp-content\/uploads\/2024\/10\/osservatore-romano-1024x133.jpg\" alt=\"\" title=\"osservatore-romano\" srcset=\"https:\/\/ontologiatrinitaria.org\/wp-content\/uploads\/2024\/10\/osservatore-romano-1024x133.jpg 1024w, https:\/\/ontologiatrinitaria.org\/wp-content\/uploads\/2024\/10\/osservatore-romano-300x39.jpg 300w, https:\/\/ontologiatrinitaria.org\/wp-content\/uploads\/2024\/10\/osservatore-romano-768x100.jpg 768w, https:\/\/ontologiatrinitaria.org\/wp-content\/uploads\/2024\/10\/osservatore-romano-1536x200.jpg 1536w, https:\/\/ontologiatrinitaria.org\/wp-content\/uploads\/2024\/10\/osservatore-romano-2048x267.jpg 2048w, https:\/\/ontologiatrinitaria.org\/wp-content\/uploads\/2024\/10\/osservatore-romano-1080x141.jpg 1080w, https:\/\/ontologiatrinitaria.org\/wp-content\/uploads\/2024\/10\/osservatore-romano-1280x167.jpg 1280w, https:\/\/ontologiatrinitaria.org\/wp-content\/uploads\/2024\/10\/osservatore-romano-980x128.jpg 980w, https:\/\/ontologiatrinitaria.org\/wp-content\/uploads\/2024\/10\/osservatore-romano-480x63.jpg 480w\" sizes=\"auto, (max-width: 1024px) 100vw, 1024px\" \/><\/div><\/div>\n<\/div><\/div>\n<\/div>\n<\/div><\/div>\n<\/div>\n\n<div class=\"wp-block-nectar-blocks-row alignfull nectar-block nectar-blocks-row nectar-blocks-row__inner nectar-blocks-row__wrapper parent-block-block-ykncsgXl2f\" data-nectar-block-animation=\"{&quot;selector&quot;:&quot;.nectar-blocks-row__wrapper&quot;,&quot;scrollIntoView&quot;:{&quot;type&quot;:&quot;scrollIntoView&quot;,&quot;triggerDevices&quot;:[&quot;mobile&quot;,&quot;tablet&quot;],&quot;animation&quot;:{&quot;type&quot;:&quot;slide&quot;,&quot;playDirection&quot;:&quot;in&quot;,&quot;fromDirection&quot;:&quot;down&quot;},&quot;animationDurationSec&quot;:1.2,&quot;animationDelaySec&quot;:0,&quot;animationTimingFunction&quot;:[0.33,1,0.68,1]}}\" data-await-in-view-tablet=\"\" data-await-in-view-mobile=\"\" id=\"block-ykncsgXl2f\">\n<div class=\"wp-block-nectar-blocks-column nectar-blocks-column nectar-block\" id=\"block-2pJVeK18jx\"><div class=\"nectar-blocks-column__inner nectar-blocks-column__content-wrap parent-block-block-2pJVeK18jx nectar-blocks-column__wrapper\">\n<div class=\"wp-block-nectar-blocks-row nectar-block nectar-blocks-row nectar-blocks-row__inner nectar-blocks-row__wrapper parent-block-block-3G52riXrki\" id=\"block-3G52riXrki\">\n<div class=\"wp-block-nectar-blocks-column nectar-blocks-column nectar-block\" id=\"block-5fAQ7IfR08\"><div class=\"nectar-blocks-column__inner nectar-blocks-column__content-wrap parent-block-block-5fAQ7IfR08 nectar-blocks-column__wrapper\">\n<h3 id=\"block-BKebXQGcxi\" class=\"wp-block-nectar-blocks-text nectar-blocks-text nectar-font-h4\">L\u00e9xico de Ontolog\u00eda Trinitaria<\/h3>\n<\/div><\/div>\n\n\n\n<div class=\"wp-block-nectar-blocks-column nectar-blocks-column nectar-block\" id=\"block-SqHMN7sXby\"><div class=\"nectar-blocks-column__wrapper parent-block-block-SqHMN7sXby\"><div class=\"nectar-blocks-column__inner nectar-blocks-column__content-wrap parent-block-block-SqHMN7sXby\">\n<p id=\"block-WPyVNaNy8w\" class=\"wp-block-nectar-blocks-text nectar-blocks-text\">Entre los art\u00edculos en v\u00edas de publicaci\u00f3n en la secci\u00f3n \u00abZona Franca\u00bb de \u00abL&#8217;Osservatore Romano\u00bb, redacci\u00f3n inicial y coral de un \u00abl\u00e9xico\u00bb del pensar inspirado en la ontolog\u00eda trinitaria:<\/p>\n\n\n\n<ul class=\"wp-block-list\">\n<li><strong>Novedades \u2192 <\/strong>Mario CASTELLANA, <em><a href=\"https:\/\/drive.google.com\/file\/d\/17Nj8rRP7BipJ07IuGb7pUTY9Dl-iloUV\/view?usp=sharing\" target=\"_blank\" rel=\"noreferrer noopener\">Complessit\u00e0<\/a><\/em>, 24 de marzo de 2026, p\u00e1g. 3.<\/li>\n\n\n\n<li>Piero BENVENUTI, <em><a href=\"https:\/\/drive.google.com\/file\/d\/1YpWHH6RsX88GaKLoH7Cro4C3Wml5P0Ca\/view?usp=sharing\" target=\"_blank\" rel=\"noreferrer noopener\">Lama\u00eetre y el origen del cosmos como misterio<\/a>. Hacia el centenario de la publicaci\u00f3n del estudio sobre la expansi\u00f3n del universo<\/em>, 11 de febrero de 2026, p\u00e1g. 5.<\/li>\n\n\n\n<li>Vito LIMONE,<em> <a href=\"https:\/\/drive.google.com\/file\/d\/1zxgLeJJXcsLxAUJdD1Kk8u7LJWLZxKgp\/view?usp=sharing\" target=\"_blank\" rel=\"noreferrer noopener\">Puentes entre saberes.<\/a> Cinco a\u00f1os de ontolog\u00eda trinitaria<\/em>, 29 de enero de 2026, p. 12.<\/li>\n\n\n\n<li>Antonio BERGAMO, <em><a href=\"https:\/\/drive.google.com\/file\/d\/1bvoLpp4_U4M4XAXV6ZHoTzsD6wI7jsGZ\/view?usp=sharing\" target=\"_blank\" rel=\"noreferrer noopener\">Una provocaci\u00f3n \u00fatil.<\/a> Lo humano y la inteligencia artificial<\/em>, 9 de enero de 2026, p. 12.<\/li>\n\n\n\n<li>Piero CODA, <a href=\"https:\/\/drive.google.com\/file\/d\/1iaZ3dfFnxlFTHoWcHWxiPhGSe9SlG6GJ\/view?usp=sharing\" target=\"_blank\" rel=\"noreferrer noopener\"><em>La Iglesia y la v\u00eda de la pobreza<\/em><\/a><em>. Una invitaci\u00f3n a testimoniar la luz abierta por la Revelaci\u00f3n del amor de Dios<\/em>, en \u00abL&#8217;Osservatore Romano\u00bb, CLXVI (5 de enero de 2026, p. 6.<\/li>\n\n\n\n<li>C\u00e9sar REDONDO, <a href=\"https:\/\/drive.google.com\/file\/d\/13UV_tU9k95SUyQxNdnNTIWiTjSGqOe2Z\/view?usp=sharing\" target=\"_blank\" rel=\"noreferrer noopener\"><em>Po\u00e9tica de relaci\u00f3n. Cada v\u00ednculo es una creaci\u00f3n \u00e9tica<\/em><\/a>, 1 de diciembre de 2025, p. 12.<\/li>\n\n\n\n<li>Vito LIMONE, <em><a href=\"https:\/\/drive.google.com\/file\/d\/1ZxyHOU2qhH3bbD_zYIVvLC9SHytQcV69\/view?usp=sharing\" target=\"_blank\" rel=\"noreferrer noopener\">La fecundidad ecum\u00e9nica del concilio de Nicea para la Iglesia contempor\u00e1nea<\/a><\/em>, 25 de noviembre de 2025, p. 4.<\/li>\n\n\n\n<li>Vincenzo DI PILATO, <em><a href=\"https:\/\/drive.google.com\/file\/d\/1_bdoJyWveFulIwMtcQi-eWS9ZlD1DECo\/view?usp=sharing\" target=\"_blank\" rel=\"noreferrer noopener\">Eucarist\u00eda y sinodalidad. En el centro de un encuentro teol\u00f3gico en Oreg\u00f3n<\/a><\/em><em>,<\/em> 18 de noviembre de 2025, p. 4.<\/li>\n\n\n\n<li>Piero CODA, <em><a href=\"https:\/\/drive.google.com\/file\/d\/134Sy3Ctvt9diAnv52qZq3WOl7RE9tR6A\/view?usp=sharing\" target=\"_blank\" rel=\"noreferrer noopener\">El interrogante crucial es: \u00bfqu\u00e9 es la inteligencia?<\/a><\/em>, entrevista de F. Piana, 14 de noviembre de 2025, p. II; cfr. tambi\u00e9n online en \u201cVatican News\u201d: <em><a href=\"https:\/\/www.vaticannews.va\/it\/chiesa\/news\/2025-11\/intelligenza-artificiale-teologia-coda-chiesa.html\" target=\"_blank\" rel=\"noreferrer noopener\">IA, los desaf\u00edos a lo humano mirados con los ojos de la teolog\u00eda<\/a><\/em>. <\/li>\n\n\n\n<li>Vito LIMONE, <a href=\"https:\/\/drive.google.com\/file\/d\/1P6pajXhE_Xo5OU__r9iRaLUOI92j7T8A\/view?usp=sharing\" target=\"_blank\" rel=\"noreferrer noopener\"><em>Generaci\u00f3n. El concepto en el centro del primer Concilio de Nicea<\/em><\/a>, 20 de septiembre de 2025, p. 5.<\/li>\n\n\n\n<li>Francesco NIGRO,<a href=\"https:\/\/drive.google.com\/file\/d\/1ji45NT5EEWimFoEZv-4TnNOnvbaoh_-k\/view?usp=sharing\" target=\"_blank\" rel=\"noreferrer noopener\"><em> Fundamento de desarrollo. Rese\u00f1a de \u201cSguardi trinitari sul sociale\u201d,<\/em><\/a> 26 de julio de 2025, p. 5.<\/li>\n\n\n\n<li>Antonio BERGAMO, <a href=\"https:\/\/ontologiatrinitaria.org\/wp-content\/uploads\/2025\/07\/Bergamo_OssRom2025giu24_p7.pdf\"><em>\u00bfQu\u00e9 puede decirnos Nicea hoy?<\/em><\/a>, 24 de junio de 2025, p. 7.<\/li>\n\n\n\n<li>Alessandro CLEMENZIA A., <em><a href=\"https:\/\/drive.google.com\/file\/d\/15jZOz-vQBI9lHb399ZV2KJ1aEJR_SkJw\/view?usp=sharing\" target=\"_blank\" rel=\"noreferrer noopener\">El Concilio de Nicea y la medida de la \u201cintelligentia fidei\u201d<\/a> <\/em>, 10 de abril de 2025, p. 3.<\/li>\n\n\n\n<li>Tommaso BERTOLASI, <em><a href=\"https:\/\/drive.google.com\/file\/d\/16ie-XszEYivBjsY76mzKqiph9D3bVzSk\/view?usp=sharing\" target=\"_blank\" rel=\"noreferrer noopener\">Transparencia<\/a><\/em>, 30 de enero de 2025, p. 4.<\/li>\n\n\n\n<li>Alessandro GARGIULO, <a href=\"https:\/\/drive.google.com\/file\/d\/1z65UO6lVYIYzW4Gtkr6bVEmtN6AbVWaO\/view?usp=sharing\" target=\"_blank\" rel=\"noreferrer noopener\"><em>La semilla de la paz<\/em><\/a>, 4 de enero de 2025, p. 7.<\/li>\n\n\n\n<li>Domenico Maria AMALFITANO, <a href=\"https:\/\/ontologiatrinitaria.org\/wp-content\/uploads\/2024\/10\/24.-Amalfitano_OssRom_2024set21_p10.pdf\" target=\"_blank\" rel=\"noreferrer noopener\"><em>La necesidad de un nuevo pensamiento<\/em><\/a>, 21 de septiembre de 2024, p. 10.<\/li>\n\n\n\n<li>Andrea BELLANTONE, <em><a href=\"https:\/\/drive.google.com\/file\/d\/1SvECCENqnC_CpI-Mo8wH-JvuGEjCz2gY\/view?usp=sharing\" target=\"_blank\" rel=\"noreferrer noopener\">De-coincidencia<\/a><\/em>, 13 de junio de 2024, p. 7.<\/li>\n\n\n\n<li>Giuseppe PINTUS, <em><a href=\"https:\/\/drive.google.com\/file\/d\/1QnJmdUi6ugJPf7heen9C2LY8OGh0Cbxo\/view?usp=sharing\" target=\"_blank\" rel=\"noreferrer noopener\">Revelaci\u00f3n<\/a><\/em>, 11 de mayo de 2024, p. 10.<\/li>\n\n\n\n<li>Martina FRONGILLO, <em><a href=\"https:\/\/drive.google.com\/file\/d\/1jJ14kvxL4Hc76JYHC32WAftiVKyrbCNM\/view?usp=sharing\" target=\"_blank\" rel=\"noreferrer noopener\">Borromini y la Trinidad<\/a><\/em>, 18 de abril de 2024, p. 6.<\/li>\n\n\n\n<li>Vito IMPELLIZZERI, <em><a href=\"https:\/\/drive.google.com\/file\/d\/1KDGC-nu5fpJZ_lvU4XyFSVJsFdvQON9i\/view?usp=sharing\" target=\"_blank\" rel=\"noreferrer noopener\">Red<\/a><\/em>, 22 de marzo de 2024, p. 6.<\/li>\n\n\n\n<li>Maria CALABRETTO, <a href=\"https:\/\/drive.google.com\/file\/d\/1x2rV9i4N0fCkTGz8_jCtlOUIq3o9OE5V\/view?usp=sharing\" target=\"_blank\" rel=\"noreferrer noopener\"><em>Imagen<\/em><\/a>, 22 de febrero de 2024, p. 11.<\/li>\n\n\n\n<li>Antonio BERGAMO, <em><a href=\"https:\/\/drive.google.com\/file\/d\/11Tr5ZdoE9lbTtkG_sRZslqT4ck6YBmiM\/view?usp=sharing\" target=\"_blank\" rel=\"noreferrer noopener\">Carne<\/a><\/em>, 15 de febrero de 2024, p. 6.<\/li>\n\n\n\n<li>Massimo DON\u00c0, <em><a href=\"https:\/\/drive.google.com\/file\/d\/1F41aStM-udtQDmPiQGg-GenJteMtqogT\/view?usp=sharing\" target=\"_blank\" rel=\"noreferrer noopener\">Luz<\/a><\/em>, 26 de enero de 2024, p. 5.<\/li>\n\n\n\n<li>Tommaso BERTOLASI, <em><a href=\"https:\/\/drive.google.com\/file\/d\/15H1AQMXK75e-XGCMt2YragyVU1M5DHZD\/view?usp=drive_link\" target=\"_blank\" rel=\"noreferrer noopener\">Comunidad sinodal<\/a><\/em>, 14 de diciembre de 2023, p. 7.<\/li>\n\n\n\n<li>Domenico Maria AMALFITANO, <a href=\"https:\/\/drive.google.com\/file\/d\/1a5kB7BW5wiN0kf71nhs5nw4wT1sWf922\/view?usp=sharing\" target=\"_blank\" rel=\"noreferrer noopener\"><em>Cristianos por gratitud. Por una teolog\u00eda sinodal entre historia y fraternidad<\/em><\/a> , 21 de octubre de 2023, p. 10.<\/li>\n\n\n\n<li>Federico CROCI, <em><a href=\"https:\/\/drive.google.com\/file\/d\/1PsBlgvBUtHhAZIIieINKNPAV2pUzVcdR\/view?usp=sharing\" target=\"_blank\" rel=\"noreferrer noopener\">Finitud<\/a><\/em>, 28 de septiembre de 2023, p. 6.<\/li>\n\n\n\n<li>Carmelo MEAZZA, <em><a href=\"https:\/\/drive.google.com\/file\/d\/1_dk_VJSNRgc-9hhhjwFNfqa15uTFgdxK\/view?usp=sharing\" target=\"_blank\" rel=\"noreferrer noopener\">Descentralizaci\u00f3n y misionariedad<\/a><\/em>, 1 de septiembre de 2023, p. 7.<\/li>\n\n\n\n<li>Raul BUFFO, <em><a href=\"https:\/\/drive.google.com\/file\/d\/1WSh5akYmYlrEVrIsMUbedKgVL7YlNsyj\/view?usp=sharing\" target=\"_blank\" rel=\"noreferrer noopener\">Reconocimiento<\/a><\/em>, 4 de agosto de 2023, p. 11.<\/li>\n\n\n\n<li>Vincenzo DI PILATO, <em><a href=\"https:\/\/drive.google.com\/file\/d\/1MEtd2ybC5ThliiJ3cSFujzU9Bi4zNX1U\/view?usp=sharing\" target=\"_blank\" rel=\"noreferrer noopener\">Lugar<\/a><\/em>, 20 de julio de 2023, p. 7.<\/li>\n\n\n\n<li>Piero CODA, <a href=\"https:\/\/trinitarian-ontology.org\/wp-content\/uploads\/2023\/06\/trinita_or_2022mag31_ppii-iii.pdf\" target=\"_blank\" rel=\"noreferrer noopener\"><em>Reciprocidad de amor incondicional: la Trinidad y la libertad de los hijos en el Hijo<\/em><\/a>, 31 de mayo de 2023, pp. II-III.<\/li>\n\n\n\n<li>Massimo DON\u00c0, <em><a href=\"https:\/\/drive.google.com\/file\/d\/1ACEOGqEbCCOxHcp9mfODJi6w00B36n_K\/view?usp=sharing\" target=\"_blank\" rel=\"noreferrer noopener\">Del abismo a la redenci\u00f3n. El \u201cgrito\u201d del hombre y el de Cristo en el arte<\/a><\/em>, 5 de mayo de 2023, p. 5.<\/li>\n\n\n\n<li>Antonio BERGAMO, <a href=\"https:\/\/trinitarian-ontology.org\/wp-content\/uploads\/2023\/03\/9.-bergamo_tempo_or16mar2023_p6.pdf\" target=\"_blank\" rel=\"noreferrer noopener\"><em>Tiempo<\/em><\/a>, 16 de marzo de 2023, p. 6.<\/li>\n\n\n\n<li>Noemi SANCHES, <a href=\"https:\/\/drive.google.com\/file\/d\/1g7aJuRwLYkvyDjUGEYGQeCnREzei7aQ2\/view?usp=sharing\" target=\"_blank\" rel=\"noreferrer noopener\"><em>Silencio<\/em><\/a>, 23 de febrero de 2023, p. 5.<\/li>\n\n\n\n<li>Vito LIMONE, <a href=\"https:\/\/drive.google.com\/file\/d\/1Jb_YIjCl1afImy5InrfOIC_vCq3WPNYn\/view?usp=share_link\"><em>Tradici\u00f3n<\/em><\/a>, 24 de noviembre de 2022, p. 7.<\/li>\n\n\n\n<li>Ilaria VIGORELLI, <a href=\"https:\/\/drive.google.com\/file\/d\/1eciJjYqjAQWxgKhguqFHdawB30RDcKLq\/view?usp=sharing\" target=\"_blank\" rel=\"noreferrer noopener\"><em>El bien de la diferencia<\/em><\/a>, 18 de agosto de 2022, p. 7.<\/li>\n\n\n\n<li>Giulio MASPERO, <a href=\"https:\/\/drive.google.com\/file\/d\/17tKzrWFF-1_duS0-E0HvsKGYJMecJpxY\/view?usp=sharing\" target=\"_blank\" rel=\"noreferrer noopener\"><em>Sintaxis<\/em><\/a>, 4 de agosto de 2022, p. 6.<\/li>\n\n\n\n<li>Alessandro CLEMENZIA, <em><a href=\"https:\/\/trinitarian-ontology.org\/wp-content\/uploads\/2022\/07\/4.-clemenzia_contemporaneita_2022giu23.pdf\" target=\"_blank\" rel=\"noreferrer noopener\">Contemporaneidad<\/a><\/em>, 23 de junio de 2022, p. 6.<\/li>\n\n\n\n<li>Mauro MANTOVANI, <em><a href=\"https:\/\/trinitarian-ontology.org\/wp-content\/uploads\/2022\/07\/3.-mantovani_dinamico_2022mag12.pdf\" target=\"_blank\" rel=\"noreferrer noopener\">Din\u00e1mico<\/a><\/em>, 12 de mayo de 2022, p. 8.<\/li>\n\n\n\n<li>Massimo DON\u00c0, <em><a href=\"https:\/\/trinitarian-ontology.org\/wp-content\/uploads\/2022\/07\/2.-dona_inizio_ossrom-2022apr7_p7.pdf\" target=\"_blank\" rel=\"noreferrer noopener\">El inicio<\/a><\/em>, 7 de abril de 2022, p. 7.<\/li>\n\n\n\n<li>Piero CODA, <em><a href=\"https:\/\/trinitarian-ontology.org\/wp-content\/uploads\/2022\/07\/1.-coda_il-principio_ddot-zonafranca_lessico-1_ossrom2022mar3_p7.pdf\" target=\"_blank\" rel=\"noreferrer noopener\">El \u00abPrincipio\u00bb y la cultura del encuentro<\/a><\/em>, 3 de marzo de 2022, p. 7.<\/li>\n<\/ul>\n<\/div><\/div><\/div>\n<\/div>\n<\/div><\/div>\n<\/div>\n\n<p id=\"block-qiNdw9ByXc\" class=\"wp-block-nectar-blocks-text nectar-blocks-text\"><\/p>\n","protected":false},"excerpt":{"rendered":"","protected":false},"author":8,"featured_media":5205,"parent":0,"menu_order":0,"comment_status":"closed","ping_status":"closed","template":"","meta":{"_nectar_blocks_hide_post_title":true,"_nectar_blocks_transparent_header_effect":false,"_nectar_blocks_transparent_header_effect_color":"light","_nectar_blocks_header_animation":false,"_nectar_blocks_header_animation_delay":0,"_nectar_blocks_header_animation_effect":"fade","_nectar_blocks_page_css":"","_nectar_blocks_page_js":"","footnotes":""},"class_list":["post-5310","page","type-page","status-publish","has-post-thumbnail"],"yoast_head":"<!-- This site is optimized with the Yoast SEO plugin v27.2 - https:\/\/yoast.com\/product\/yoast-seo-wordpress\/ -->\n<title>L\u00e9xico - Ontologia Trinitaria<\/title>\n<meta name=\"description\" content=\"Entre los art\u00edculos en v\u00edas de publicaci\u00f3n en la secci\u00f3n &quot;Zona Franca&quot; de &quot;L&#039;Osservatore Romano&quot;, redacci\u00f3n inicial y coral de un &quot;l\u00e9xico&quot; del pensar inspirado en la ontolog\u00eda trinitaria.\" \/>\n<meta name=\"robots\" content=\"index, follow, max-snippet:-1, max-image-preview:large, max-video-preview:-1\" \/>\n<link rel=\"canonical\" href=\"https:\/\/ontologiatrinitaria.org\/es\/lexico\/\" \/>\n<meta property=\"og:locale\" content=\"es_ES\" \/>\n<meta property=\"og:type\" content=\"article\" \/>\n<meta property=\"og:title\" content=\"L\u00e9xico - Ontologia Trinitaria\" \/>\n<meta property=\"og:description\" content=\"Entre los art\u00edculos en v\u00edas de publicaci\u00f3n en la secci\u00f3n &quot;Zona Franca&quot; de &quot;L&#039;Osservatore Romano&quot;, redacci\u00f3n inicial y coral de un &quot;l\u00e9xico&quot; del pensar inspirado en la ontolog\u00eda trinitaria.\" \/>\n<meta property=\"og:url\" content=\"https:\/\/ontologiatrinitaria.org\/es\/lexico\/\" \/>\n<meta property=\"og:site_name\" content=\"Ontologia Trinitaria\" \/>\n<meta property=\"article:publisher\" content=\"https:\/\/www.facebook.com\/ontologiatrinitaria\" \/>\n<meta property=\"article:modified_time\" content=\"2026-03-27T10:07:35+00:00\" \/>\n<meta property=\"og:image\" content=\"https:\/\/ontologiatrinitaria.org\/wp-content\/uploads\/2026\/03\/img_evidenza_home.jpg\" \/>\n\t<meta property=\"og:image:width\" content=\"800\" \/>\n\t<meta property=\"og:image:height\" content=\"557\" \/>\n\t<meta property=\"og:image:type\" content=\"image\/jpeg\" \/>\n<meta name=\"twitter:card\" content=\"summary_large_image\" \/>\n<meta name=\"twitter:label1\" content=\"Tiempo de lectura\" \/>\n\t<meta name=\"twitter:data1\" content=\"3 minutos\" \/>\n<script type=\"application\/ld+json\" class=\"yoast-schema-graph\">{\"@context\":\"https:\/\/schema.org\",\"@graph\":[{\"@type\":\"WebPage\",\"@id\":\"https:\/\/ontologiatrinitaria.org\/es\/lexico\/\",\"url\":\"https:\/\/ontologiatrinitaria.org\/es\/lexico\/\",\"name\":\"L\u00e9xico - Ontologia Trinitaria\",\"isPartOf\":{\"@id\":\"https:\/\/ontologiatrinitaria.org\/es\/#website\"},\"primaryImageOfPage\":{\"@id\":\"https:\/\/ontologiatrinitaria.org\/es\/lexico\/#primaryimage\"},\"image\":{\"@id\":\"https:\/\/ontologiatrinitaria.org\/es\/lexico\/#primaryimage\"},\"thumbnailUrl\":\"https:\/\/ontologiatrinitaria.org\/wp-content\/uploads\/2026\/03\/img_evidenza_home.jpg\",\"datePublished\":\"2026-03-24T15:26:00+00:00\",\"dateModified\":\"2026-03-27T10:07:35+00:00\",\"description\":\"Entre los art\u00edculos en v\u00edas de publicaci\u00f3n en la secci\u00f3n \\\"Zona Franca\\\" de \\\"L'Osservatore Romano\\\", redacci\u00f3n inicial y coral de un \\\"l\u00e9xico\\\" del pensar inspirado en la ontolog\u00eda trinitaria.\",\"breadcrumb\":{\"@id\":\"https:\/\/ontologiatrinitaria.org\/es\/lexico\/#breadcrumb\"},\"inLanguage\":\"es\",\"potentialAction\":[{\"@type\":\"ReadAction\",\"target\":[\"https:\/\/ontologiatrinitaria.org\/es\/lexico\/\"]}]},{\"@type\":\"ImageObject\",\"inLanguage\":\"es\",\"@id\":\"https:\/\/ontologiatrinitaria.org\/es\/lexico\/#primaryimage\",\"url\":\"https:\/\/ontologiatrinitaria.org\/wp-content\/uploads\/2026\/03\/img_evidenza_home.jpg\",\"contentUrl\":\"https:\/\/ontologiatrinitaria.org\/wp-content\/uploads\/2026\/03\/img_evidenza_home.jpg\",\"width\":800,\"height\":557},{\"@type\":\"BreadcrumbList\",\"@id\":\"https:\/\/ontologiatrinitaria.org\/es\/lexico\/#breadcrumb\",\"itemListElement\":[{\"@type\":\"ListItem\",\"position\":1,\"name\":\"Home\",\"item\":\"https:\/\/ontologiatrinitaria.org\/es\/\"},{\"@type\":\"ListItem\",\"position\":2,\"name\":\"L\u00e9xico\"}]},{\"@type\":\"WebSite\",\"@id\":\"https:\/\/ontologiatrinitaria.org\/es\/#website\",\"url\":\"https:\/\/ontologiatrinitaria.org\/es\/\",\"name\":\"Ontologia Trinitaria\",\"description\":\"Itinerari e ricerche\",\"publisher\":{\"@id\":\"https:\/\/ontologiatrinitaria.org\/es\/#organization\"},\"potentialAction\":[{\"@type\":\"SearchAction\",\"target\":{\"@type\":\"EntryPoint\",\"urlTemplate\":\"https:\/\/ontologiatrinitaria.org\/es\/?s={search_term_string}\"},\"query-input\":{\"@type\":\"PropertyValueSpecification\",\"valueRequired\":true,\"valueName\":\"search_term_string\"}}],\"inLanguage\":\"es\"},{\"@type\":\"Organization\",\"@id\":\"https:\/\/ontologiatrinitaria.org\/es\/#organization\",\"name\":\"Ontologia Trinitaria\",\"url\":\"https:\/\/ontologiatrinitaria.org\/es\/\",\"logo\":{\"@type\":\"ImageObject\",\"inLanguage\":\"es\",\"@id\":\"https:\/\/ontologiatrinitaria.org\/es\/#\/schema\/logo\/image\/\",\"url\":\"https:\/\/ontologiatrinitaria.org\/wp-content\/uploads\/2025\/06\/logo_colore2.png\",\"contentUrl\":\"https:\/\/ontologiatrinitaria.org\/wp-content\/uploads\/2025\/06\/logo_colore2.png\",\"width\":402,\"height\":169,\"caption\":\"Ontologia Trinitaria\"},\"image\":{\"@id\":\"https:\/\/ontologiatrinitaria.org\/es\/#\/schema\/logo\/image\/\"},\"sameAs\":[\"https:\/\/www.facebook.com\/ontologiatrinitaria\",\"https:\/\/www.instagram.com\/ontologiatrinitaria\/\"]}]}<\/script>\n<!-- \/ Yoast SEO plugin. -->","yoast_head_json":{"title":"L\u00e9xico - Ontologia Trinitaria","description":"Entre los art\u00edculos en v\u00edas de publicaci\u00f3n en la secci\u00f3n \"Zona Franca\" de \"L'Osservatore Romano\", redacci\u00f3n inicial y coral de un \"l\u00e9xico\" del pensar inspirado en la ontolog\u00eda trinitaria.","robots":{"index":"index","follow":"follow","max-snippet":"max-snippet:-1","max-image-preview":"max-image-preview:large","max-video-preview":"max-video-preview:-1"},"canonical":"https:\/\/ontologiatrinitaria.org\/es\/lexico\/","og_locale":"es_ES","og_type":"article","og_title":"L\u00e9xico - Ontologia Trinitaria","og_description":"Entre los art\u00edculos en v\u00edas de publicaci\u00f3n en la secci\u00f3n \"Zona Franca\" de \"L'Osservatore Romano\", redacci\u00f3n inicial y coral de un \"l\u00e9xico\" del pensar inspirado en la ontolog\u00eda trinitaria.","og_url":"https:\/\/ontologiatrinitaria.org\/es\/lexico\/","og_site_name":"Ontologia Trinitaria","article_publisher":"https:\/\/www.facebook.com\/ontologiatrinitaria","article_modified_time":"2026-03-27T10:07:35+00:00","og_image":[{"width":800,"height":557,"url":"https:\/\/ontologiatrinitaria.org\/wp-content\/uploads\/2026\/03\/img_evidenza_home.jpg","type":"image\/jpeg"}],"twitter_card":"summary_large_image","twitter_misc":{"Tiempo de lectura":"3 minutos"},"schema":{"@context":"https:\/\/schema.org","@graph":[{"@type":"WebPage","@id":"https:\/\/ontologiatrinitaria.org\/es\/lexico\/","url":"https:\/\/ontologiatrinitaria.org\/es\/lexico\/","name":"L\u00e9xico - Ontologia Trinitaria","isPartOf":{"@id":"https:\/\/ontologiatrinitaria.org\/es\/#website"},"primaryImageOfPage":{"@id":"https:\/\/ontologiatrinitaria.org\/es\/lexico\/#primaryimage"},"image":{"@id":"https:\/\/ontologiatrinitaria.org\/es\/lexico\/#primaryimage"},"thumbnailUrl":"https:\/\/ontologiatrinitaria.org\/wp-content\/uploads\/2026\/03\/img_evidenza_home.jpg","datePublished":"2026-03-24T15:26:00+00:00","dateModified":"2026-03-27T10:07:35+00:00","description":"Entre los art\u00edculos en v\u00edas de publicaci\u00f3n en la secci\u00f3n \"Zona Franca\" de \"L'Osservatore Romano\", redacci\u00f3n inicial y coral de un \"l\u00e9xico\" del pensar inspirado en la ontolog\u00eda trinitaria.","breadcrumb":{"@id":"https:\/\/ontologiatrinitaria.org\/es\/lexico\/#breadcrumb"},"inLanguage":"es","potentialAction":[{"@type":"ReadAction","target":["https:\/\/ontologiatrinitaria.org\/es\/lexico\/"]}]},{"@type":"ImageObject","inLanguage":"es","@id":"https:\/\/ontologiatrinitaria.org\/es\/lexico\/#primaryimage","url":"https:\/\/ontologiatrinitaria.org\/wp-content\/uploads\/2026\/03\/img_evidenza_home.jpg","contentUrl":"https:\/\/ontologiatrinitaria.org\/wp-content\/uploads\/2026\/03\/img_evidenza_home.jpg","width":800,"height":557},{"@type":"BreadcrumbList","@id":"https:\/\/ontologiatrinitaria.org\/es\/lexico\/#breadcrumb","itemListElement":[{"@type":"ListItem","position":1,"name":"Home","item":"https:\/\/ontologiatrinitaria.org\/es\/"},{"@type":"ListItem","position":2,"name":"L\u00e9xico"}]},{"@type":"WebSite","@id":"https:\/\/ontologiatrinitaria.org\/es\/#website","url":"https:\/\/ontologiatrinitaria.org\/es\/","name":"Ontologia Trinitaria","description":"Itinerari e ricerche","publisher":{"@id":"https:\/\/ontologiatrinitaria.org\/es\/#organization"},"potentialAction":[{"@type":"SearchAction","target":{"@type":"EntryPoint","urlTemplate":"https:\/\/ontologiatrinitaria.org\/es\/?s={search_term_string}"},"query-input":{"@type":"PropertyValueSpecification","valueRequired":true,"valueName":"search_term_string"}}],"inLanguage":"es"},{"@type":"Organization","@id":"https:\/\/ontologiatrinitaria.org\/es\/#organization","name":"Ontologia Trinitaria","url":"https:\/\/ontologiatrinitaria.org\/es\/","logo":{"@type":"ImageObject","inLanguage":"es","@id":"https:\/\/ontologiatrinitaria.org\/es\/#\/schema\/logo\/image\/","url":"https:\/\/ontologiatrinitaria.org\/wp-content\/uploads\/2025\/06\/logo_colore2.png","contentUrl":"https:\/\/ontologiatrinitaria.org\/wp-content\/uploads\/2025\/06\/logo_colore2.png","width":402,"height":169,"caption":"Ontologia Trinitaria"},"image":{"@id":"https:\/\/ontologiatrinitaria.org\/es\/#\/schema\/logo\/image\/"},"sameAs":["https:\/\/www.facebook.com\/ontologiatrinitaria","https:\/\/www.instagram.com\/ontologiatrinitaria\/"]}]}},"_links":{"self":[{"href":"https:\/\/ontologiatrinitaria.org\/es\/wp-json\/wp\/v2\/pages\/5310","targetHints":{"allow":["GET"]}}],"collection":[{"href":"https:\/\/ontologiatrinitaria.org\/es\/wp-json\/wp\/v2\/pages"}],"about":[{"href":"https:\/\/ontologiatrinitaria.org\/es\/wp-json\/wp\/v2\/types\/page"}],"author":[{"embeddable":true,"href":"https:\/\/ontologiatrinitaria.org\/es\/wp-json\/wp\/v2\/users\/8"}],"replies":[{"embeddable":true,"href":"https:\/\/ontologiatrinitaria.org\/es\/wp-json\/wp\/v2\/comments?post=5310"}],"version-history":[{"count":4,"href":"https:\/\/ontologiatrinitaria.org\/es\/wp-json\/wp\/v2\/pages\/5310\/revisions"}],"predecessor-version":[{"id":5651,"href":"https:\/\/ontologiatrinitaria.org\/es\/wp-json\/wp\/v2\/pages\/5310\/revisions\/5651"}],"wp:featuredmedia":[{"embeddable":true,"href":"https:\/\/ontologiatrinitaria.org\/es\/wp-json\/wp\/v2\/media\/5205"}],"wp:attachment":[{"href":"https:\/\/ontologiatrinitaria.org\/es\/wp-json\/wp\/v2\/media?parent=5310"}],"curies":[{"name":"wp","href":"https:\/\/api.w.org\/{rel}","templated":true}]}}