{"id":5337,"date":"2025-12-22T10:57:26","date_gmt":"2025-12-22T10:57:26","guid":{"rendered":"https:\/\/ontologiatrinitaria.org\/red\/italia\/los-ultimos-seran-los-primeros\/"},"modified":"2026-03-11T15:23:22","modified_gmt":"2026-03-11T15:23:22","slug":"los-ultimos-seran-los-primeros","status":"publish","type":"page","link":"https:\/\/ontologiatrinitaria.org\/es\/red\/italia\/los-ultimos-seran-los-primeros\/","title":{"rendered":"Los \u00faltimos ser\u00e1n los primeros"},"content":{"rendered":"\n<p id=\"block-2viSxaSp1w\" class=\"wp-block-nectar-blocks-text nectar-blocks-text\"><\/p>\n\n<div class=\"wp-block-nectar-blocks-row alignfull nectar-block nectar-blocks-row nectar-blocks-row__inner nectar-blocks-row__wrapper parent-block-block-f7QeA49Ln9\" id=\"block-f7QeA49Ln9\">\n<div class=\"wp-block-nectar-blocks-column nectar-blocks-column nectar-block\" id=\"block-SwputW5wV9\"><div class=\"nectar-blocks-column__inner nectar-blocks-column__content-wrap parent-block-block-SwputW5wV9 nectar-blocks-column__wrapper\"><div class=\"yoast-breadcrumbs ticss-0c0395b4\"><span><span><a href=\"https:\/\/ontologiatrinitaria.org\/es\/\">Home<\/a><\/span> \/ <span><a href=\"https:\/\/ontologiatrinitaria.org\/es\/red\/\">Red<\/a><\/span> \/ <span><a href=\"https:\/\/ontologiatrinitaria.org\/es\/red\/italia\/\">Italia<\/a><\/span> \/ <span class=\"breadcrumb_last\" aria-current=\"page\"><strong>Los \u00faltimos ser\u00e1n los primeros<\/strong><\/span><\/span><\/div><\/div><\/div>\n<\/div>\n\n<div class=\"wp-block-nectar-blocks-row alignfull nectar-block nectar-blocks-row nectar-blocks-row__inner nectar-blocks-row__wrapper parent-block-block-0ejrSnfhq8\" id=\"block-0ejrSnfhq8\">\n<div class=\"wp-block-nectar-blocks-column nectar-blocks-column nectar-block\" id=\"block-dMxKBkBY0P\"><div class=\"nectar-blocks-column__wrapper parent-block-block-dMxKBkBY0P\"><div class=\"nectar-blocks-column__inner nectar-blocks-column__content-wrap parent-block-block-dMxKBkBY0P\">\n<div class=\"wp-block-nectar-blocks-flex-box nectar-block nectar-blocks-flex-box\" id=\"block-zR19EFYtzQ\"><div class=\"nectar-blocks-flex-box__wrapper parent-block-block-zR19EFYtzQ\"><div class=\"nectar__bg-layers parent-block-block-zR19EFYtzQ\"><div class=\"nectar__bg-layer nectar__bg-image lazy-load-bg\"><\/div><\/div><div class=\"nectar-blocks-flex-box__inner parent-block-block-zR19EFYtzQ\"><\/div><\/div><\/div>\n<\/div><\/div><\/div>\n\n\n\n<div class=\"wp-block-nectar-blocks-column nectar-blocks-column nectar-block\" id=\"block-Ikr4pQPnaH\"><div class=\"nectar-blocks-column__wrapper parent-block-block-Ikr4pQPnaH\"><div class=\"nectar-blocks-column__inner nectar-blocks-column__content-wrap parent-block-block-Ikr4pQPnaH\">\n<p id=\"block-aMgGFBc3jt\" class=\"wp-block-nectar-blocks-text nectar-blocks-text nectar-font-h1\">Los \u00faltimos ser\u00e1n los primeros<\/p>\n\n\n\n<div class=\"wp-block-nectar-blocks-flex-box nectar-block nectar-blocks-flex-box nectar-blocks-flex-box__inner nectar-blocks-flex-box__wrapper parent-block-block-LwpCbEGwux\" id=\"block-LwpCbEGwux\">\n<p id=\"block-gGtwsnWzCv\" class=\"wp-block-nectar-blocks-text nectar-blocks-text nectar-font-em\">Colecci\u00f3n<\/p>\n\n\n\n<p id=\"block-folqTrqiSS\" class=\"wp-block-nectar-blocks-text nectar-blocks-text nectar-font-h3\"><strong>DDOT-9 (<em>Perspectivas<\/em>\/1)<\/strong><\/p>\n\n\n\n<div class=\"wp-block-nectar-blocks-divider nectar-blocks-divider\" id=\"block-keKeyfqOdu\"><div class=\"nectar-blocks-divider__inner\"><span class=\"nectar-blocks-divider__line\"><\/span><\/div><\/div>\n\n\n\n<p id=\"block-OhMaONpRbO\" class=\"wp-block-nectar-blocks-text nectar-blocks-text nectar-font-em\">Autores <\/p>\n\n\n\n<p id=\"block-DHCSSU1c1o\" class=\"wp-block-nectar-blocks-text nectar-blocks-text nectar-font-h3\"><strong><strong>M. Don\u00e0, V. Di Pilato, V. Impellizzeri, L. Cervi\u00f1o, M. Tar\u00ec, L. Casarini, G. Bettin, M. Calabretto<\/strong><\/strong><\/p>\n\n\n\n<div class=\"wp-block-nectar-blocks-divider nectar-blocks-divider\" id=\"block-acalSN5iKi\"><div class=\"nectar-blocks-divider__inner\"><span class=\"nectar-blocks-divider__line\"><\/span><\/div><\/div>\n\n\n\n<p id=\"block-W7pWU4kgt8\" class=\"wp-block-nectar-blocks-text nectar-blocks-text nectar-font-em\">Editores<\/p>\n\n\n\n<p id=\"block-KHdTSx5eL7\" class=\"wp-block-nectar-blocks-text nectar-blocks-text nectar-font-h3\"><strong><strong>R. Buffo y P. Coda<\/strong><\/strong><\/p>\n\n\n\n<div class=\"wp-block-nectar-blocks-divider nectar-blocks-divider\" id=\"block-ZxwWmEFeh2\"><div class=\"nectar-blocks-divider__inner\"><span class=\"nectar-blocks-divider__line\"><\/span><\/div><\/div>\n\n\n\n<p id=\"block-PIFHdprCZy\" class=\"wp-block-nectar-blocks-text nectar-blocks-text nectar-font-em\">Editorial<\/p>\n\n\n\n<p id=\"block-r2hAk9YniI\" class=\"wp-block-nectar-blocks-text nectar-blocks-text nectar-font-h3\"><strong><strong>Citt\u00e0 Nuova<\/strong><\/strong><\/p>\n\n\n\n<div class=\"wp-block-nectar-blocks-divider nectar-blocks-divider\" id=\"block-Hv85PAth1r\"><div class=\"nectar-blocks-divider__inner\"><span class=\"nectar-blocks-divider__line\"><\/span><\/div><\/div>\n\n\n\n<p id=\"block-xacmzXLUBe\" class=\"wp-block-nectar-blocks-text nectar-blocks-text nectar-font-em\">A\u00f1o<\/p>\n\n\n\n<p id=\"block-0AA3k6pvMc\" class=\"wp-block-nectar-blocks-text nectar-blocks-text nectar-font-h3\"><strong><strong>2025<\/strong><\/strong><\/p>\n\n\n\n<p id=\"block-4bIeDG6q7j\" class=\"wp-block-nectar-blocks-text nectar-blocks-text\"><\/p>\n<\/div>\n\n\n\n<p id=\"block-P4uDFRsHkU\" class=\"wp-block-nectar-blocks-text nectar-blocks-text nectar-font-body\">Este volumen del Diccionario Din\u00e1mico de Ontolog\u00eda Trinitaria est\u00e1 dedicado a la relaci\u00f3n entre los primeros y los \u00faltimos. La par\u00e1bola evang\u00e9lica de los trabajadores de la vi\u00f1a o de los obreros de la \u00faltima hora (Mt 20,1-16) abre una serie de interrogantes sobre la prioridad l\u00f3gica, ontol\u00f3gica y \u00e9tica del primero sobre el \u00faltimo, sobre la comprensi\u00f3n de la justicia de los hombres frente a la paradoja de la justicia de Dios y, finalmente, sobre la relaci\u00f3n entre la condici\u00f3n hist\u00f3rica y la escatol\u00f3gica. <\/p>\n\n\n\n<p id=\"block-gOTyUr5o9g\" class=\"wp-block-nectar-blocks-text nectar-blocks-text\">\u00bfC\u00f3mo entender, pues, la afirmaci\u00f3n de Jes\u00fas: \u00ablos \u00faltimos ser\u00e1n los primeros\u00bb? \u00bfC\u00f3mo entender la \u00abjusticia de los \u00faltimos\u00bb a la que hace eco este pasaje? Seg\u00fan una l\u00f3gica humana, demasiado humana, podr\u00eda tratarse de la promesa de un progreso en la propia condici\u00f3n que, sin embargo, en ese \u00abser\u00e1n\u00bb, remite a un futuro que sigue tardando, o quiz\u00e1s solamente a una mera utop\u00eda, o a un vano consuelo.  <\/p>\n\n\n\n<p id=\"block-K1KwI9oXg6\" class=\"wp-block-nectar-blocks-text nectar-blocks-text\">Pero si se mira desde la l\u00f3gica del Reino de Dios a la que subyace la par\u00e1bola, invita en cambio a ver ese futuro como un futuro escatol\u00f3gico, que por tanto se convierte en un presente hist\u00f3rico. Ese \u00abser\u00e1n\u00bb, es decir, es tambi\u00e9n, sobre todo, un \u00abson\u00bb. Precisamente porque, seg\u00fan una l\u00f3gica divina, trinitaria, ser \u00faltimo y ser primero no se excluyen mutuamente. De lo contrario, esta transformaci\u00f3n de los \u00faltimos en primeros no ser\u00eda m\u00e1s que un progreso, un dejar atr\u00e1s la condici\u00f3n que los ve \u00faltimos o al menos pen\u00faltimos, bajo el signo de una sustituci\u00f3n.   <\/p>\n\n\n\n<p id=\"block-1XqPSOXzAK\" class=\"wp-block-nectar-blocks-text nectar-blocks-text nectar-font-body\">\u00bfNo es acaso de esta l\u00f3gica de la que da testimonio el veredicto de la par\u00e1bola? \u00bfNo invita ella a pensar que los \u00faltimos son aqu\u00ed reconocidos \u00abprimeros\u00bb precisamente en cuanto \u00faltimos, y no en cuanto capaces de dejar atr\u00e1s, despu\u00e9s de haberla excluido, la condici\u00f3n de ultimidad? <\/p>\n\n\n\n<div class=\"wp-block-nectar-blocks-button nectar-blocks-button nectar-font-label\" id=\"block-AH6P7eNq3e\"><a href=\"https:\/\/edizionicittanuova.it\/prodotto\/gli-ultimi-saranno-i-primi\/\" target=\"_blank\" rel=\"noreferrer noopener\" class=\"nectar__link nectar-blocks-button__inner\"><span class=\"nectar-blocks-button__text\">Compre el volumen<\/span><span class=\"nectar-component__icon icon-source--remix\"><svg role=\"none\" viewbox=\"0 0 24 24\" fill=\"currentColor\" xmlns=\"http:\/\/www.w3.org\/2000\/svg\"><path d=\"M16.0037 9.41421L7.39712 18.0208L5.98291 16.6066L14.5895 8H7.00373V6H18.0037V17H16.0037V9.41421Z\"><\/path><\/svg><\/span><\/a><\/div>\n<\/div><\/div><\/div>\n<\/div>\n\n<div class=\"wp-block-nectar-blocks-row alignfull nectar-block nectar-blocks-row nectar-blocks-row__inner nectar-blocks-row__wrapper parent-block-block-qIyfPGDLA5\" id=\"block-qIyfPGDLA5\">\n<div class=\"wp-block-nectar-blocks-column nectar-blocks-column nectar-block\" id=\"block-ZIKbf9Viuf\"><div class=\"nectar-blocks-column__inner nectar-blocks-column__content-wrap parent-block-block-ZIKbf9Viuf nectar-blocks-column__wrapper\">\n<p id=\"block-hUGiMt5THk\" class=\"wp-block-nectar-blocks-text nectar-blocks-text nectar-font-h2\">Comunicados y rese\u00f1as sobre el volumen<\/p>\n<\/div><\/div>\n<\/div>\n\n<div class=\"wp-block-nectar-blocks-row alignfull nectar-block nectar-blocks-row nectar-blocks-row__inner nectar-blocks-row__wrapper parent-block-block-kNzYs7FIon\" id=\"block-kNzYs7FIon\">\n<div class=\"wp-block-nectar-blocks-column nectar-blocks-column nectar-block\" id=\"block-p8RLfiMe2t\"><div class=\"nectar-blocks-column__inner nectar-blocks-column__content-wrap parent-block-block-p8RLfiMe2t nectar-blocks-column__wrapper\">\n<div class=\"wp-block-nectar-blocks-flex-box nectar-block nectar-blocks-flex-box nectar-blocks-flex-box__inner nectar-blocks-flex-box__wrapper parent-block-block-7PZlQsxInB\" id=\"block-7PZlQsxInB\">\n<div class=\"wp-block-nectar-blocks-icon nectar-blocks-icon\" id=\"block-F0nxr8AKOG\"><div class=\"nectar-blocks-icon__inner\"><span class=\"nectar-component__icon icon-source--lucide\"><!-- @license lucide-static v0.331.0 - ISC --><svg role=\"none\"  class=\"lucide lucide-dot\"  xmlns=\"http:\/\/www.w3.org\/2000\/svg\"  width=\"24\"  height=\"24\"  viewBox=\"0 0 24 24\"  fill=\"none\"  stroke=\"currentColor\"  stroke-width=\"2\"  stroke-linecap=\"round\"  stroke-linejoin=\"round\">  <circle cx=\"12.1\" cy=\"12.1\" r=\"1\" \/><\/svg><\/span><\/div><\/div>\n\n\n\n<p id=\"block-0jgoP7Y9vQ\" class=\"wp-block-nectar-blocks-text nectar-blocks-text\"><strong><a href=\"https:\/\/ontologiatrinitaria.org\/wp-content\/uploads\/2026\/01\/DDOT-9_frontespizio-e-indice-generale.pdf\" target=\"_blank\" rel=\"noreferrer noopener\">Portada e \u00edndice del volumen<\/a><\/strong><\/p>\n<\/div>\n\n\n\n<div class=\"wp-block-nectar-blocks-flex-box nectar-block nectar-blocks-flex-box nectar-blocks-flex-box__inner nectar-blocks-flex-box__wrapper parent-block-block-x9Qaa88Kbm\" id=\"block-x9Qaa88Kbm\">\n<div class=\"wp-block-nectar-blocks-icon nectar-blocks-icon\" id=\"block-47RSftjdNm\"><div class=\"nectar-blocks-icon__inner\"><span class=\"nectar-component__icon icon-source--lucide\"><!-- @license lucide-static v0.331.0 - ISC --><svg role=\"none\"  class=\"lucide lucide-dot\"  xmlns=\"http:\/\/www.w3.org\/2000\/svg\"  width=\"24\"  height=\"24\"  viewBox=\"0 0 24 24\"  fill=\"none\"  stroke=\"currentColor\"  stroke-width=\"2\"  stroke-linecap=\"round\"  stroke-linejoin=\"round\">  <circle cx=\"12.1\" cy=\"12.1\" r=\"1\" \/><\/svg><\/span><\/div><\/div>\n\n\n\n<p id=\"block-ol8XwAfMV0\" class=\"wp-block-nectar-blocks-text nectar-blocks-text\">Presentaci\u00f3n: IV Edici\u00f3n \u00abSCRITTORI IN ALTO\u00bb, Villa Conte Cibrario, Usseglio: \u00abCambiamenti d&#8217;epoca. Quali orizzonti? Un filosofo e un teologo in dialogo\u00bb, con el te\u00f3logo Piero Coda y el fil\u00f3sofo Massimo Don\u00e0, Usseglio (TO), 7 de agosto de 2025 (<a href=\"https:\/\/youtu.be\/OdnqWA9FqkM?si=-YHY0YLjwA_smuNY\" target=\"_blank\" rel=\"noreferrer noopener\">en el canal de YouTube Ontologia Trinitaria<\/a>).  <\/p>\n<\/div>\n\n\n\n<div class=\"wp-block-nectar-blocks-flex-box nectar-block nectar-blocks-flex-box nectar-blocks-flex-box__inner nectar-blocks-flex-box__wrapper parent-block-block-Ei9F31avIp\" id=\"block-Ei9F31avIp\">\n<ul class=\"wp-block-list\">\n<li>Alda Vanzan, <a href=\"https:\/\/ontologiatrinitaria.org\/wp-content\/uploads\/2026\/01\/DDOT-9_Rassegna_Il-Gazzettino-5-luglio-2025.pdf\" target=\"_blank\" rel=\"noreferrer noopener\"><em>Luca Casarini da no-global a scrittore di teologia<\/em>,<\/a> en \u00abIl Gazzettino\u00bb, A\u00f1o 139, n. 158 (5 de julio de 2025), pp. 1 y 9. <\/li>\n\n\n\n<li>Marco Patricelli, <a href=\"https:\/\/ontologiatrinitaria.org\/wp-content\/uploads\/2026\/01\/DDOT-9_Rassegna_Libero-6-luglio-2025.pdf\" target=\"_blank\" rel=\"noreferrer noopener\"><em>Il Vangelo secondo Luca: Casarini ora scrive di teologia<\/em><\/a>, en \u00abLibero\u00bb, 6 de julio de 2025, pp. 1 y 6.<\/li>\n<\/ul>\n\n\n\n<p id=\"block-27emKyra1p\" class=\"wp-block-nectar-blocks-text nectar-blocks-text\"><\/p>\n<\/div>\n<\/div><\/div>\n\n\n\n<div class=\"wp-block-nectar-blocks-column nectar-blocks-column nectar-block\" id=\"block-75WajbxKTc\"><div class=\"nectar-blocks-column__inner nectar-blocks-column__content-wrap parent-block-block-75WajbxKTc nectar-blocks-column__wrapper\">\n<div class=\"wp-block-nectar-blocks-flex-box nectar-block nectar-blocks-flex-box nectar-blocks-flex-box__inner nectar-blocks-flex-box__wrapper parent-block-block-CTFOMF48Zx\" id=\"block-CTFOMF48Zx\">\n<div class=\"wp-block-nectar-blocks-icon nectar-blocks-icon\" id=\"block-NrK6tFF6Vj\"><div class=\"nectar-blocks-icon__inner\"><span class=\"nectar-component__icon icon-source--lucide\"><!-- @license lucide-static v0.331.0 - ISC --><svg role=\"none\"  class=\"lucide lucide-dot\"  xmlns=\"http:\/\/www.w3.org\/2000\/svg\"  width=\"24\"  height=\"24\"  viewBox=\"0 0 24 24\"  fill=\"none\"  stroke=\"currentColor\"  stroke-width=\"2\"  stroke-linecap=\"round\"  stroke-linejoin=\"round\">  <circle cx=\"12.1\" cy=\"12.1\" r=\"1\" \/><\/svg><\/span><\/div><\/div>\n\n\n\n<p id=\"block-kU2PMUk1h2\" class=\"wp-block-nectar-blocks-text nectar-blocks-text\">Gianfranco Bettin, <a href=\"https:\/\/ontologiatrinitaria.org\/wp-content\/uploads\/2026\/01\/DDOT9_AVVENIRE_24-luglio-2025-1.pdf\" target=\"_blank\" rel=\"noreferrer noopener\">Il Vangelo e il senso della giustizia, en \u00abAvvenire\u00bb,<\/a> 24 de julio de 2025, 1 y 18. (un extracto de su contribuci\u00f3n en el volumen DDOT-9) <\/p>\n<\/div>\n\n\n\n<div class=\"wp-block-nectar-blocks-flex-box nectar-block nectar-blocks-flex-box nectar-blocks-flex-box__inner nectar-blocks-flex-box__wrapper parent-block-block-9WKHHhnSve\" id=\"block-9WKHHhnSve\">\n<div class=\"wp-block-nectar-blocks-icon nectar-blocks-icon\" id=\"block-ck1Kh21SLR\"><div class=\"nectar-blocks-icon__inner\"><span class=\"nectar-component__icon icon-source--lucide\"><!-- @license lucide-static v0.331.0 - ISC --><svg role=\"none\"  class=\"lucide lucide-dot\"  xmlns=\"http:\/\/www.w3.org\/2000\/svg\"  width=\"24\"  height=\"24\"  viewBox=\"0 0 24 24\"  fill=\"none\"  stroke=\"currentColor\"  stroke-width=\"2\"  stroke-linecap=\"round\"  stroke-linejoin=\"round\">  <circle cx=\"12.1\" cy=\"12.1\" r=\"1\" \/><\/svg><\/span><\/div><\/div>\n\n\n\n<p id=\"block-rHQ87fF0CW\" class=\"wp-block-nectar-blocks-text nectar-blocks-text\">Marcello Tar\u00ec, <a href=\"https:\/\/www.settimananews.it\/missioni\/the-mission-un-tratto-della-eredita-di-francesco\/\" target=\"_blank\" rel=\"noreferrer noopener\"><em>The Mission: un tratto dell&#8217;eredit\u00e0 di Francesco<\/em><\/a>, en \u00abSettimana News\u00bb, 23 de agosto de 2025.<\/p>\n<\/div>\n\n\n\n<div class=\"wp-block-nectar-blocks-flex-box nectar-block nectar-blocks-flex-box nectar-blocks-flex-box__inner nectar-blocks-flex-box__wrapper parent-block-block-CKcOP9U2DM\" id=\"block-CKcOP9U2DM\">\n<div class=\"wp-block-nectar-blocks-icon nectar-blocks-icon\" id=\"block-KGnnFLpVLJ\"><div class=\"nectar-blocks-icon__inner\"><span class=\"nectar-component__icon icon-source--lucide\"><!-- @license lucide-static v0.331.0 - ISC --><svg role=\"none\"  class=\"lucide lucide-dot\"  xmlns=\"http:\/\/www.w3.org\/2000\/svg\"  width=\"24\"  height=\"24\"  viewBox=\"0 0 24 24\"  fill=\"none\"  stroke=\"currentColor\"  stroke-width=\"2\"  stroke-linecap=\"round\"  stroke-linejoin=\"round\">  <circle cx=\"12.1\" cy=\"12.1\" r=\"1\" \/><\/svg><\/span><\/div><\/div>\n\n\n\n<p id=\"block-AEPG46FoPW\" class=\"wp-block-nectar-blocks-text nectar-blocks-text\">Rese\u00f1a de Gianmarco Bezzi, en <a href=\"https:\/\/www.apuliatheologica.it\/ojs\/index.php\/at\/article\/view\/127825\/122922\" target=\"_blank\" rel=\"noreferrer noopener\">\u00abApulia theologica\u00bb, 11 (2025\/2) 438-441<\/a>; DOI:<br\/>10.71628\/apth.v11i2.127825 <\/p>\n<\/div>\n\n\n\n<div class=\"wp-block-nectar-blocks-flex-box nectar-block nectar-blocks-flex-box nectar-blocks-flex-box__inner nectar-blocks-flex-box__wrapper parent-block-block-0Yhx2cfhW6\" id=\"block-0Yhx2cfhW6\">\n<div class=\"wp-block-nectar-blocks-icon nectar-blocks-icon\" id=\"block-9S9PCDXvVi\"><div class=\"nectar-blocks-icon__inner\"><span class=\"nectar-component__icon icon-source--lucide\"><!-- @license lucide-static v0.331.0 - ISC --><svg role=\"none\"  class=\"lucide lucide-dot\"  xmlns=\"http:\/\/www.w3.org\/2000\/svg\"  width=\"24\"  height=\"24\"  viewBox=\"0 0 24 24\"  fill=\"none\"  stroke=\"currentColor\"  stroke-width=\"2\"  stroke-linecap=\"round\"  stroke-linejoin=\"round\">  <circle cx=\"12.1\" cy=\"12.1\" r=\"1\" \/><\/svg><\/span><\/div><\/div>\n\n\n\n<p id=\"block-5WDv8vBNG7\" class=\"wp-block-nectar-blocks-text nectar-blocks-text\">Raul Buffo, <a href=\"https:\/\/www.settimananews.it\/reportage-interviste\/primi-gli-ultimi\/\"><em>I primi e gli<\/em> <em>ultimi<\/em><\/a>, en \u00abSettimana News\u00bb, 22 de noviembre de 2025.<\/p>\n<\/div>\n<\/div><\/div>\n<\/div>\n\n<p><\/p>\n","protected":false},"excerpt":{"rendered":"","protected":false},"author":8,"featured_media":5216,"parent":5321,"menu_order":0,"comment_status":"closed","ping_status":"closed","template":"","meta":{"_nectar_blocks_hide_post_title":true,"_nectar_blocks_transparent_header_effect":false,"_nectar_blocks_transparent_header_effect_color":"light","_nectar_blocks_header_animation":false,"_nectar_blocks_header_animation_delay":0,"_nectar_blocks_header_animation_effect":"fade","_nectar_blocks_page_css":"","_nectar_blocks_page_js":"","footnotes":""},"class_list":["post-5337","page","type-page","status-publish","has-post-thumbnail"],"yoast_head":"<!-- This site is optimized with the Yoast SEO plugin v27.2 - https:\/\/yoast.com\/product\/yoast-seo-wordpress\/ -->\n<title>Los \u00faltimos ser\u00e1n los primeros - Ontologia Trinitaria<\/title>\n<meta name=\"description\" content=\"Diccionario Din\u00e1mico de Ontolog\u00eda Trinitaria: un taller abierto de investigaci\u00f3n y estudio. \u00a1Descubra m\u00e1s!\" \/>\n<meta name=\"robots\" content=\"index, follow, max-snippet:-1, max-image-preview:large, max-video-preview:-1\" \/>\n<link rel=\"canonical\" href=\"https:\/\/ontologiatrinitaria.org\/es\/red\/italia\/los-ultimos-seran-los-primeros\/\" \/>\n<meta property=\"og:locale\" content=\"es_ES\" \/>\n<meta property=\"og:type\" content=\"article\" \/>\n<meta property=\"og:title\" content=\"Los \u00faltimos ser\u00e1n los primeros - Ontologia Trinitaria\" \/>\n<meta property=\"og:description\" content=\"Diccionario Din\u00e1mico de Ontolog\u00eda Trinitaria: un taller abierto de investigaci\u00f3n y estudio. \u00a1Descubra m\u00e1s!\" \/>\n<meta property=\"og:url\" content=\"https:\/\/ontologiatrinitaria.org\/es\/red\/italia\/los-ultimos-seran-los-primeros\/\" \/>\n<meta property=\"og:site_name\" content=\"Ontologia Trinitaria\" \/>\n<meta property=\"article:publisher\" content=\"https:\/\/www.facebook.com\/ontologiatrinitaria\" \/>\n<meta property=\"article:modified_time\" content=\"2026-03-11T15:23:22+00:00\" \/>\n<meta property=\"og:image\" content=\"https:\/\/ontologiatrinitaria.org\/wp-content\/uploads\/2025\/12\/gli_ultimi.jpg\" \/>\n\t<meta property=\"og:image:width\" content=\"900\" \/>\n\t<meta property=\"og:image:height\" content=\"900\" \/>\n\t<meta property=\"og:image:type\" content=\"image\/jpeg\" \/>\n<meta name=\"twitter:card\" content=\"summary_large_image\" \/>\n<meta name=\"twitter:label1\" content=\"Tiempo de lectura\" \/>\n\t<meta name=\"twitter:data1\" content=\"3 minutos\" \/>\n<script type=\"application\/ld+json\" class=\"yoast-schema-graph\">{\"@context\":\"https:\/\/schema.org\",\"@graph\":[{\"@type\":\"WebPage\",\"@id\":\"https:\/\/ontologiatrinitaria.org\/es\/red\/italia\/los-ultimos-seran-los-primeros\/\",\"url\":\"https:\/\/ontologiatrinitaria.org\/es\/red\/italia\/los-ultimos-seran-los-primeros\/\",\"name\":\"Los \u00faltimos ser\u00e1n los primeros - Ontologia Trinitaria\",\"isPartOf\":{\"@id\":\"https:\/\/ontologiatrinitaria.org\/es\/#website\"},\"primaryImageOfPage\":{\"@id\":\"https:\/\/ontologiatrinitaria.org\/es\/red\/italia\/los-ultimos-seran-los-primeros\/#primaryimage\"},\"image\":{\"@id\":\"https:\/\/ontologiatrinitaria.org\/es\/red\/italia\/los-ultimos-seran-los-primeros\/#primaryimage\"},\"thumbnailUrl\":\"https:\/\/ontologiatrinitaria.org\/wp-content\/uploads\/2025\/12\/gli_ultimi.jpg\",\"datePublished\":\"2025-12-22T10:57:26+00:00\",\"dateModified\":\"2026-03-11T15:23:22+00:00\",\"description\":\"Diccionario Din\u00e1mico de Ontolog\u00eda Trinitaria: un taller abierto de investigaci\u00f3n y estudio. \u00a1Descubra m\u00e1s!\",\"breadcrumb\":{\"@id\":\"https:\/\/ontologiatrinitaria.org\/es\/red\/italia\/los-ultimos-seran-los-primeros\/#breadcrumb\"},\"inLanguage\":\"es\",\"potentialAction\":[{\"@type\":\"ReadAction\",\"target\":[\"https:\/\/ontologiatrinitaria.org\/es\/red\/italia\/los-ultimos-seran-los-primeros\/\"]}]},{\"@type\":\"ImageObject\",\"inLanguage\":\"es\",\"@id\":\"https:\/\/ontologiatrinitaria.org\/es\/red\/italia\/los-ultimos-seran-los-primeros\/#primaryimage\",\"url\":\"https:\/\/ontologiatrinitaria.org\/wp-content\/uploads\/2025\/12\/gli_ultimi.jpg\",\"contentUrl\":\"https:\/\/ontologiatrinitaria.org\/wp-content\/uploads\/2025\/12\/gli_ultimi.jpg\",\"width\":900,\"height\":900},{\"@type\":\"BreadcrumbList\",\"@id\":\"https:\/\/ontologiatrinitaria.org\/es\/red\/italia\/los-ultimos-seran-los-primeros\/#breadcrumb\",\"itemListElement\":[{\"@type\":\"ListItem\",\"position\":1,\"name\":\"Home\",\"item\":\"https:\/\/ontologiatrinitaria.org\/es\/\"},{\"@type\":\"ListItem\",\"position\":2,\"name\":\"Red\",\"item\":\"https:\/\/ontologiatrinitaria.org\/es\/red\/\"},{\"@type\":\"ListItem\",\"position\":3,\"name\":\"Italia\",\"item\":\"https:\/\/ontologiatrinitaria.org\/es\/red\/italia\/\"},{\"@type\":\"ListItem\",\"position\":4,\"name\":\"Los \u00faltimos ser\u00e1n los primeros\"}]},{\"@type\":\"WebSite\",\"@id\":\"https:\/\/ontologiatrinitaria.org\/es\/#website\",\"url\":\"https:\/\/ontologiatrinitaria.org\/es\/\",\"name\":\"Ontologia Trinitaria\",\"description\":\"Itinerari e ricerche\",\"publisher\":{\"@id\":\"https:\/\/ontologiatrinitaria.org\/es\/#organization\"},\"potentialAction\":[{\"@type\":\"SearchAction\",\"target\":{\"@type\":\"EntryPoint\",\"urlTemplate\":\"https:\/\/ontologiatrinitaria.org\/es\/?s={search_term_string}\"},\"query-input\":{\"@type\":\"PropertyValueSpecification\",\"valueRequired\":true,\"valueName\":\"search_term_string\"}}],\"inLanguage\":\"es\"},{\"@type\":\"Organization\",\"@id\":\"https:\/\/ontologiatrinitaria.org\/es\/#organization\",\"name\":\"Ontologia Trinitaria\",\"url\":\"https:\/\/ontologiatrinitaria.org\/es\/\",\"logo\":{\"@type\":\"ImageObject\",\"inLanguage\":\"es\",\"@id\":\"https:\/\/ontologiatrinitaria.org\/es\/#\/schema\/logo\/image\/\",\"url\":\"https:\/\/ontologiatrinitaria.org\/wp-content\/uploads\/2025\/06\/logo_colore2.png\",\"contentUrl\":\"https:\/\/ontologiatrinitaria.org\/wp-content\/uploads\/2025\/06\/logo_colore2.png\",\"width\":402,\"height\":169,\"caption\":\"Ontologia Trinitaria\"},\"image\":{\"@id\":\"https:\/\/ontologiatrinitaria.org\/es\/#\/schema\/logo\/image\/\"},\"sameAs\":[\"https:\/\/www.facebook.com\/ontologiatrinitaria\",\"https:\/\/www.instagram.com\/ontologiatrinitaria\/\"]}]}<\/script>\n<!-- \/ Yoast SEO plugin. -->","yoast_head_json":{"title":"Los \u00faltimos ser\u00e1n los primeros - Ontologia Trinitaria","description":"Diccionario Din\u00e1mico de Ontolog\u00eda Trinitaria: un taller abierto de investigaci\u00f3n y estudio. \u00a1Descubra m\u00e1s!","robots":{"index":"index","follow":"follow","max-snippet":"max-snippet:-1","max-image-preview":"max-image-preview:large","max-video-preview":"max-video-preview:-1"},"canonical":"https:\/\/ontologiatrinitaria.org\/es\/red\/italia\/los-ultimos-seran-los-primeros\/","og_locale":"es_ES","og_type":"article","og_title":"Los \u00faltimos ser\u00e1n los primeros - Ontologia Trinitaria","og_description":"Diccionario Din\u00e1mico de Ontolog\u00eda Trinitaria: un taller abierto de investigaci\u00f3n y estudio. \u00a1Descubra m\u00e1s!","og_url":"https:\/\/ontologiatrinitaria.org\/es\/red\/italia\/los-ultimos-seran-los-primeros\/","og_site_name":"Ontologia Trinitaria","article_publisher":"https:\/\/www.facebook.com\/ontologiatrinitaria","article_modified_time":"2026-03-11T15:23:22+00:00","og_image":[{"width":900,"height":900,"url":"https:\/\/ontologiatrinitaria.org\/wp-content\/uploads\/2025\/12\/gli_ultimi.jpg","type":"image\/jpeg"}],"twitter_card":"summary_large_image","twitter_misc":{"Tiempo de lectura":"3 minutos"},"schema":{"@context":"https:\/\/schema.org","@graph":[{"@type":"WebPage","@id":"https:\/\/ontologiatrinitaria.org\/es\/red\/italia\/los-ultimos-seran-los-primeros\/","url":"https:\/\/ontologiatrinitaria.org\/es\/red\/italia\/los-ultimos-seran-los-primeros\/","name":"Los \u00faltimos ser\u00e1n los primeros - Ontologia Trinitaria","isPartOf":{"@id":"https:\/\/ontologiatrinitaria.org\/es\/#website"},"primaryImageOfPage":{"@id":"https:\/\/ontologiatrinitaria.org\/es\/red\/italia\/los-ultimos-seran-los-primeros\/#primaryimage"},"image":{"@id":"https:\/\/ontologiatrinitaria.org\/es\/red\/italia\/los-ultimos-seran-los-primeros\/#primaryimage"},"thumbnailUrl":"https:\/\/ontologiatrinitaria.org\/wp-content\/uploads\/2025\/12\/gli_ultimi.jpg","datePublished":"2025-12-22T10:57:26+00:00","dateModified":"2026-03-11T15:23:22+00:00","description":"Diccionario Din\u00e1mico de Ontolog\u00eda Trinitaria: un taller abierto de investigaci\u00f3n y estudio. \u00a1Descubra m\u00e1s!","breadcrumb":{"@id":"https:\/\/ontologiatrinitaria.org\/es\/red\/italia\/los-ultimos-seran-los-primeros\/#breadcrumb"},"inLanguage":"es","potentialAction":[{"@type":"ReadAction","target":["https:\/\/ontologiatrinitaria.org\/es\/red\/italia\/los-ultimos-seran-los-primeros\/"]}]},{"@type":"ImageObject","inLanguage":"es","@id":"https:\/\/ontologiatrinitaria.org\/es\/red\/italia\/los-ultimos-seran-los-primeros\/#primaryimage","url":"https:\/\/ontologiatrinitaria.org\/wp-content\/uploads\/2025\/12\/gli_ultimi.jpg","contentUrl":"https:\/\/ontologiatrinitaria.org\/wp-content\/uploads\/2025\/12\/gli_ultimi.jpg","width":900,"height":900},{"@type":"BreadcrumbList","@id":"https:\/\/ontologiatrinitaria.org\/es\/red\/italia\/los-ultimos-seran-los-primeros\/#breadcrumb","itemListElement":[{"@type":"ListItem","position":1,"name":"Home","item":"https:\/\/ontologiatrinitaria.org\/es\/"},{"@type":"ListItem","position":2,"name":"Red","item":"https:\/\/ontologiatrinitaria.org\/es\/red\/"},{"@type":"ListItem","position":3,"name":"Italia","item":"https:\/\/ontologiatrinitaria.org\/es\/red\/italia\/"},{"@type":"ListItem","position":4,"name":"Los \u00faltimos ser\u00e1n los primeros"}]},{"@type":"WebSite","@id":"https:\/\/ontologiatrinitaria.org\/es\/#website","url":"https:\/\/ontologiatrinitaria.org\/es\/","name":"Ontologia Trinitaria","description":"Itinerari e ricerche","publisher":{"@id":"https:\/\/ontologiatrinitaria.org\/es\/#organization"},"potentialAction":[{"@type":"SearchAction","target":{"@type":"EntryPoint","urlTemplate":"https:\/\/ontologiatrinitaria.org\/es\/?s={search_term_string}"},"query-input":{"@type":"PropertyValueSpecification","valueRequired":true,"valueName":"search_term_string"}}],"inLanguage":"es"},{"@type":"Organization","@id":"https:\/\/ontologiatrinitaria.org\/es\/#organization","name":"Ontologia Trinitaria","url":"https:\/\/ontologiatrinitaria.org\/es\/","logo":{"@type":"ImageObject","inLanguage":"es","@id":"https:\/\/ontologiatrinitaria.org\/es\/#\/schema\/logo\/image\/","url":"https:\/\/ontologiatrinitaria.org\/wp-content\/uploads\/2025\/06\/logo_colore2.png","contentUrl":"https:\/\/ontologiatrinitaria.org\/wp-content\/uploads\/2025\/06\/logo_colore2.png","width":402,"height":169,"caption":"Ontologia Trinitaria"},"image":{"@id":"https:\/\/ontologiatrinitaria.org\/es\/#\/schema\/logo\/image\/"},"sameAs":["https:\/\/www.facebook.com\/ontologiatrinitaria","https:\/\/www.instagram.com\/ontologiatrinitaria\/"]}]}},"_links":{"self":[{"href":"https:\/\/ontologiatrinitaria.org\/es\/wp-json\/wp\/v2\/pages\/5337","targetHints":{"allow":["GET"]}}],"collection":[{"href":"https:\/\/ontologiatrinitaria.org\/es\/wp-json\/wp\/v2\/pages"}],"about":[{"href":"https:\/\/ontologiatrinitaria.org\/es\/wp-json\/wp\/v2\/types\/page"}],"author":[{"embeddable":true,"href":"https:\/\/ontologiatrinitaria.org\/es\/wp-json\/wp\/v2\/users\/8"}],"replies":[{"embeddable":true,"href":"https:\/\/ontologiatrinitaria.org\/es\/wp-json\/wp\/v2\/comments?post=5337"}],"version-history":[{"count":2,"href":"https:\/\/ontologiatrinitaria.org\/es\/wp-json\/wp\/v2\/pages\/5337\/revisions"}],"predecessor-version":[{"id":5341,"href":"https:\/\/ontologiatrinitaria.org\/es\/wp-json\/wp\/v2\/pages\/5337\/revisions\/5341"}],"up":[{"embeddable":true,"href":"https:\/\/ontologiatrinitaria.org\/es\/wp-json\/wp\/v2\/pages\/5321"}],"wp:featuredmedia":[{"embeddable":true,"href":"https:\/\/ontologiatrinitaria.org\/es\/wp-json\/wp\/v2\/media\/5216"}],"wp:attachment":[{"href":"https:\/\/ontologiatrinitaria.org\/es\/wp-json\/wp\/v2\/media?parent=5337"}],"curies":[{"name":"wp","href":"https:\/\/api.w.org\/{rel}","templated":true}]}}