{"id":5361,"date":"2025-05-26T07:36:58","date_gmt":"2025-05-26T07:36:58","guid":{"rendered":"https:\/\/ontologiatrinitaria.org\/hacia-una-cultura-del-encuentro\/"},"modified":"2026-03-11T15:30:36","modified_gmt":"2026-03-11T15:30:36","slug":"hacia-una-cultura-del-encuentro","status":"publish","type":"page","link":"https:\/\/ontologiatrinitaria.org\/es\/red\/america-latina\/hacia-una-cultura-del-encuentro\/","title":{"rendered":"Hacia una cultura del encuentro"},"content":{"rendered":"\n<p><\/p>\n\n<div class=\"wp-block-nectar-blocks-row alignfull nectar-block nectar-blocks-row nectar-blocks-row__inner nectar-blocks-row__wrapper parent-block-block-vToenX3EaI\" id=\"block-vToenX3EaI\">\n<div class=\"wp-block-nectar-blocks-column nectar-blocks-column nectar-block\" id=\"block-vfiJEFX6U4\"><div class=\"nectar-blocks-column__inner nectar-blocks-column__content-wrap parent-block-block-vfiJEFX6U4 nectar-blocks-column__wrapper\"><div class=\"yoast-breadcrumbs ticss-0c0395b4\"><span><span><a href=\"https:\/\/ontologiatrinitaria.org\/es\/\">Home<\/a><\/span> \/ <span><a href=\"https:\/\/ontologiatrinitaria.org\/es\/red\/\">Red<\/a><\/span> \/ <span><a href=\"https:\/\/ontologiatrinitaria.org\/es\/red\/america-latina\/\">Am\u00e9rica Latina<\/a><\/span> \/ <span class=\"breadcrumb_last\" aria-current=\"page\"><strong>Hacia una cultura del encuentro<\/strong><\/span><\/span><\/div><\/div><\/div>\n<\/div>\n\n<div class=\"wp-block-nectar-blocks-row alignfull nectar-block nectar-blocks-row nectar-blocks-row__inner nectar-blocks-row__wrapper parent-block-block-rLhr34Jqmi\" id=\"block-rLhr34Jqmi\">\n<div class=\"wp-block-nectar-blocks-column nectar-blocks-column nectar-block\" id=\"block-1CNFZk0QPg\"><div class=\"nectar-blocks-column__wrapper parent-block-block-1CNFZk0QPg\"><div class=\"nectar-blocks-column__inner nectar-blocks-column__content-wrap parent-block-block-1CNFZk0QPg\">\n<div class=\"wp-block-nectar-blocks-flex-box nectar-block nectar-blocks-flex-box\" id=\"block-r8nKsbr11D\"><div class=\"nectar-blocks-flex-box__wrapper parent-block-block-r8nKsbr11D\"><div class=\"nectar__bg-layers parent-block-block-r8nKsbr11D\"><div class=\"nectar__bg-layer nectar__bg-image lazy-load-bg\"><\/div><\/div><div class=\"nectar-blocks-flex-box__inner parent-block-block-r8nKsbr11D\"><\/div><\/div><\/div>\n<\/div><\/div><\/div>\n\n\n\n<div class=\"wp-block-nectar-blocks-column nectar-blocks-column nectar-block\" id=\"block-BblWsvAMJO\"><div class=\"nectar-blocks-column__wrapper parent-block-block-BblWsvAMJO\"><div class=\"nectar-blocks-column__inner nectar-blocks-column__content-wrap parent-block-block-BblWsvAMJO\">\n<p id=\"block-UfQVflfZev\" class=\"wp-block-nectar-blocks-text nectar-blocks-text nectar-font-h1\">Hacia una cultura del encuentro<\/p>\n\n\n\n<p id=\"block-xgLRoD2dow\" class=\"wp-block-nectar-blocks-text nectar-blocks-text nectar-font-h2\"><strong><em>Para una pastoral en clave trinitaria<\/em><\/strong><\/p>\n\n\n\n<div class=\"wp-block-nectar-blocks-flex-box nectar-block nectar-blocks-flex-box nectar-blocks-flex-box__inner nectar-blocks-flex-box__wrapper parent-block-block-Bbf7NMGx70\" id=\"block-Bbf7NMGx70\">\n<p id=\"block-DpSR5BeN8m\" class=\"wp-block-nectar-blocks-text nectar-blocks-text nectar-font-em\">Colecci\u00f3n<\/p>\n\n\n\n<p id=\"block-ajShyNUMP6\" class=\"wp-block-nectar-blocks-text nectar-blocks-text nectar-font-h3\"><strong><strong>Antropolog\u00eda Trinitaria<\/strong><\/strong>, 3<\/p>\n\n\n\n<div class=\"wp-block-nectar-blocks-divider nectar-blocks-divider\" id=\"block-tmSeh4KviW\"><div class=\"nectar-blocks-divider__inner\"><span class=\"nectar-blocks-divider__line\"><\/span><\/div><\/div>\n\n\n\n<p id=\"block-1ykx8sPuDN\" class=\"wp-block-nectar-blocks-text nectar-blocks-text nectar-font-em\">Autores <\/p>\n\n\n\n<p id=\"block-F4qRg9kATW\" class=\"wp-block-nectar-blocks-text nectar-blocks-text nectar-font-h3\">M.C. Bingemer, P. Casarella, L. Cervi\u00f1o, P. Coda, S. Nuin N\u00fa\u00f1ez, J.C. Scannone, R. Tomnich\u00e1, M.C. Ventura<\/p>\n\n\n\n<div class=\"wp-block-nectar-blocks-divider nectar-blocks-divider\" id=\"block-aeMJA8haxF\"><div class=\"nectar-blocks-divider__inner\"><span class=\"nectar-blocks-divider__line\"><\/span><\/div><\/div>\n\n\n\n<p id=\"block-l7yXv9Y3Ey\" class=\"wp-block-nectar-blocks-text nectar-blocks-text nectar-font-em\">Editores<\/p>\n\n\n\n<p id=\"block-jEepwWp9zt\" class=\"wp-block-nectar-blocks-text nectar-blocks-text nectar-font-h3\"><strong><strong><strong><strong><strong><strong>Alejandro Bertolini y Lucas Cervi\u00f1o<\/strong><\/strong><\/strong><\/strong><\/strong><\/strong><\/p>\n\n\n\n<div class=\"wp-block-nectar-blocks-divider nectar-blocks-divider\" id=\"block-ndnYwua2Xa\"><div class=\"nectar-blocks-divider__inner\"><span class=\"nectar-blocks-divider__line\"><\/span><\/div><\/div>\n\n\n\n<p id=\"block-lV4pcVcamz\" class=\"wp-block-nectar-blocks-text nectar-blocks-text nectar-font-em\">Editorial<\/p>\n\n\n\n<p id=\"block-OwTV7WeNC7\" class=\"wp-block-nectar-blocks-text nectar-blocks-text nectar-font-h3\"><strong>Escuela Social del CELAM<\/strong><\/p>\n\n\n\n<div class=\"wp-block-nectar-blocks-divider nectar-blocks-divider\" id=\"block-QaM8FYNatT\"><div class=\"nectar-blocks-divider__inner\"><span class=\"nectar-blocks-divider__line\"><\/span><\/div><\/div>\n\n\n\n<p id=\"block-pOKbNTHKjM\" class=\"wp-block-nectar-blocks-text nectar-blocks-text nectar-font-em\">A\u00f1o<\/p>\n\n\n\n<p id=\"block-YHk6cGXt1A\" class=\"wp-block-nectar-blocks-text nectar-blocks-text nectar-font-h3\"><strong>2019<\/strong><\/p>\n\n\n\n<p id=\"block-b6GcsEq8Yj\" class=\"wp-block-nectar-blocks-text nectar-blocks-text\"><\/p>\n<\/div>\n\n\n\n<p id=\"block-rkfziSj7x3\" class=\"wp-block-nectar-blocks-text nectar-blocks-text nectar-font-body\">Este volumen, de car\u00e1cter informativo, se suma a la colecci\u00f3n \u00abAntropolog\u00eda Trinitaria\u00bb que coordina el mismo equipo. La generosa disponibilidad de los autores nos brinda la posibilidad de enriquecer la colecci\u00f3n respondiendo a temas actuales desde perspectivas contempor\u00e1neas y dando cuenta de la identidad latinoamericana en di\u00e1logo con la s\u00edntesis m\u00e1s s\u00f3lida e interesante de nuestro tiempo. <\/p>\n\n\n\n<p id=\"block-EUqbeO5VLb\" class=\"wp-block-nectar-blocks-text nectar-blocks-text nectar-font-body\">Para el Papa Francisco, la unidad es la plenitud de la diversidad recogida en una armon\u00eda no exenta de conflicto. Este es el horizonte de la cultura del encuentro que se aborda desde la clave trinitaria, ofreciendo herramientas para un camino pastoral de comuni\u00f3n eclesial que nos lleve a ser Iglesia con un solo coraz\u00f3n y una sola alma. <\/p>\n\n\n\n<div class=\"wp-block-nectar-blocks-button nectar-blocks-button nectar-font-label\" id=\"block-E474HVQOeJ\"><a href=\"mailto:antropologia@ontologiatrinitaria.org\" target=\"_blank\" rel=\"noreferrer noopener\" class=\"nectar__link nectar-blocks-button__inner\"><span class=\"nectar-blocks-button__text\">Solicite el volumen<\/span><span class=\"nectar-component__icon icon-source--remix\"><svg role=\"none\" viewbox=\"0 0 24 24\" fill=\"currentColor\" xmlns=\"http:\/\/www.w3.org\/2000\/svg\"><path d=\"M16.0037 9.41421L7.39712 18.0208L5.98291 16.6066L14.5895 8H7.00373V6H18.0037V17H16.0037V9.41421Z\"><\/path><\/svg><\/span><\/a><\/div>\n<\/div><\/div><\/div>\n<\/div>\n\n<div class=\"wp-block-nectar-blocks-row alignfull nectar-block nectar-blocks-row nectar-blocks-row__inner nectar-blocks-row__wrapper parent-block-block-ljGGXobUlh\" id=\"block-ljGGXobUlh\">\n<div class=\"wp-block-nectar-blocks-column nectar-blocks-column nectar-block\" id=\"block-gLa7HGuyNU\"><div class=\"nectar-blocks-column__inner nectar-blocks-column__content-wrap parent-block-block-gLa7HGuyNU nectar-blocks-column__wrapper\">\n<p id=\"block-51UCAbaH1L\" class=\"wp-block-nectar-blocks-text nectar-blocks-text nectar-font-h2\">Comunicados sobre el volumen<\/p>\n<\/div><\/div>\n<\/div>\n\n<div class=\"wp-block-nectar-blocks-row alignfull nectar-block nectar-blocks-row nectar-blocks-row__inner nectar-blocks-row__wrapper parent-block-block-ptjz9H6vz3\" id=\"block-ptjz9H6vz3\">\n<div class=\"wp-block-nectar-blocks-column nectar-blocks-column nectar-block\" id=\"block-kVVqkjP5hc\"><div class=\"nectar-blocks-column__inner nectar-blocks-column__content-wrap parent-block-block-kVVqkjP5hc nectar-blocks-column__wrapper\">\n<div class=\"wp-block-nectar-blocks-flex-box nectar-block nectar-blocks-flex-box nectar-blocks-flex-box__inner nectar-blocks-flex-box__wrapper parent-block-block-vFuNB40lMz\" id=\"block-vFuNB40lMz\">\n<div class=\"wp-block-nectar-blocks-icon nectar-blocks-icon\" id=\"block-nLRYb5bHfr\"><div class=\"nectar-blocks-icon__inner\"><span class=\"nectar-component__icon icon-source--lucide\"><!-- @license lucide-static v0.331.0 - ISC --><svg role=\"none\"  class=\"lucide lucide-dot\"  xmlns=\"http:\/\/www.w3.org\/2000\/svg\"  width=\"24\"  height=\"24\"  viewBox=\"0 0 24 24\"  fill=\"none\"  stroke=\"currentColor\"  stroke-width=\"2\"  stroke-linecap=\"round\"  stroke-linejoin=\"round\">  <circle cx=\"12.1\" cy=\"12.1\" r=\"1\" \/><\/svg><\/span><\/div><\/div>\n\n\n\n<p id=\"block-tVyNU8Nya4\" class=\"wp-block-nectar-blocks-text nectar-blocks-text\"><a href=\"https:\/\/ontologiatrinitaria.org\/wp-content\/uploads\/2025\/05\/AT1_Para-nuestro-pueblos_indice.pdf\" target=\"_blank\" rel=\"noreferrer noopener\"><\/a><a href=\"https:\/\/ontologiatrinitaria.org\/wp-content\/uploads\/2026\/01\/AT3_Hacia-una-cultura_indice.pdf\" target=\"_blank\" rel=\"noreferrer noopener\">Portada e \u00edndice del volumen<\/a><\/p>\n<\/div>\n<\/div><\/div>\n<\/div>\n\n<p id=\"block-MUEVda1TL3\" class=\"wp-block-nectar-blocks-text nectar-blocks-text\"><\/p>\n\n<p id=\"block-FqUrzF8of6\" class=\"wp-block-nectar-blocks-text nectar-blocks-text\"><\/p>\n","protected":false},"excerpt":{"rendered":"","protected":false},"author":8,"featured_media":5221,"parent":5388,"menu_order":0,"comment_status":"closed","ping_status":"closed","template":"","meta":{"_nectar_blocks_hide_post_title":true,"_nectar_blocks_transparent_header_effect":false,"_nectar_blocks_transparent_header_effect_color":"light","_nectar_blocks_header_animation":false,"_nectar_blocks_header_animation_delay":0,"_nectar_blocks_header_animation_effect":"fade","_nectar_blocks_page_css":"","_nectar_blocks_page_js":"","footnotes":""},"class_list":["post-5361","page","type-page","status-publish","has-post-thumbnail"],"yoast_head":"<!-- This site is optimized with the Yoast SEO plugin v27.2 - https:\/\/yoast.com\/product\/yoast-seo-wordpress\/ -->\n<title>Hacia una cultura del encuentro - Ontologia Trinitaria<\/title>\n<meta name=\"robots\" content=\"index, follow, max-snippet:-1, max-image-preview:large, max-video-preview:-1\" \/>\n<link rel=\"canonical\" href=\"https:\/\/ontologiatrinitaria.org\/es\/red\/america-latina\/hacia-una-cultura-del-encuentro\/\" \/>\n<meta property=\"og:locale\" content=\"es_ES\" \/>\n<meta property=\"og:type\" content=\"article\" \/>\n<meta property=\"og:title\" content=\"Hacia una cultura del encuentro - Ontologia Trinitaria\" \/>\n<meta property=\"og:url\" content=\"https:\/\/ontologiatrinitaria.org\/es\/red\/america-latina\/hacia-una-cultura-del-encuentro\/\" \/>\n<meta property=\"og:site_name\" content=\"Ontologia Trinitaria\" \/>\n<meta property=\"article:publisher\" content=\"https:\/\/www.facebook.com\/ontologiatrinitaria\" \/>\n<meta property=\"article:modified_time\" content=\"2026-03-11T15:30:36+00:00\" \/>\n<meta property=\"og:image\" content=\"https:\/\/ontologiatrinitaria.org\/wp-content\/uploads\/2025\/06\/at3.jpg\" \/>\n\t<meta property=\"og:image:width\" content=\"900\" \/>\n\t<meta property=\"og:image:height\" content=\"900\" \/>\n\t<meta property=\"og:image:type\" content=\"image\/jpeg\" \/>\n<meta name=\"twitter:card\" content=\"summary_large_image\" \/>\n<meta name=\"twitter:label1\" content=\"Tiempo de lectura\" \/>\n\t<meta name=\"twitter:data1\" content=\"1 minuto\" \/>\n<script type=\"application\/ld+json\" class=\"yoast-schema-graph\">{\"@context\":\"https:\/\/schema.org\",\"@graph\":[{\"@type\":\"WebPage\",\"@id\":\"https:\/\/ontologiatrinitaria.org\/es\/red\/america-latina\/hacia-una-cultura-del-encuentro\/\",\"url\":\"https:\/\/ontologiatrinitaria.org\/es\/red\/america-latina\/hacia-una-cultura-del-encuentro\/\",\"name\":\"Hacia una cultura del encuentro - Ontologia Trinitaria\",\"isPartOf\":{\"@id\":\"https:\/\/ontologiatrinitaria.org\/es\/#website\"},\"primaryImageOfPage\":{\"@id\":\"https:\/\/ontologiatrinitaria.org\/es\/red\/america-latina\/hacia-una-cultura-del-encuentro\/#primaryimage\"},\"image\":{\"@id\":\"https:\/\/ontologiatrinitaria.org\/es\/red\/america-latina\/hacia-una-cultura-del-encuentro\/#primaryimage\"},\"thumbnailUrl\":\"https:\/\/ontologiatrinitaria.org\/wp-content\/uploads\/2025\/06\/at3.jpg\",\"datePublished\":\"2025-05-26T07:36:58+00:00\",\"dateModified\":\"2026-03-11T15:30:36+00:00\",\"breadcrumb\":{\"@id\":\"https:\/\/ontologiatrinitaria.org\/es\/red\/america-latina\/hacia-una-cultura-del-encuentro\/#breadcrumb\"},\"inLanguage\":\"es\",\"potentialAction\":[{\"@type\":\"ReadAction\",\"target\":[\"https:\/\/ontologiatrinitaria.org\/es\/red\/america-latina\/hacia-una-cultura-del-encuentro\/\"]}]},{\"@type\":\"ImageObject\",\"inLanguage\":\"es\",\"@id\":\"https:\/\/ontologiatrinitaria.org\/es\/red\/america-latina\/hacia-una-cultura-del-encuentro\/#primaryimage\",\"url\":\"https:\/\/ontologiatrinitaria.org\/wp-content\/uploads\/2025\/06\/at3.jpg\",\"contentUrl\":\"https:\/\/ontologiatrinitaria.org\/wp-content\/uploads\/2025\/06\/at3.jpg\",\"width\":900,\"height\":900},{\"@type\":\"BreadcrumbList\",\"@id\":\"https:\/\/ontologiatrinitaria.org\/es\/red\/america-latina\/hacia-una-cultura-del-encuentro\/#breadcrumb\",\"itemListElement\":[{\"@type\":\"ListItem\",\"position\":1,\"name\":\"Home\",\"item\":\"https:\/\/ontologiatrinitaria.org\/es\/\"},{\"@type\":\"ListItem\",\"position\":2,\"name\":\"Red\",\"item\":\"https:\/\/ontologiatrinitaria.org\/es\/red\/\"},{\"@type\":\"ListItem\",\"position\":3,\"name\":\"Am\u00e9rica Latina\",\"item\":\"https:\/\/ontologiatrinitaria.org\/es\/red\/america-latina\/\"},{\"@type\":\"ListItem\",\"position\":4,\"name\":\"Hacia una cultura del encuentro\"}]},{\"@type\":\"WebSite\",\"@id\":\"https:\/\/ontologiatrinitaria.org\/es\/#website\",\"url\":\"https:\/\/ontologiatrinitaria.org\/es\/\",\"name\":\"Ontologia Trinitaria\",\"description\":\"Itinerari e ricerche\",\"publisher\":{\"@id\":\"https:\/\/ontologiatrinitaria.org\/es\/#organization\"},\"potentialAction\":[{\"@type\":\"SearchAction\",\"target\":{\"@type\":\"EntryPoint\",\"urlTemplate\":\"https:\/\/ontologiatrinitaria.org\/es\/?s={search_term_string}\"},\"query-input\":{\"@type\":\"PropertyValueSpecification\",\"valueRequired\":true,\"valueName\":\"search_term_string\"}}],\"inLanguage\":\"es\"},{\"@type\":\"Organization\",\"@id\":\"https:\/\/ontologiatrinitaria.org\/es\/#organization\",\"name\":\"Ontologia Trinitaria\",\"url\":\"https:\/\/ontologiatrinitaria.org\/es\/\",\"logo\":{\"@type\":\"ImageObject\",\"inLanguage\":\"es\",\"@id\":\"https:\/\/ontologiatrinitaria.org\/es\/#\/schema\/logo\/image\/\",\"url\":\"https:\/\/ontologiatrinitaria.org\/wp-content\/uploads\/2025\/06\/logo_colore2.png\",\"contentUrl\":\"https:\/\/ontologiatrinitaria.org\/wp-content\/uploads\/2025\/06\/logo_colore2.png\",\"width\":402,\"height\":169,\"caption\":\"Ontologia Trinitaria\"},\"image\":{\"@id\":\"https:\/\/ontologiatrinitaria.org\/es\/#\/schema\/logo\/image\/\"},\"sameAs\":[\"https:\/\/www.facebook.com\/ontologiatrinitaria\",\"https:\/\/www.instagram.com\/ontologiatrinitaria\/\"]}]}<\/script>\n<!-- \/ Yoast SEO plugin. -->","yoast_head_json":{"title":"Hacia una cultura del encuentro - Ontologia Trinitaria","robots":{"index":"index","follow":"follow","max-snippet":"max-snippet:-1","max-image-preview":"max-image-preview:large","max-video-preview":"max-video-preview:-1"},"canonical":"https:\/\/ontologiatrinitaria.org\/es\/red\/america-latina\/hacia-una-cultura-del-encuentro\/","og_locale":"es_ES","og_type":"article","og_title":"Hacia una cultura del encuentro - Ontologia Trinitaria","og_url":"https:\/\/ontologiatrinitaria.org\/es\/red\/america-latina\/hacia-una-cultura-del-encuentro\/","og_site_name":"Ontologia Trinitaria","article_publisher":"https:\/\/www.facebook.com\/ontologiatrinitaria","article_modified_time":"2026-03-11T15:30:36+00:00","og_image":[{"width":900,"height":900,"url":"https:\/\/ontologiatrinitaria.org\/wp-content\/uploads\/2025\/06\/at3.jpg","type":"image\/jpeg"}],"twitter_card":"summary_large_image","twitter_misc":{"Tiempo de lectura":"1 minuto"},"schema":{"@context":"https:\/\/schema.org","@graph":[{"@type":"WebPage","@id":"https:\/\/ontologiatrinitaria.org\/es\/red\/america-latina\/hacia-una-cultura-del-encuentro\/","url":"https:\/\/ontologiatrinitaria.org\/es\/red\/america-latina\/hacia-una-cultura-del-encuentro\/","name":"Hacia una cultura del encuentro - Ontologia Trinitaria","isPartOf":{"@id":"https:\/\/ontologiatrinitaria.org\/es\/#website"},"primaryImageOfPage":{"@id":"https:\/\/ontologiatrinitaria.org\/es\/red\/america-latina\/hacia-una-cultura-del-encuentro\/#primaryimage"},"image":{"@id":"https:\/\/ontologiatrinitaria.org\/es\/red\/america-latina\/hacia-una-cultura-del-encuentro\/#primaryimage"},"thumbnailUrl":"https:\/\/ontologiatrinitaria.org\/wp-content\/uploads\/2025\/06\/at3.jpg","datePublished":"2025-05-26T07:36:58+00:00","dateModified":"2026-03-11T15:30:36+00:00","breadcrumb":{"@id":"https:\/\/ontologiatrinitaria.org\/es\/red\/america-latina\/hacia-una-cultura-del-encuentro\/#breadcrumb"},"inLanguage":"es","potentialAction":[{"@type":"ReadAction","target":["https:\/\/ontologiatrinitaria.org\/es\/red\/america-latina\/hacia-una-cultura-del-encuentro\/"]}]},{"@type":"ImageObject","inLanguage":"es","@id":"https:\/\/ontologiatrinitaria.org\/es\/red\/america-latina\/hacia-una-cultura-del-encuentro\/#primaryimage","url":"https:\/\/ontologiatrinitaria.org\/wp-content\/uploads\/2025\/06\/at3.jpg","contentUrl":"https:\/\/ontologiatrinitaria.org\/wp-content\/uploads\/2025\/06\/at3.jpg","width":900,"height":900},{"@type":"BreadcrumbList","@id":"https:\/\/ontologiatrinitaria.org\/es\/red\/america-latina\/hacia-una-cultura-del-encuentro\/#breadcrumb","itemListElement":[{"@type":"ListItem","position":1,"name":"Home","item":"https:\/\/ontologiatrinitaria.org\/es\/"},{"@type":"ListItem","position":2,"name":"Red","item":"https:\/\/ontologiatrinitaria.org\/es\/red\/"},{"@type":"ListItem","position":3,"name":"Am\u00e9rica Latina","item":"https:\/\/ontologiatrinitaria.org\/es\/red\/america-latina\/"},{"@type":"ListItem","position":4,"name":"Hacia una cultura del encuentro"}]},{"@type":"WebSite","@id":"https:\/\/ontologiatrinitaria.org\/es\/#website","url":"https:\/\/ontologiatrinitaria.org\/es\/","name":"Ontologia Trinitaria","description":"Itinerari e ricerche","publisher":{"@id":"https:\/\/ontologiatrinitaria.org\/es\/#organization"},"potentialAction":[{"@type":"SearchAction","target":{"@type":"EntryPoint","urlTemplate":"https:\/\/ontologiatrinitaria.org\/es\/?s={search_term_string}"},"query-input":{"@type":"PropertyValueSpecification","valueRequired":true,"valueName":"search_term_string"}}],"inLanguage":"es"},{"@type":"Organization","@id":"https:\/\/ontologiatrinitaria.org\/es\/#organization","name":"Ontologia Trinitaria","url":"https:\/\/ontologiatrinitaria.org\/es\/","logo":{"@type":"ImageObject","inLanguage":"es","@id":"https:\/\/ontologiatrinitaria.org\/es\/#\/schema\/logo\/image\/","url":"https:\/\/ontologiatrinitaria.org\/wp-content\/uploads\/2025\/06\/logo_colore2.png","contentUrl":"https:\/\/ontologiatrinitaria.org\/wp-content\/uploads\/2025\/06\/logo_colore2.png","width":402,"height":169,"caption":"Ontologia Trinitaria"},"image":{"@id":"https:\/\/ontologiatrinitaria.org\/es\/#\/schema\/logo\/image\/"},"sameAs":["https:\/\/www.facebook.com\/ontologiatrinitaria","https:\/\/www.instagram.com\/ontologiatrinitaria\/"]}]}},"_links":{"self":[{"href":"https:\/\/ontologiatrinitaria.org\/es\/wp-json\/wp\/v2\/pages\/5361","targetHints":{"allow":["GET"]}}],"collection":[{"href":"https:\/\/ontologiatrinitaria.org\/es\/wp-json\/wp\/v2\/pages"}],"about":[{"href":"https:\/\/ontologiatrinitaria.org\/es\/wp-json\/wp\/v2\/types\/page"}],"author":[{"embeddable":true,"href":"https:\/\/ontologiatrinitaria.org\/es\/wp-json\/wp\/v2\/users\/8"}],"replies":[{"embeddable":true,"href":"https:\/\/ontologiatrinitaria.org\/es\/wp-json\/wp\/v2\/comments?post=5361"}],"version-history":[{"count":2,"href":"https:\/\/ontologiatrinitaria.org\/es\/wp-json\/wp\/v2\/pages\/5361\/revisions"}],"predecessor-version":[{"id":5383,"href":"https:\/\/ontologiatrinitaria.org\/es\/wp-json\/wp\/v2\/pages\/5361\/revisions\/5383"}],"up":[{"embeddable":true,"href":"https:\/\/ontologiatrinitaria.org\/es\/wp-json\/wp\/v2\/pages\/5388"}],"wp:featuredmedia":[{"embeddable":true,"href":"https:\/\/ontologiatrinitaria.org\/es\/wp-json\/wp\/v2\/media\/5221"}],"wp:attachment":[{"href":"https:\/\/ontologiatrinitaria.org\/es\/wp-json\/wp\/v2\/media?parent=5361"}],"curies":[{"name":"wp","href":"https:\/\/api.w.org\/{rel}","templated":true}]}}