{"id":5385,"date":"2025-05-25T19:22:09","date_gmt":"2025-05-25T19:22:09","guid":{"rendered":"https:\/\/ontologiatrinitaria.org\/red\/italia\/el-grito\/"},"modified":"2026-03-11T15:30:41","modified_gmt":"2026-03-11T15:30:41","slug":"el-grito","status":"publish","type":"page","link":"https:\/\/ontologiatrinitaria.org\/es\/red\/italia\/el-grito\/","title":{"rendered":"El grito"},"content":{"rendered":"\n<p><\/p>\n\n<div class=\"wp-block-nectar-blocks-row alignfull nectar-block nectar-blocks-row nectar-blocks-row__inner nectar-blocks-row__wrapper parent-block-block-vToenX3EaI\" id=\"block-vToenX3EaI\">\n<div class=\"wp-block-nectar-blocks-column nectar-blocks-column nectar-block\" id=\"block-vfiJEFX6U4\"><div class=\"nectar-blocks-column__inner nectar-blocks-column__content-wrap parent-block-block-vfiJEFX6U4 nectar-blocks-column__wrapper\"><div class=\"yoast-breadcrumbs ticss-0c0395b4\"><span><span><a href=\"https:\/\/ontologiatrinitaria.org\/es\/\">Home<\/a><\/span> \/ <span><a href=\"https:\/\/ontologiatrinitaria.org\/es\/red\/\">Red<\/a><\/span> \/ <span><a href=\"https:\/\/ontologiatrinitaria.org\/es\/red\/italia\/\">Italia<\/a><\/span> \/ <span class=\"breadcrumb_last\" aria-current=\"page\"><strong>El grito<\/strong><\/span><\/span><\/div><\/div><\/div>\n<\/div>\n\n<div class=\"wp-block-nectar-blocks-row alignfull nectar-block nectar-blocks-row nectar-blocks-row__inner nectar-blocks-row__wrapper parent-block-block-rLhr34Jqmi\" id=\"block-rLhr34Jqmi\">\n<div class=\"wp-block-nectar-blocks-column nectar-blocks-column nectar-block\" id=\"block-1CNFZk0QPg\"><div class=\"nectar-blocks-column__wrapper parent-block-block-1CNFZk0QPg\"><div class=\"nectar-blocks-column__inner nectar-blocks-column__content-wrap parent-block-block-1CNFZk0QPg\">\n<div class=\"wp-block-nectar-blocks-flex-box nectar-block nectar-blocks-flex-box\" id=\"block-r8nKsbr11D\"><div class=\"nectar-blocks-flex-box__wrapper parent-block-block-r8nKsbr11D\"><div class=\"nectar__bg-layers parent-block-block-r8nKsbr11D\"><div class=\"nectar__bg-layer nectar__bg-image lazy-load-bg\"><\/div><\/div><div class=\"nectar-blocks-flex-box__inner parent-block-block-r8nKsbr11D\"><\/div><\/div><\/div>\n<\/div><\/div><\/div>\n\n\n\n<div class=\"wp-block-nectar-blocks-column nectar-blocks-column nectar-block\" id=\"block-BblWsvAMJO\"><div class=\"nectar-blocks-column__wrapper parent-block-block-BblWsvAMJO\"><div class=\"nectar-blocks-column__inner nectar-blocks-column__content-wrap parent-block-block-BblWsvAMJO\">\n<p id=\"block-huyIRhx9Bh\" class=\"wp-block-nectar-blocks-text nectar-blocks-text nectar-font-h1\">El grito<\/p>\n\n\n\n<p id=\"block-x5DP5E2MmQ\" class=\"wp-block-nectar-blocks-text nectar-blocks-text nectar-font-h2\">El Arte, la Cosmolog\u00eda, el Crucifijo<\/p>\n\n\n\n<div class=\"wp-block-nectar-blocks-flex-box nectar-block nectar-blocks-flex-box nectar-blocks-flex-box__inner nectar-blocks-flex-box__wrapper parent-block-block-Bbf7NMGx70\" id=\"block-Bbf7NMGx70\">\n<p id=\"block-DpSR5BeN8m\" class=\"wp-block-nectar-blocks-text nectar-blocks-text nectar-font-em\">Colecci\u00f3n<\/p>\n\n\n\n<p id=\"block-ajShyNUMP6\" class=\"wp-block-nectar-blocks-text nectar-blocks-text nectar-font-h3\"><strong><strong>DDOT-4 (<em>Palabras<\/em>\/2)<\/strong><\/strong><\/p>\n\n\n\n<div class=\"wp-block-nectar-blocks-divider nectar-blocks-divider\" id=\"block-tmSeh4KviW\"><div class=\"nectar-blocks-divider__inner\"><span class=\"nectar-blocks-divider__line\"><\/span><\/div><\/div>\n\n\n\n<p id=\"block-1ykx8sPuDN\" class=\"wp-block-nectar-blocks-text nectar-blocks-text nectar-font-em\">Autores <\/p>\n\n\n\n<p id=\"block-F4qRg9kATW\" class=\"wp-block-nectar-blocks-text nectar-blocks-text nectar-font-h3\"><strong><strong>Massimo Don\u00e0, Pasquale Ferrara, Piero Coda<\/strong><\/strong><\/p>\n\n\n\n<div class=\"wp-block-nectar-blocks-divider nectar-blocks-divider\" id=\"block-aeMJA8haxF\"><div class=\"nectar-blocks-divider__inner\"><span class=\"nectar-blocks-divider__line\"><\/span><\/div><\/div>\n\n\n\n<p id=\"block-l7yXv9Y3Ey\" class=\"wp-block-nectar-blocks-text nectar-blocks-text nectar-font-em\">Editores<\/p>\n\n\n\n<p id=\"block-jEepwWp9zt\" class=\"wp-block-nectar-blocks-text nectar-blocks-text nectar-font-h3\"><strong><strong>Alessandro Clemenzia y Marco Martino<\/strong><\/strong><\/p>\n\n\n\n<div class=\"wp-block-nectar-blocks-divider nectar-blocks-divider\" id=\"block-ndnYwua2Xa\"><div class=\"nectar-blocks-divider__inner\"><span class=\"nectar-blocks-divider__line\"><\/span><\/div><\/div>\n\n\n\n<p id=\"block-lV4pcVcamz\" class=\"wp-block-nectar-blocks-text nectar-blocks-text nectar-font-em\">Editorial<\/p>\n\n\n\n<p id=\"block-OwTV7WeNC7\" class=\"wp-block-nectar-blocks-text nectar-blocks-text nectar-font-h3\"><strong>Citt\u00e0 Nuova<\/strong><\/p>\n\n\n\n<div class=\"wp-block-nectar-blocks-divider nectar-blocks-divider\" id=\"block-QaM8FYNatT\"><div class=\"nectar-blocks-divider__inner\"><span class=\"nectar-blocks-divider__line\"><\/span><\/div><\/div>\n\n\n\n<p id=\"block-pOKbNTHKjM\" class=\"wp-block-nectar-blocks-text nectar-blocks-text nectar-font-em\">A\u00f1o<\/p>\n\n\n\n<p id=\"block-YHk6cGXt1A\" class=\"wp-block-nectar-blocks-text nectar-blocks-text nectar-font-h3\"><strong>2023<\/strong><\/p>\n\n\n\n<p id=\"block-b6GcsEq8Yj\" class=\"wp-block-nectar-blocks-text nectar-blocks-text\"><\/p>\n<\/div>\n\n\n\n<p id=\"block-rkfziSj7x3\" class=\"wp-block-nectar-blocks-text nectar-blocks-text nectar-font-body\">El cuarto volumen del Diccionario Din\u00e1mico de Ontolog\u00eda Trinitaria (DDOT-4), Citt\u00e0 Nuova, 2023, ofrece el fruto de la investigaci\u00f3n realizada desde la perspectiva del pensamiento relacional en torno a este lema tan significativo y de extrema actualidad.<\/p>\n\n\n\n<p>Nada como el grito cuestiona e interpela al ser: al propio, al de los dem\u00e1s, al del todo, al de Dios. Y si no hay ni puede haber una existencia que no est\u00e9 atravesada hasta el coraz\u00f3n por el grito, hay \u00e9pocas en las que el grito se revela, en toda su decisiva tragicidad, como la cifra de aquello que en lo m\u00e1s profundo hiere la carne y el esp\u00edritu del hombre y que mudo gime en todos los seres que pueblan la tierra. <\/p>\n\n\n\n<p id=\"block-b3SzsT2ZUr\" class=\"wp-block-nectar-blocks-text nectar-blocks-text nectar-font-body\">Los tres \u00abensayos\u00bb que se proponen a continuaci\u00f3n articulan una mirada trial\u00f3gica sobre la realidad puesta al desnudo por el grito desde el punto de vista del arte, la geopol\u00edtica y la teolog\u00eda: <strong>Massimo Don\u00e0<\/strong>, <em>Desde un abismo insondable. El \u00abgrito\u00bb del arte<\/em>; <strong>Pasquale Ferrara, <\/strong><em>Polis, globus, cosmos. Transiciones cr\u00edticas en la pol\u00edtica mundial<\/em>; <strong>Piero Coda, <\/strong><em>El grito y el umbral o del acceso a la tierra de la omoousia<\/em>.<\/p>\n\n\n\n<div class=\"wp-block-nectar-blocks-row nectar-block nectar-blocks-row nectar-blocks-row__inner nectar-blocks-row__wrapper parent-block-block-q8Q0sMGM1a\" id=\"block-q8Q0sMGM1a\">\n<div class=\"wp-block-nectar-blocks-column nectar-blocks-column nectar-block\" id=\"block-XE9HTC0DgZ\"><div class=\"nectar-blocks-column__inner nectar-blocks-column__content-wrap parent-block-block-XE9HTC0DgZ nectar-blocks-column__wrapper\">\n<div class=\"wp-block-nectar-blocks-button nectar-blocks-button nectar-font-label\" id=\"block-bPfWNhckFg\"><a href=\"https:\/\/edizionicittanuova.it\/prodotto\/il-grido-2\/\" target=\"_blank\" rel=\"noreferrer noopener\" class=\"nectar__link nectar-blocks-button__inner\"><span class=\"nectar-blocks-button__text\">Comprar el volumen<\/span><span class=\"nectar-component__icon icon-source--remix\"><svg role=\"none\" viewbox=\"0 0 24 24\" fill=\"currentColor\" xmlns=\"http:\/\/www.w3.org\/2000\/svg\"><path d=\"M16.0037 9.41421L7.39712 18.0208L5.98291 16.6066L14.5895 8H7.00373V6H18.0037V17H16.0037V9.41421Z\"><\/path><\/svg><\/span><\/a><\/div>\n<\/div><\/div>\n\n\n\n<div class=\"wp-block-nectar-blocks-column nectar-blocks-column nectar-block\" id=\"block-rPS9SMXzuX\"><div class=\"nectar-blocks-column__inner nectar-blocks-column__content-wrap parent-block-block-rPS9SMXzuX nectar-blocks-column__wrapper\">\n<div class=\"wp-block-nectar-blocks-button nectar-blocks-button nectar-font-label\" id=\"block-4nopBqy3r7\"><a href=\"https:\/\/edizionicittanuova.it\/prodotto\/il-grido-3\/\" target=\"_blank\" rel=\"noreferrer noopener\" class=\"nectar__link nectar-blocks-button__inner\"><span class=\"nectar-blocks-button__text\">ebook<\/span><span class=\"nectar-component__icon icon-source--remix\"><svg role=\"none\" viewbox=\"0 0 24 24\" fill=\"currentColor\" xmlns=\"http:\/\/www.w3.org\/2000\/svg\"><path d=\"M16.0037 9.41421L7.39712 18.0208L5.98291 16.6066L14.5895 8H7.00373V6H18.0037V17H16.0037V9.41421Z\"><\/path><\/svg><\/span><\/a><\/div>\n<\/div><\/div>\n<\/div>\n<\/div><\/div><\/div>\n<\/div>\n\n<div class=\"wp-block-nectar-blocks-row alignfull nectar-block nectar-blocks-row nectar-blocks-row__inner nectar-blocks-row__wrapper parent-block-block-ljGGXobUlh\" id=\"block-ljGGXobUlh\">\n<div class=\"wp-block-nectar-blocks-column nectar-blocks-column nectar-block\" id=\"block-gLa7HGuyNU\"><div class=\"nectar-blocks-column__inner nectar-blocks-column__content-wrap parent-block-block-gLa7HGuyNU nectar-blocks-column__wrapper\">\n<p id=\"block-51UCAbaH1L\" class=\"wp-block-nectar-blocks-text nectar-blocks-text nectar-font-h2\">Comunicados y rese\u00f1as sobre el volumen<\/p>\n<\/div><\/div>\n<\/div>\n\n<div class=\"wp-block-nectar-blocks-row alignfull nectar-block nectar-blocks-row nectar-blocks-row__inner nectar-blocks-row__wrapper parent-block-block-ptjz9H6vz3\" id=\"block-ptjz9H6vz3\">\n<div class=\"wp-block-nectar-blocks-column nectar-blocks-column nectar-block\" id=\"block-kVVqkjP5hc\"><div class=\"nectar-blocks-column__inner nectar-blocks-column__content-wrap parent-block-block-kVVqkjP5hc nectar-blocks-column__wrapper\">\n<div class=\"wp-block-nectar-blocks-flex-box nectar-block nectar-blocks-flex-box nectar-blocks-flex-box__inner nectar-blocks-flex-box__wrapper parent-block-block-vFuNB40lMz\" id=\"block-vFuNB40lMz\">\n<div class=\"wp-block-nectar-blocks-icon nectar-blocks-icon\" id=\"block-nLRYb5bHfr\"><div class=\"nectar-blocks-icon__inner\"><span class=\"nectar-component__icon icon-source--lucide\"><!-- @license lucide-static v0.331.0 - ISC --><svg role=\"none\"  class=\"lucide lucide-dot\"  xmlns=\"http:\/\/www.w3.org\/2000\/svg\"  width=\"24\"  height=\"24\"  viewBox=\"0 0 24 24\"  fill=\"none\"  stroke=\"currentColor\"  stroke-width=\"2\"  stroke-linecap=\"round\"  stroke-linejoin=\"round\">  <circle cx=\"12.1\" cy=\"12.1\" r=\"1\" \/><\/svg><\/span><\/div><\/div>\n\n\n\n<p id=\"block-tVyNU8Nya4\" class=\"wp-block-nectar-blocks-text nectar-blocks-text\"><a href=\"https:\/\/ontologiatrinitaria.org\/wp-content\/uploads\/2026\/01\/ddot-4-comitato-e-indice.pdf\" target=\"_blank\" rel=\"noreferrer noopener\">\u00cdndice del volumen y Comit\u00e9 Cient\u00edfico<\/a><\/p>\n<\/div>\n\n\n\n<div class=\"wp-block-nectar-blocks-flex-box nectar-block nectar-blocks-flex-box nectar-blocks-flex-box__inner nectar-blocks-flex-box__wrapper parent-block-block-TiTBlL2VOb\" id=\"block-TiTBlL2VOb\">\n<div class=\"wp-block-nectar-blocks-icon nectar-blocks-icon\" id=\"block-Ml12Y30BDi\"><div class=\"nectar-blocks-icon__inner\"><span class=\"nectar-component__icon icon-source--lucide\"><!-- @license lucide-static v0.331.0 - ISC --><svg role=\"none\"  class=\"lucide lucide-dot\"  xmlns=\"http:\/\/www.w3.org\/2000\/svg\"  width=\"24\"  height=\"24\"  viewBox=\"0 0 24 24\"  fill=\"none\"  stroke=\"currentColor\"  stroke-width=\"2\"  stroke-linecap=\"round\"  stroke-linejoin=\"round\">  <circle cx=\"12.1\" cy=\"12.1\" r=\"1\" \/><\/svg><\/span><\/div><\/div>\n\n\n\n<p id=\"block-YD9DGxfSth\" class=\"wp-block-nectar-blocks-text nectar-blocks-text\"><a href=\"https:\/\/youtu.be\/_QPCe0m1VSY\" target=\"_blank\" rel=\"noreferrer noopener\">Vuelva a ver aqu\u00ed la entrevista<\/a> de Massimo Don\u00e0 concedida el 7 de abril de 2023 al te\u00f3logo Robert Cheaib presentando su ensayo <em>Desde un abismo insondable. El \u00abgrito\u00bb del arte<\/em> en el volumen DDOT-4<\/p>\n<\/div>\n\n\n\n<div class=\"wp-block-nectar-blocks-flex-box nectar-block nectar-blocks-flex-box nectar-blocks-flex-box__inner nectar-blocks-flex-box__wrapper parent-block-block-LWk6c77H4w\" id=\"block-LWk6c77H4w\">\n<div class=\"wp-block-nectar-blocks-icon nectar-blocks-icon\" id=\"block-QbC7oAJfRk\"><div class=\"nectar-blocks-icon__inner\"><span class=\"nectar-component__icon icon-source--lucide\"><!-- @license lucide-static v0.331.0 - ISC --><svg role=\"none\"  class=\"lucide lucide-dot\"  xmlns=\"http:\/\/www.w3.org\/2000\/svg\"  width=\"24\"  height=\"24\"  viewBox=\"0 0 24 24\"  fill=\"none\"  stroke=\"currentColor\"  stroke-width=\"2\"  stroke-linecap=\"round\"  stroke-linejoin=\"round\">  <circle cx=\"12.1\" cy=\"12.1\" r=\"1\" \/><\/svg><\/span><\/div><\/div>\n\n\n\n<p id=\"block-81RMIkd6v5\" class=\"wp-block-nectar-blocks-text nectar-blocks-text\"><a href=\"https:\/\/www.youtube.com\/watch?v=3PZbX4A5mAs\" target=\"_blank\" rel=\"noreferrer noopener\">Vuelva a ver aqu\u00ed<\/a> la presentaci\u00f3n online del volumen en la Mesa Redonda \u00abPalabras para pensar el hoy\u00bb, el 17 de marzo de 2023.<\/p>\n<\/div>\n<\/div><\/div>\n<\/div>\n\n<p id=\"block-f2buUSHBig\" class=\"wp-block-nectar-blocks-text nectar-blocks-text\"><\/p>\n\n<p id=\"block-o2evRJ7Yb7\" class=\"wp-block-nectar-blocks-text nectar-blocks-text\"><\/p>\n","protected":false},"excerpt":{"rendered":"","protected":false},"author":8,"featured_media":5213,"parent":5321,"menu_order":0,"comment_status":"closed","ping_status":"closed","template":"","meta":{"_nectar_blocks_hide_post_title":true,"_nectar_blocks_transparent_header_effect":false,"_nectar_blocks_transparent_header_effect_color":"light","_nectar_blocks_header_animation":false,"_nectar_blocks_header_animation_delay":0,"_nectar_blocks_header_animation_effect":"fade","_nectar_blocks_page_css":"","_nectar_blocks_page_js":"","footnotes":""},"class_list":["post-5385","page","type-page","status-publish","has-post-thumbnail"],"yoast_head":"<!-- This site is optimized with the Yoast SEO plugin v27.2 - https:\/\/yoast.com\/product\/yoast-seo-wordpress\/ -->\n<title>El grito - Ontologia Trinitaria<\/title>\n<meta name=\"robots\" content=\"index, follow, max-snippet:-1, max-image-preview:large, max-video-preview:-1\" \/>\n<link rel=\"canonical\" href=\"https:\/\/ontologiatrinitaria.org\/es\/red\/italia\/el-grito\/\" \/>\n<meta property=\"og:locale\" content=\"es_ES\" \/>\n<meta property=\"og:type\" content=\"article\" \/>\n<meta property=\"og:title\" content=\"El grito - Ontologia Trinitaria\" \/>\n<meta property=\"og:url\" content=\"https:\/\/ontologiatrinitaria.org\/es\/red\/italia\/el-grito\/\" \/>\n<meta property=\"og:site_name\" content=\"Ontologia Trinitaria\" \/>\n<meta property=\"article:publisher\" content=\"https:\/\/www.facebook.com\/ontologiatrinitaria\" \/>\n<meta property=\"article:modified_time\" content=\"2026-03-11T15:30:41+00:00\" \/>\n<meta property=\"og:image\" content=\"https:\/\/ontologiatrinitaria.org\/wp-content\/uploads\/2025\/06\/grido.jpg\" \/>\n\t<meta property=\"og:image:width\" content=\"900\" \/>\n\t<meta property=\"og:image:height\" content=\"900\" \/>\n\t<meta property=\"og:image:type\" content=\"image\/jpeg\" \/>\n<meta name=\"twitter:card\" content=\"summary_large_image\" \/>\n<meta name=\"twitter:label1\" content=\"Tiempo de lectura\" \/>\n\t<meta name=\"twitter:data1\" content=\"2 minutos\" \/>\n<script type=\"application\/ld+json\" class=\"yoast-schema-graph\">{\"@context\":\"https:\/\/schema.org\",\"@graph\":[{\"@type\":\"WebPage\",\"@id\":\"https:\/\/ontologiatrinitaria.org\/es\/red\/italia\/el-grito\/\",\"url\":\"https:\/\/ontologiatrinitaria.org\/es\/red\/italia\/el-grito\/\",\"name\":\"El grito - Ontologia Trinitaria\",\"isPartOf\":{\"@id\":\"https:\/\/ontologiatrinitaria.org\/es\/#website\"},\"primaryImageOfPage\":{\"@id\":\"https:\/\/ontologiatrinitaria.org\/es\/red\/italia\/el-grito\/#primaryimage\"},\"image\":{\"@id\":\"https:\/\/ontologiatrinitaria.org\/es\/red\/italia\/el-grito\/#primaryimage\"},\"thumbnailUrl\":\"https:\/\/ontologiatrinitaria.org\/wp-content\/uploads\/2025\/06\/grido.jpg\",\"datePublished\":\"2025-05-25T19:22:09+00:00\",\"dateModified\":\"2026-03-11T15:30:41+00:00\",\"breadcrumb\":{\"@id\":\"https:\/\/ontologiatrinitaria.org\/es\/red\/italia\/el-grito\/#breadcrumb\"},\"inLanguage\":\"es\",\"potentialAction\":[{\"@type\":\"ReadAction\",\"target\":[\"https:\/\/ontologiatrinitaria.org\/es\/red\/italia\/el-grito\/\"]}]},{\"@type\":\"ImageObject\",\"inLanguage\":\"es\",\"@id\":\"https:\/\/ontologiatrinitaria.org\/es\/red\/italia\/el-grito\/#primaryimage\",\"url\":\"https:\/\/ontologiatrinitaria.org\/wp-content\/uploads\/2025\/06\/grido.jpg\",\"contentUrl\":\"https:\/\/ontologiatrinitaria.org\/wp-content\/uploads\/2025\/06\/grido.jpg\",\"width\":900,\"height\":900},{\"@type\":\"BreadcrumbList\",\"@id\":\"https:\/\/ontologiatrinitaria.org\/es\/red\/italia\/el-grito\/#breadcrumb\",\"itemListElement\":[{\"@type\":\"ListItem\",\"position\":1,\"name\":\"Home\",\"item\":\"https:\/\/ontologiatrinitaria.org\/es\/\"},{\"@type\":\"ListItem\",\"position\":2,\"name\":\"Red\",\"item\":\"https:\/\/ontologiatrinitaria.org\/es\/red\/\"},{\"@type\":\"ListItem\",\"position\":3,\"name\":\"Italia\",\"item\":\"https:\/\/ontologiatrinitaria.org\/es\/red\/italia\/\"},{\"@type\":\"ListItem\",\"position\":4,\"name\":\"El grito\"}]},{\"@type\":\"WebSite\",\"@id\":\"https:\/\/ontologiatrinitaria.org\/es\/#website\",\"url\":\"https:\/\/ontologiatrinitaria.org\/es\/\",\"name\":\"Ontologia Trinitaria\",\"description\":\"Itinerari e ricerche\",\"publisher\":{\"@id\":\"https:\/\/ontologiatrinitaria.org\/es\/#organization\"},\"potentialAction\":[{\"@type\":\"SearchAction\",\"target\":{\"@type\":\"EntryPoint\",\"urlTemplate\":\"https:\/\/ontologiatrinitaria.org\/es\/?s={search_term_string}\"},\"query-input\":{\"@type\":\"PropertyValueSpecification\",\"valueRequired\":true,\"valueName\":\"search_term_string\"}}],\"inLanguage\":\"es\"},{\"@type\":\"Organization\",\"@id\":\"https:\/\/ontologiatrinitaria.org\/es\/#organization\",\"name\":\"Ontologia Trinitaria\",\"url\":\"https:\/\/ontologiatrinitaria.org\/es\/\",\"logo\":{\"@type\":\"ImageObject\",\"inLanguage\":\"es\",\"@id\":\"https:\/\/ontologiatrinitaria.org\/es\/#\/schema\/logo\/image\/\",\"url\":\"https:\/\/ontologiatrinitaria.org\/wp-content\/uploads\/2025\/06\/logo_colore2.png\",\"contentUrl\":\"https:\/\/ontologiatrinitaria.org\/wp-content\/uploads\/2025\/06\/logo_colore2.png\",\"width\":402,\"height\":169,\"caption\":\"Ontologia Trinitaria\"},\"image\":{\"@id\":\"https:\/\/ontologiatrinitaria.org\/es\/#\/schema\/logo\/image\/\"},\"sameAs\":[\"https:\/\/www.facebook.com\/ontologiatrinitaria\",\"https:\/\/www.instagram.com\/ontologiatrinitaria\/\"]}]}<\/script>\n<!-- \/ Yoast SEO plugin. -->","yoast_head_json":{"title":"El grito - Ontologia Trinitaria","robots":{"index":"index","follow":"follow","max-snippet":"max-snippet:-1","max-image-preview":"max-image-preview:large","max-video-preview":"max-video-preview:-1"},"canonical":"https:\/\/ontologiatrinitaria.org\/es\/red\/italia\/el-grito\/","og_locale":"es_ES","og_type":"article","og_title":"El grito - Ontologia Trinitaria","og_url":"https:\/\/ontologiatrinitaria.org\/es\/red\/italia\/el-grito\/","og_site_name":"Ontologia Trinitaria","article_publisher":"https:\/\/www.facebook.com\/ontologiatrinitaria","article_modified_time":"2026-03-11T15:30:41+00:00","og_image":[{"width":900,"height":900,"url":"https:\/\/ontologiatrinitaria.org\/wp-content\/uploads\/2025\/06\/grido.jpg","type":"image\/jpeg"}],"twitter_card":"summary_large_image","twitter_misc":{"Tiempo de lectura":"2 minutos"},"schema":{"@context":"https:\/\/schema.org","@graph":[{"@type":"WebPage","@id":"https:\/\/ontologiatrinitaria.org\/es\/red\/italia\/el-grito\/","url":"https:\/\/ontologiatrinitaria.org\/es\/red\/italia\/el-grito\/","name":"El grito - Ontologia Trinitaria","isPartOf":{"@id":"https:\/\/ontologiatrinitaria.org\/es\/#website"},"primaryImageOfPage":{"@id":"https:\/\/ontologiatrinitaria.org\/es\/red\/italia\/el-grito\/#primaryimage"},"image":{"@id":"https:\/\/ontologiatrinitaria.org\/es\/red\/italia\/el-grito\/#primaryimage"},"thumbnailUrl":"https:\/\/ontologiatrinitaria.org\/wp-content\/uploads\/2025\/06\/grido.jpg","datePublished":"2025-05-25T19:22:09+00:00","dateModified":"2026-03-11T15:30:41+00:00","breadcrumb":{"@id":"https:\/\/ontologiatrinitaria.org\/es\/red\/italia\/el-grito\/#breadcrumb"},"inLanguage":"es","potentialAction":[{"@type":"ReadAction","target":["https:\/\/ontologiatrinitaria.org\/es\/red\/italia\/el-grito\/"]}]},{"@type":"ImageObject","inLanguage":"es","@id":"https:\/\/ontologiatrinitaria.org\/es\/red\/italia\/el-grito\/#primaryimage","url":"https:\/\/ontologiatrinitaria.org\/wp-content\/uploads\/2025\/06\/grido.jpg","contentUrl":"https:\/\/ontologiatrinitaria.org\/wp-content\/uploads\/2025\/06\/grido.jpg","width":900,"height":900},{"@type":"BreadcrumbList","@id":"https:\/\/ontologiatrinitaria.org\/es\/red\/italia\/el-grito\/#breadcrumb","itemListElement":[{"@type":"ListItem","position":1,"name":"Home","item":"https:\/\/ontologiatrinitaria.org\/es\/"},{"@type":"ListItem","position":2,"name":"Red","item":"https:\/\/ontologiatrinitaria.org\/es\/red\/"},{"@type":"ListItem","position":3,"name":"Italia","item":"https:\/\/ontologiatrinitaria.org\/es\/red\/italia\/"},{"@type":"ListItem","position":4,"name":"El grito"}]},{"@type":"WebSite","@id":"https:\/\/ontologiatrinitaria.org\/es\/#website","url":"https:\/\/ontologiatrinitaria.org\/es\/","name":"Ontologia Trinitaria","description":"Itinerari e ricerche","publisher":{"@id":"https:\/\/ontologiatrinitaria.org\/es\/#organization"},"potentialAction":[{"@type":"SearchAction","target":{"@type":"EntryPoint","urlTemplate":"https:\/\/ontologiatrinitaria.org\/es\/?s={search_term_string}"},"query-input":{"@type":"PropertyValueSpecification","valueRequired":true,"valueName":"search_term_string"}}],"inLanguage":"es"},{"@type":"Organization","@id":"https:\/\/ontologiatrinitaria.org\/es\/#organization","name":"Ontologia Trinitaria","url":"https:\/\/ontologiatrinitaria.org\/es\/","logo":{"@type":"ImageObject","inLanguage":"es","@id":"https:\/\/ontologiatrinitaria.org\/es\/#\/schema\/logo\/image\/","url":"https:\/\/ontologiatrinitaria.org\/wp-content\/uploads\/2025\/06\/logo_colore2.png","contentUrl":"https:\/\/ontologiatrinitaria.org\/wp-content\/uploads\/2025\/06\/logo_colore2.png","width":402,"height":169,"caption":"Ontologia Trinitaria"},"image":{"@id":"https:\/\/ontologiatrinitaria.org\/es\/#\/schema\/logo\/image\/"},"sameAs":["https:\/\/www.facebook.com\/ontologiatrinitaria","https:\/\/www.instagram.com\/ontologiatrinitaria\/"]}]}},"_links":{"self":[{"href":"https:\/\/ontologiatrinitaria.org\/es\/wp-json\/wp\/v2\/pages\/5385","targetHints":{"allow":["GET"]}}],"collection":[{"href":"https:\/\/ontologiatrinitaria.org\/es\/wp-json\/wp\/v2\/pages"}],"about":[{"href":"https:\/\/ontologiatrinitaria.org\/es\/wp-json\/wp\/v2\/types\/page"}],"author":[{"embeddable":true,"href":"https:\/\/ontologiatrinitaria.org\/es\/wp-json\/wp\/v2\/users\/8"}],"replies":[{"embeddable":true,"href":"https:\/\/ontologiatrinitaria.org\/es\/wp-json\/wp\/v2\/comments?post=5385"}],"version-history":[{"count":2,"href":"https:\/\/ontologiatrinitaria.org\/es\/wp-json\/wp\/v2\/pages\/5385\/revisions"}],"predecessor-version":[{"id":5405,"href":"https:\/\/ontologiatrinitaria.org\/es\/wp-json\/wp\/v2\/pages\/5385\/revisions\/5405"}],"up":[{"embeddable":true,"href":"https:\/\/ontologiatrinitaria.org\/es\/wp-json\/wp\/v2\/pages\/5321"}],"wp:featuredmedia":[{"embeddable":true,"href":"https:\/\/ontologiatrinitaria.org\/es\/wp-json\/wp\/v2\/media\/5213"}],"wp:attachment":[{"href":"https:\/\/ontologiatrinitaria.org\/es\/wp-json\/wp\/v2\/media?parent=5385"}],"curies":[{"name":"wp","href":"https:\/\/api.w.org\/{rel}","templated":true}]}}