{"id":5388,"date":"2024-09-24T13:36:35","date_gmt":"2024-09-24T13:36:35","guid":{"rendered":"https:\/\/ontologiatrinitaria.org\/red\/america-latina\/"},"modified":"2026-03-11T15:37:16","modified_gmt":"2026-03-11T15:37:16","slug":"america-latina","status":"publish","type":"page","link":"https:\/\/ontologiatrinitaria.org\/es\/red\/america-latina\/","title":{"rendered":"Am\u00e9rica Latina"},"content":{"rendered":"\n<p><\/p>\n\n<div class=\"wp-block-nectar-blocks-row alignfull nectar-block nectar-blocks-row nectar-blocks-row__inner nectar-blocks-row__wrapper parent-block-block-vToenX3EaI\" id=\"block-vToenX3EaI\">\n<div class=\"wp-block-nectar-blocks-column nectar-blocks-column nectar-block\" id=\"block-vfiJEFX6U4\"><div class=\"nectar-blocks-column__inner nectar-blocks-column__content-wrap parent-block-block-vfiJEFX6U4 nectar-blocks-column__wrapper\"><div class=\"yoast-breadcrumbs ticss-0c0395b4\"><span><span><a href=\"https:\/\/ontologiatrinitaria.org\/es\/\">Home<\/a><\/span> \/ <span><a href=\"https:\/\/ontologiatrinitaria.org\/es\/red\/\">Red<\/a><\/span> \/ <span class=\"breadcrumb_last\" aria-current=\"page\"><strong>Am\u00e9rica Latina<\/strong><\/span><\/span><\/div><\/div><\/div>\n<\/div>\n\n<div class=\"wp-block-nectar-blocks-row alignfull nectar-block nectar-blocks-row nectar-blocks-row__inner nectar-blocks-row__wrapper parent-block-block-RiXzMu7xEm\" id=\"block-RiXzMu7xEm\">\n<div class=\"wp-block-nectar-blocks-column nectar-blocks-column nectar-block\" id=\"block-ZHaI8h43g9\"><div class=\"nectar-blocks-column__inner nectar-blocks-column__content-wrap parent-block-block-ZHaI8h43g9 nectar-blocks-column__wrapper\">\n<div class=\"wp-block-nectar-blocks-row alignfull nectar-block nectar-blocks-row nectar-blocks-row__inner nectar-blocks-row__wrapper parent-block-block-A35zKg3RIh\" id=\"block-A35zKg3RIh\">\n<div class=\"wp-block-nectar-blocks-column nectar-blocks-column nectar-block\" id=\"block-pLEMof5UG7\"><div class=\"nectar-blocks-column__wrapper parent-block-block-pLEMof5UG7\"><div class=\"nectar-blocks-column__inner nectar-blocks-column__content-wrap parent-block-block-pLEMof5UG7\">\n<h3 id=\"block-ACGcy9ScvP\" class=\"wp-block-nectar-blocks-text nectar-blocks-text nectar-font-h1\">La ontolog\u00eda trinitaria en Am\u00e9rica Latina: un trabajo de investigaci\u00f3n entre antropolog\u00eda y trinitaria<\/h3>\n<\/div><\/div><\/div>\n<\/div>\n\n\n\n<div class=\"wp-block-nectar-blocks-row nectar-block nectar-blocks-row nectar-blocks-row__inner nectar-blocks-row__wrapper parent-block-block-02BUJfScHd\" id=\"block-02BUJfScHd\">\n<div class=\"wp-block-nectar-blocks-column nectar-blocks-column nectar-block nectar-hidden-mobile\" id=\"block-7zXyOITsPn\"><div class=\"nectar-blocks-column__inner nectar-blocks-column__content-wrap parent-block-block-7zXyOITsPn nectar-blocks-column__wrapper\"><\/div><\/div>\n\n\n\n<div class=\"wp-block-nectar-blocks-column nectar-blocks-column nectar-block\" id=\"block-kTS8QgfqX7\"><div class=\"nectar-blocks-column__wrapper parent-block-block-kTS8QgfqX7\"><div class=\"nectar-blocks-column__inner nectar-blocks-column__content-wrap parent-block-block-kTS8QgfqX7\">\n<p id=\"block-9s3921bOar\" class=\"wp-block-nectar-blocks-text nectar-blocks-text nectar-font-body\">Consolidado por el di\u00e1logo entre especialistas, el camino de investigaci\u00f3n es un ejercicio intelectual que permite considerar los temas propuestos, descubriendo el recorrido a seguir en un discernimiento riguroso de la situaci\u00f3n hist\u00f3rica. Este recorrido est\u00e1 orientado, por un lado, a identificar fenomenol\u00f3gicamente el significado antropol\u00f3gico de los procesos culturales y sociales en curso, y, por otro, a ofrecer teol\u00f3gicamente su asunci\u00f3n y transformaci\u00f3n en la l\u00f3gica pascual, que tiene en el Misterio Trinitario su acontecimiento salv\u00edfico. El trabajo de investigaci\u00f3n se fundamenta en cuatro pilares activos:  <\/p>\n<\/div><\/div><\/div>\n<\/div>\n<\/div><\/div>\n<\/div>\n\n<div class=\"wp-block-nectar-blocks-row alignfull nectar-block nectar-blocks-row nectar-blocks-row__inner nectar-blocks-row__wrapper parent-block-block-YqBkxrQG3O\" data-nectar-block-animation=\"{&quot;selector&quot;:&quot;.nectar-blocks-row__wrapper&quot;,&quot;selectorMode&quot;:&quot;single&quot;,&quot;scrollIntoView&quot;:{&quot;type&quot;:&quot;scrollIntoView&quot;,&quot;triggerDevices&quot;:[&quot;desktop&quot;,&quot;tablet&quot;,&quot;mobile&quot;],&quot;animation&quot;:{&quot;type&quot;:&quot;fade&quot;,&quot;playDirection&quot;:&quot;in&quot;},&quot;animationDurationSec&quot;:1,&quot;animationDelaySec&quot;:0,&quot;animationTimingFunction&quot;:[0.65,0,0.35,1]}}\" data-await-in-view-desktop=\"\" data-await-in-view-tablet=\"\" data-await-in-view-mobile=\"\" id=\"block-YqBkxrQG3O\">\n<div class=\"wp-block-nectar-blocks-column nectar-blocks-column nectar-block nectar-hidden-mobile\" id=\"block-KqhcH9sS8w\"><div class=\"nectar-blocks-column__inner nectar-blocks-column__content-wrap parent-block-block-KqhcH9sS8w nectar-blocks-column__wrapper\"><\/div><\/div>\n\n\n\n<div class=\"wp-block-nectar-blocks-column nectar-blocks-column nectar-block\" id=\"block-Cyuc2GODUF\"><div class=\"nectar-blocks-column__inner nectar-blocks-column__content-wrap parent-block-block-Cyuc2GODUF nectar-blocks-column__wrapper\">\n<div class=\"wp-block-nectar-blocks-flex-box nectar-block nectar-blocks-flex-box nectar-blocks-flex-box__inner nectar-blocks-flex-box__wrapper parent-block-block-IFGdwde7U8\" id=\"block-IFGdwde7U8\">\n<div class=\"wp-block-nectar-blocks-icon nectar-blocks-icon\" id=\"block-qPECfjHKUF\"><div class=\"nectar-blocks-icon__inner\"><span class=\"nectar-component__icon icon-source--remix\"><svg role=\"none\" viewBox=\"0 0 24 24\" fill=\"currentColor\" xmlns=\"http:\/\/www.w3.org\/2000\/svg\"><path d=\"M14 1.5V22H12V3.704L7.5 4.91V2.839L12.5 1.5H14Z\"\/><\/svg><\/span><\/div><\/div>\n\n\n\n<p id=\"block-oro1je2SCc\" class=\"wp-block-nectar-blocks-text nectar-blocks-text nectar-font-body\"><strong>Tematizar e iniciar de forma inicial y exploratoria el c\u00edrculo hermen\u00e9utico fecundo entre la lectura fenomenol\u00f3gica y la teol\u00f3gica.<\/strong><\/p>\n<\/div>\n\n\n\n<div class=\"wp-block-nectar-blocks-flex-box nectar-block nectar-blocks-flex-box nectar-blocks-flex-box__inner nectar-blocks-flex-box__wrapper parent-block-block-ukApSU8fni\" id=\"block-ukApSU8fni\">\n<div class=\"wp-block-nectar-blocks-icon nectar-blocks-icon\" id=\"block-HqyRtWlpx6\"><div class=\"nectar-blocks-icon__inner\"><span class=\"nectar-component__icon icon-source--remix\"><svg role=\"none\" viewBox=\"0 0 24 24\" fill=\"currentColor\" xmlns=\"http:\/\/www.w3.org\/2000\/svg\"><path d=\"M16.0002 7.5C16.0002 5.29086 14.2094 3.5 12.0002 3.5C9.7911 3.5 8.00024 5.29086 8.00024 7.5H6.00024C6.00024 4.18629 8.68653 1.5 12.0002 1.5C15.314 1.5 18.0002 4.18629 18.0002 7.5C18.0002 8.93092 17.4993 10.2448 16.6633 11.276L9.344 19.9991L18.0002 20V22H6.00024L6 20.8731L15.0642 10.071C15.6485 9.37595 16.0002 8.47905 16.0002 7.5Z\"\/><\/svg><\/span><\/div><\/div>\n\n\n\n<p id=\"block-kZDhzAyQht\" class=\"wp-block-nectar-blocks-text nectar-blocks-text nectar-font-body\"><strong>Promover esta lectura en una perspectiva interdisciplinar e intercultural.<\/strong><\/p>\n<\/div>\n\n\n\n<div class=\"wp-block-nectar-blocks-flex-box nectar-block nectar-blocks-flex-box nectar-blocks-flex-box__inner nectar-blocks-flex-box__wrapper parent-block-block-ZoIpbarl5g\" id=\"block-ZoIpbarl5g\">\n<div class=\"wp-block-nectar-blocks-icon nectar-blocks-icon\" id=\"block-clrCaFPBWH\"><div class=\"nectar-blocks-icon__inner\"><span class=\"nectar-component__icon icon-source--remix\"><svg role=\"none\" viewBox=\"0 0 24 24\" fill=\"currentColor\" xmlns=\"http:\/\/www.w3.org\/2000\/svg\"><path d=\"M18.0001 2V3.36217L12.8087 9.54981C16.0169 9.94792 18.5001 12.684 18.5001 16C18.5001 19.5899 15.5899 22.5 12.0001 22.5C8.95434 22.5 6.39789 20.4052 5.69287 17.5778L7.63351 17.0922C8.12156 19.0497 9.89144 20.5 12.0001 20.5C14.4853 20.5 16.5001 18.4853 16.5001 16C16.5001 13.5147 14.4853 11.5 12.0001 11.5C11.2795 11.5 10.5985 11.6694 9.99465 11.9705L9.76692 12.0923L9.07705 10.8852L14.8551 3.99917L6.50006 4V2H18.0001Z\"\/><\/svg><\/span><\/div><\/div>\n\n\n\n<p id=\"block-H2oO8dJsRB\" class=\"wp-block-nectar-blocks-text nectar-blocks-text nectar-font-body\">Narrar la experiencia de la investigaci\u00f3n y del estudio como un lugar existencial de ejercicio compartido.<\/p>\n<\/div>\n\n\n\n<div class=\"wp-block-nectar-blocks-flex-box nectar-block nectar-blocks-flex-box nectar-blocks-flex-box__inner nectar-blocks-flex-box__wrapper parent-block-block-wJKtyyUDJU\" id=\"block-wJKtyyUDJU\">\n<div class=\"wp-block-nectar-blocks-icon nectar-blocks-icon\" id=\"block-smvVpRLxlN\"><div class=\"nectar-blocks-icon__inner\"><span class=\"nectar-component__icon icon-source--remix\"><svg role=\"none\" viewBox=\"0 0 24 24\" fill=\"currentColor\" xmlns=\"http:\/\/www.w3.org\/2000\/svg\"><path d=\"M16.0001 1.5L16 16H19.0001V18H16L16.0001 22H14.0001L14 18H4V16.898L14.0001 1.5H16.0001ZM14 16V5.171L6.968 16H14Z\"\/><\/svg><\/span><\/div><\/div>\n\n\n\n<p id=\"block-IZRsXuFoRJ\" class=\"wp-block-nectar-blocks-text nectar-blocks-text nectar-font-body\"><strong>Vivir la m\u00edstica de ser parte los unos de los otros en la l\u00f3gica trinitaria, identificando los aspectos significativos de la investigaci\u00f3n.<\/strong><\/p>\n<\/div>\n\n\n\n<div class=\"wp-block-nectar-blocks-button nectar-blocks-button nectar-font-label\" id=\"block-sIo7zX19nu\"><a href=\"https:\/\/ontologiatrinitaria.org\/es\/quienes-somos\/america-latina\/\" class=\"nectar__link nectar-blocks-button__inner\"><span class=\"nectar-blocks-button__text\">Descubra el equipo<\/span><span class=\"nectar-component__icon icon-source--remix\"><svg role=\"none\" viewbox=\"0 0 24 24\" fill=\"currentColor\" xmlns=\"http:\/\/www.w3.org\/2000\/svg\"><path d=\"M16.1716 10.9999L10.8076 5.63589L12.2218 4.22168L20 11.9999L12.2218 19.778L10.8076 18.3638L16.1716 12.9999H4V10.9999H16.1716Z\"><\/path><\/svg><\/span><\/a><\/div>\n<\/div><\/div>\n<\/div>\n\n<div class=\"wp-block-nectar-blocks-row alignfull nectar-block nectar-blocks-row nectar-blocks-row__inner nectar-blocks-row__wrapper parent-block-block-12dYMyfM26\" data-nectar-block-animation=\"{&quot;selector&quot;:&quot;.nectar-blocks-row__wrapper&quot;,&quot;selectorMode&quot;:&quot;single&quot;,&quot;scrollIntoView&quot;:{&quot;type&quot;:&quot;scrollIntoView&quot;,&quot;triggerDevices&quot;:[&quot;desktop&quot;,&quot;tablet&quot;,&quot;mobile&quot;],&quot;animation&quot;:{&quot;type&quot;:&quot;slide&quot;,&quot;playDirection&quot;:&quot;in&quot;,&quot;fromDirection&quot;:&quot;down&quot;},&quot;animationDurationSec&quot;:1,&quot;animationDelaySec&quot;:0,&quot;animationTimingFunction&quot;:[0.65,0,0.35,1]}}\" data-await-in-view-desktop=\"\" data-await-in-view-tablet=\"\" data-await-in-view-mobile=\"\" id=\"block-12dYMyfM26\">\n<div class=\"wp-block-nectar-blocks-column nectar-blocks-column nectar-block\" id=\"block-bDHe62f473\"><div class=\"nectar-blocks-column__inner nectar-blocks-column__content-wrap parent-block-block-bDHe62f473 nectar-blocks-column__wrapper\">\n<div class=\"wp-block-nectar-blocks-video-lightbox nectar-blocks-video-lightbox nectar-blocks-lightbox-group\" id=\"block-IGQ1oq0Xq5\"><a href=\"https:\/\/www.youtube.com\/watch?v=Pyhm6nXS3Wg&amp;t=1105s\" class=\"nectar-blocks-video-lightbox__link\"><div class=\"nectar-blocks-video-lightbox__inner nectar-aspect-ratio nectar-aspect-ratio--16-9\"><video class=\"nectar-blocks-video-lightbox__video\" autoplay=\"\" playsinline=\"\" muted=\"\" loop=\"\" preload=\"metadata\"><source src=\"https:\/\/ontologiatrinitaria.org\/wp-content\/uploads\/2025\/06\/america_latina_HOME.mp4\" type=\"video\/mp4\"\/><\/video><div class=\"nectar-blocks-video-lightbox__content\"><div class=\"nectar-blocks-video-lightbox__play-button__wrap\"><div class=\"nectar-blocks-video-lightbox__play-button\"><svg role=\"none\" xmlns=\"http:\/\/www.w3.org\/2000\/svg\" viewbox=\"0 0 24 24\"><path d=\"M19.376 12.416 8.777 19.482A.5.5 0 0 1 8 19.066V4.934a.5.5 0 0 1 .777-.416l10.599 7.066a.5.5 0 0 1 0 .832\"><\/path><\/svg><\/div><\/div><\/div><\/div><\/a><\/div>\n<\/div><\/div>\n\n\n\n<div class=\"wp-block-nectar-blocks-column nectar-blocks-column nectar-block\" id=\"block-pbwGb0exxw\"><div class=\"nectar-blocks-column__wrapper parent-block-block-pbwGb0exxw\"><div class=\"nectar__bg-layers parent-block-block-pbwGb0exxw\"><div class=\"nectar__bg-layer nectar__bg-image lazy-load-bg\"><\/div><\/div><div class=\"nectar-blocks-column__inner nectar-blocks-column__content-wrap parent-block-block-pbwGb0exxw\"><\/div><\/div><\/div>\n<\/div>\n\n<div class=\"wp-block-nectar-blocks-row alignfull nectar-block nectar-blocks-row nectar-blocks-row__inner nectar-blocks-row__wrapper parent-block-block-fUV6VAdQzL\" id=\"block-fUV6VAdQzL\">\n<div class=\"wp-block-nectar-blocks-column nectar-blocks-column nectar-block\" id=\"block-5WUp4qFUDb\"><div class=\"nectar-blocks-column__inner nectar-blocks-column__content-wrap parent-block-block-5WUp4qFUDb nectar-blocks-column__wrapper\">\n<div class=\"wp-block-nectar-blocks-row alignfull nectar-block nectar-blocks-row nectar-blocks-row__inner nectar-blocks-row__wrapper parent-block-block-fLm2jeeXuY\" id=\"block-fLm2jeeXuY\">\n<div class=\"wp-block-nectar-blocks-column nectar-blocks-column nectar-block\" id=\"block-8SPKfRcnVp\"><div class=\"nectar-blocks-column__wrapper parent-block-block-8SPKfRcnVp\"><div class=\"nectar-blocks-column__inner nectar-blocks-column__content-wrap parent-block-block-8SPKfRcnVp\">\n<h3 id=\"block-4Viinvx8ry\" class=\"wp-block-nectar-blocks-text nectar-blocks-text nectar-font-h1\">Colecci\u00f3n \u00abAntropolog\u00eda Trinitaria\u00bb<\/h3>\n<\/div><\/div><\/div>\n<\/div>\n\n\n\n<div class=\"wp-block-nectar-blocks-row nectar-block nectar-blocks-row nectar-blocks-row__inner nectar-blocks-row__wrapper parent-block-block-YOJ2u6Pnz1\" id=\"block-YOJ2u6Pnz1\">\n<div class=\"wp-block-nectar-blocks-column nectar-blocks-column nectar-block nectar-hidden-mobile\" id=\"block-0wiKshWEng\"><div class=\"nectar-blocks-column__inner nectar-blocks-column__content-wrap parent-block-block-0wiKshWEng nectar-blocks-column__wrapper\"><\/div><\/div>\n\n\n\n<div class=\"wp-block-nectar-blocks-column nectar-blocks-column nectar-block\" id=\"block-rPssct6ZBe\"><div class=\"nectar-blocks-column__inner nectar-blocks-column__content-wrap parent-block-block-rPssct6ZBe nectar-blocks-column__wrapper\">\n<p id=\"block-exxcDDWgfS\" class=\"wp-block-nectar-blocks-text nectar-blocks-text nectar-font-body\"><strong>La<\/strong> <strong>colecci\u00f3n<\/strong> recoge el trabajo de investigaci\u00f3n realizado por el grupo de expertos, entre los que se encuentran te\u00f3logos y fil\u00f3sofos, procedentes de diversos contextos de Am\u00e9rica Latina, para reflexionar sobre la contribuci\u00f3n que la experiencia y el pensamiento que nacen del Evangelio est\u00e1n llamados a ofrecer al discernimiento del nuevo paradigma requerido por los tiempos actuales.<\/p>\n<\/div><\/div>\n<\/div>\n<\/div><\/div>\n<\/div>\n\n<div class=\"wp-block-nectar-blocks-row alignfull nectar-block nectar-blocks-row nectar-blocks-row__inner nectar-blocks-row__wrapper parent-block-block-UoN3rHcSDq\" data-nectar-block-animation=\"{&quot;selector&quot;:&quot;.nectar-blocks-row__wrapper&quot;,&quot;selectorMode&quot;:&quot;single&quot;,&quot;scrollIntoView&quot;:{&quot;type&quot;:&quot;scrollIntoView&quot;,&quot;triggerDevices&quot;:[&quot;desktop&quot;,&quot;tablet&quot;,&quot;mobile&quot;],&quot;animation&quot;:{&quot;type&quot;:&quot;fade&quot;,&quot;playDirection&quot;:&quot;in&quot;},&quot;animationDurationSec&quot;:1,&quot;animationDelaySec&quot;:0,&quot;animationTimingFunction&quot;:[0.65,0,0.35,1]}}\" data-await-in-view-desktop=\"\" data-await-in-view-tablet=\"\" data-await-in-view-mobile=\"\" id=\"block-UoN3rHcSDq\">\n<div class=\"wp-block-nectar-blocks-column nectar-blocks-column nectar-block\" id=\"block-mnSbYAtXEO\"><div class=\"nectar-blocks-column__inner nectar-blocks-column__content-wrap parent-block-block-mnSbYAtXEO nectar-blocks-column__wrapper\">\n<div class=\"wp-block-nectar-blocks-carousel nectar-blocks-carousel\" id=\"block-hs5TQrfjHd\"><div class=\"nectar-blocks-carousel__inner\"><div class=\"nectar-swiper swiper nectar-swiper--pagination nectar-swiper--animated-arrows\" data-settings=\"{&quot;initialSlide&quot;:0,&quot;touchStartPreventDefault&quot;:false,&quot;noSwipingSelector&quot;:&quot;button&quot;,&quot;on&quot;:{},&quot;moduleDeps&quot;:[&quot;Pagination&quot;],&quot;breakpoints&quot;:{&quot;0&quot;:{&quot;slidesPerView&quot;:&quot;auto&quot;,&quot;slidesPerGroup&quot;:1,&quot;centeredSlides&quot;:false,&quot;spaceBetween&quot;:&quot;20px&quot;},&quot;767&quot;:{&quot;slidesPerView&quot;:&quot;auto&quot;,&quot;slidesPerGroup&quot;:1,&quot;centeredSlides&quot;:false,&quot;spaceBetween&quot;:&quot;20px&quot;},&quot;1024&quot;:{&quot;slidesPerView&quot;:&quot;auto&quot;,&quot;centeredSlides&quot;:false,&quot;slidesPerGroup&quot;:1,&quot;spaceBetween&quot;:&quot;20px&quot;}},&quot;grabCursor&quot;:true,&quot;slidesPerView&quot;:&quot;auto&quot;,&quot;speed&quot;:800,&quot;autoplay&quot;:false,&quot;paginationOption&quot;:true,&quot;scrollbarDraggableOption&quot;:true}\"><div class=\"swiper-wrapper\">\n<div class=\"wp-block-nectar-blocks-carousel-item nectar-block nectar-blocks-carousel-item slide-block-YFkUi5xVnn swiper-slide\" id=\"block-YFkUi5xVnn\"><div class=\"nectar-blocks-carousel-item__content parent-block-YFkUi5xVnn\">\n<div class=\"wp-block-nectar-blocks-flex-box nectar-block nectar-blocks-flex-box nectar-aspect-ratio--3-4 nectar-aspect-ratio\" id=\"block-vqGpKIIifH\"><a href=\"https:\/\/ontologiatrinitaria.org\/network\/latino-america\/habitar-la-reciprocidad\/\" class=\"nectar__link\"><div class=\"nectar-blocks-flex-box__wrapper parent-block-block-vqGpKIIifH\"><div class=\"nectar__bg-layers parent-block-block-vqGpKIIifH\"><div class=\"nectar__bg-layer nectar__bg-image lazy-load-bg\"><\/div><\/div><div class=\"nectar-blocks-flex-box__inner parent-block-block-vqGpKIIifH\">\n<div class=\"wp-block-nectar-blocks-icon nectar-blocks-icon\" id=\"block-rSXNNl80bD\"><div class=\"nectar-blocks-icon__inner\"><span class=\"nectar-component__icon icon-source--remix\"><svg role=\"none\" viewBox=\"0 0 24 24\" fill=\"currentColor\" xmlns=\"http:\/\/www.w3.org\/2000\/svg\"><path d=\"M16.0037 9.41421L7.39712 18.0208L5.98291 16.6066L14.5895 8H7.00373V6H18.0037V17H16.0037V9.41421Z\"\/><\/svg><\/span><\/div><\/div>\n\n\n\n<h2 id=\"block-zzR6SVOWWE\" class=\"wp-block-nectar-blocks-text nectar-blocks-text nectar-font-h3\">Habitar la reciprocidad<\/h2>\n<\/div><\/div><\/a><\/div>\n<\/div><\/div>\n\n\n\n<div class=\"wp-block-nectar-blocks-carousel-item nectar-block nectar-blocks-carousel-item slide-block-8CzyCNDD7h swiper-slide\" id=\"block-8CzyCNDD7h\"><div class=\"nectar-blocks-carousel-item__content parent-block-8CzyCNDD7h\">\n<div class=\"wp-block-nectar-blocks-flex-box nectar-block nectar-blocks-flex-box nectar-aspect-ratio--3-4 nectar-aspect-ratio\" id=\"block-ttowWQjamm\"><a href=\"https:\/\/ontologiatrinitaria.org\/network\/latino-america\/unidad-plural\/\" class=\"nectar__link\"><div class=\"nectar-blocks-flex-box__wrapper parent-block-block-ttowWQjamm\"><div class=\"nectar__bg-layers parent-block-block-ttowWQjamm\"><div class=\"nectar__bg-layer nectar__bg-image lazy-load-bg\"><\/div><\/div><div class=\"nectar-blocks-flex-box__inner parent-block-block-ttowWQjamm\">\n<div class=\"wp-block-nectar-blocks-icon nectar-blocks-icon\" id=\"block-BJ9HvIxQIA\"><div class=\"nectar-blocks-icon__inner\"><span class=\"nectar-component__icon icon-source--remix\"><svg role=\"none\" viewBox=\"0 0 24 24\" fill=\"currentColor\" xmlns=\"http:\/\/www.w3.org\/2000\/svg\"><path d=\"M16.0037 9.41421L7.39712 18.0208L5.98291 16.6066L14.5895 8H7.00373V6H18.0037V17H16.0037V9.41421Z\"\/><\/svg><\/span><\/div><\/div>\n\n\n\n<h2 id=\"block-Ys5EUxVSuU\" class=\"wp-block-nectar-blocks-text nectar-blocks-text nectar-font-h3\">Unidad plural<\/h2>\n<\/div><\/div><\/a><\/div>\n<\/div><\/div>\n\n\n\n<div class=\"wp-block-nectar-blocks-carousel-item nectar-block nectar-blocks-carousel-item slide-block-MS9hyDvZQU swiper-slide\" id=\"block-MS9hyDvZQU\"><div class=\"nectar-blocks-carousel-item__content parent-block-MS9hyDvZQU\">\n<div class=\"wp-block-nectar-blocks-flex-box nectar-block nectar-blocks-flex-box nectar-aspect-ratio--3-4 nectar-aspect-ratio\" id=\"block-hAYtioyQ08\"><a href=\"https:\/\/ontologiatrinitaria.org\/network\/latino-america\/el-nosotros-pueblo\/\" class=\"nectar__link\"><div class=\"nectar-blocks-flex-box__wrapper parent-block-block-hAYtioyQ08\"><div class=\"nectar__bg-layers parent-block-block-hAYtioyQ08\"><div class=\"nectar__bg-layer nectar__bg-image lazy-load-bg\"><\/div><\/div><div class=\"nectar-blocks-flex-box__inner parent-block-block-hAYtioyQ08\">\n<div class=\"wp-block-nectar-blocks-icon nectar-blocks-icon\" id=\"block-mPAdRJUUn5\"><div class=\"nectar-blocks-icon__inner\"><span class=\"nectar-component__icon icon-source--remix\"><svg role=\"none\" viewBox=\"0 0 24 24\" fill=\"currentColor\" xmlns=\"http:\/\/www.w3.org\/2000\/svg\"><path d=\"M16.0037 9.41421L7.39712 18.0208L5.98291 16.6066L14.5895 8H7.00373V6H18.0037V17H16.0037V9.41421Z\"\/><\/svg><\/span><\/div><\/div>\n\n\n\n<h2 id=\"block-RbUnmoSgbV\" class=\"wp-block-nectar-blocks-text nectar-blocks-text nectar-font-h3\">El Nosotros-pueblo<\/h2>\n<\/div><\/div><\/a><\/div>\n<\/div><\/div>\n\n\n\n<div class=\"wp-block-nectar-blocks-carousel-item nectar-block nectar-blocks-carousel-item slide-block-AoMM8QsOEX swiper-slide\" id=\"block-AoMM8QsOEX\"><div class=\"nectar-blocks-carousel-item__content parent-block-AoMM8QsOEX\">\n<div class=\"wp-block-nectar-blocks-flex-box nectar-block nectar-blocks-flex-box nectar-aspect-ratio--3-4 nectar-aspect-ratio\" id=\"block-6RCFgMJhzP\"><a href=\"https:\/\/ontologiatrinitaria.org\/network\/latino-america\/hacia-una-cultura-del-encuentro\/\" class=\"nectar__link\"><div class=\"nectar-blocks-flex-box__wrapper parent-block-block-6RCFgMJhzP\"><div class=\"nectar__bg-layers parent-block-block-6RCFgMJhzP\"><div class=\"nectar__bg-layer nectar__bg-image lazy-load-bg\"><\/div><\/div><div class=\"nectar-blocks-flex-box__inner parent-block-block-6RCFgMJhzP\">\n<div class=\"wp-block-nectar-blocks-icon nectar-blocks-icon\" id=\"block-gQIICMv6JR\"><div class=\"nectar-blocks-icon__inner\"><span class=\"nectar-component__icon icon-source--remix\"><svg role=\"none\" viewBox=\"0 0 24 24\" fill=\"currentColor\" xmlns=\"http:\/\/www.w3.org\/2000\/svg\"><path d=\"M16.0037 9.41421L7.39712 18.0208L5.98291 16.6066L14.5895 8H7.00373V6H18.0037V17H16.0037V9.41421Z\"\/><\/svg><\/span><\/div><\/div>\n\n\n\n<h2 id=\"block-4eUVmet6Oj\" class=\"wp-block-nectar-blocks-text nectar-blocks-text nectar-font-h3\">Hacia una cultura del encuentro<\/h2>\n<\/div><\/div><\/a><\/div>\n<\/div><\/div>\n\n\n\n<div class=\"wp-block-nectar-blocks-carousel-item nectar-block nectar-blocks-carousel-item slide-block-y3sow3bq2J swiper-slide\" id=\"block-y3sow3bq2J\"><div class=\"nectar-blocks-carousel-item__content parent-block-y3sow3bq2J\">\n<div class=\"wp-block-nectar-blocks-flex-box nectar-block nectar-blocks-flex-box nectar-aspect-ratio--3-4 nectar-aspect-ratio\" id=\"block-A4Wzr69p5p\"><a href=\"https:\/\/ontologiatrinitaria.org\/network\/latino-america\/desde-nuestro-pueblos\/\" class=\"nectar__link\"><div class=\"nectar-blocks-flex-box__wrapper parent-block-block-A4Wzr69p5p\"><div class=\"nectar__bg-layers parent-block-block-A4Wzr69p5p\"><div class=\"nectar__bg-layer nectar__bg-image lazy-load-bg\"><\/div><\/div><div class=\"nectar-blocks-flex-box__inner parent-block-block-A4Wzr69p5p\">\n<div class=\"wp-block-nectar-blocks-icon nectar-blocks-icon\" id=\"block-9DfEOJrD7c\"><div class=\"nectar-blocks-icon__inner\"><span class=\"nectar-component__icon icon-source--remix\"><svg role=\"none\" viewBox=\"0 0 24 24\" fill=\"currentColor\" xmlns=\"http:\/\/www.w3.org\/2000\/svg\"><path d=\"M16.0037 9.41421L7.39712 18.0208L5.98291 16.6066L14.5895 8H7.00373V6H18.0037V17H16.0037V9.41421Z\"\/><\/svg><\/span><\/div><\/div>\n\n\n\n<h2 id=\"block-BNN2rmdYbz\" class=\"wp-block-nectar-blocks-text nectar-blocks-text nectar-font-h3\">Desde nuestros pueblos<\/h2>\n<\/div><\/div><\/a><\/div>\n<\/div><\/div>\n\n\n\n<div class=\"wp-block-nectar-blocks-carousel-item nectar-block nectar-blocks-carousel-item slide-block-sS2fPOfNoo swiper-slide\" id=\"block-sS2fPOfNoo\"><div class=\"nectar-blocks-carousel-item__content parent-block-sS2fPOfNoo\">\n<div class=\"wp-block-nectar-blocks-flex-box nectar-block nectar-blocks-flex-box nectar-aspect-ratio--3-4 nectar-aspect-ratio\" id=\"block-B3ia9j3sZO\"><a href=\"https:\/\/ontologiatrinitaria.org\/network\/latino-america\/para-nuestros-pueblos\/\" class=\"nectar__link\"><div class=\"nectar-blocks-flex-box__wrapper parent-block-block-B3ia9j3sZO\"><div class=\"nectar__bg-layers parent-block-block-B3ia9j3sZO\"><div class=\"nectar__bg-layer nectar__bg-image lazy-load-bg\"><\/div><\/div><div class=\"nectar-blocks-flex-box__inner parent-block-block-B3ia9j3sZO\">\n<div class=\"wp-block-nectar-blocks-icon nectar-blocks-icon\" id=\"block-Uf29N5Ftkf\"><div class=\"nectar-blocks-icon__inner\"><span class=\"nectar-component__icon icon-source--remix\"><svg role=\"none\" viewBox=\"0 0 24 24\" fill=\"currentColor\" xmlns=\"http:\/\/www.w3.org\/2000\/svg\"><path d=\"M16.0037 9.41421L7.39712 18.0208L5.98291 16.6066L14.5895 8H7.00373V6H18.0037V17H16.0037V9.41421Z\"\/><\/svg><\/span><\/div><\/div>\n\n\n\n<h2 id=\"block-M30TpNcr2K\" class=\"wp-block-nectar-blocks-text nectar-blocks-text nectar-font-h3\">Para nuestros pueblos<\/h2>\n<\/div><\/div><\/a><\/div>\n<\/div><\/div>\n<\/div><div class=\"swiper-pagination-wrap\"><div class=\"swiper-pagination\"><\/div><\/div><\/div><\/div><\/div>\n<\/div><\/div>\n<\/div>\n\n<div class=\"wp-block-nectar-blocks-row alignfull nectar-block nectar-blocks-row nectar-blocks-row__inner nectar-blocks-row__wrapper parent-block-block-rLhr34Jqmi\" id=\"block-rLhr34Jqmi\">\n<div class=\"wp-block-nectar-blocks-column nectar-blocks-column nectar-block\" id=\"block-1CNFZk0QPg\"><div class=\"nectar-blocks-column__wrapper parent-block-block-1CNFZk0QPg\"><div class=\"nectar-blocks-column__inner nectar-blocks-column__content-wrap parent-block-block-1CNFZk0QPg\">\n<h2 id=\"block-yrkiVKCLAw\" class=\"wp-block-nectar-blocks-text nectar-blocks-text nectar-font-h2\">Noticias desde Am\u00e9rica Latina<\/h2>\n\n\n\n<p id=\"block-QYvQr8pz5a\" class=\"wp-block-nectar-blocks-text nectar-blocks-text nectar-font-body\">Descubra los \u00faltimos desarrollos en el campo de la ontolog\u00eda trinitaria de Am\u00e9rica Latina<\/p>\n\n\n\n<div class=\"wp-block-nectar-blocks-button nectar-blocks-button nectar-font-body\" id=\"block-E474HVQOeJ\"><a href=\"https:\/\/ontologiatrinitaria.org\/es\/category\/america-latina\/\" class=\"nectar__link nectar-blocks-button__inner\"><span class=\"nectar-blocks-button__text\">Ver todos los art\u00edculos<\/span><span class=\"nectar-component__icon icon-source--remix\"><svg role=\"none\" viewbox=\"0 0 24 24\" fill=\"currentColor\" xmlns=\"http:\/\/www.w3.org\/2000\/svg\"><path d=\"M16.0037 9.41421L7.39712 18.0208L5.98291 16.6066L14.5895 8H7.00373V6H18.0037V17H16.0037V9.41421Z\"><\/path><\/svg><\/span><\/a><\/div>\n<\/div><\/div><\/div>\n\n\n\n<div class=\"wp-block-nectar-blocks-column nectar-blocks-column nectar-block\" id=\"block-BblWsvAMJO\"><div class=\"nectar-blocks-column__inner nectar-blocks-column__content-wrap parent-block-block-BblWsvAMJO nectar-blocks-column__wrapper\">\n\n<div id=\"block-r6DJXhNMqt\" class=\"nectar-blocks-post-grid l--masonry-grid il--content-overlaid\"\n    >\n      <div class=\"nectar-blocks-post-grid__inner nectar-blocks-post-grid__content\">\n  \n  \n\n              <article class=\"nectar-blocks-post-grid__item\">\n                    <div class=\"nectar-blocks-post-grid__item__inner\">\n                                                                                                                                \n            \n                            \n\n\n\n<div class=\"nectar-blocks-post-grid__item__featured-media\" data-nectar-bg-scroll-animation=\"{&quot;enabled&quot;:true,&quot;effect&quot;:&quot;parallax&quot;,&quot;strength&quot;:0.15,&quot;triggerDevices&quot;:[&quot;desktop&quot;,&quot;tablet&quot;,&quot;mobile&quot;],&quot;selector&quot;:&quot;.nectar-blocks-post-grid__item__featured-media__inner&quot;}\">\n    \n            \n      <a href=\"https:\/\/ontologiatrinitaria.org\/es\/escucha-dialogo-y-encuentro-mexico-26-31-de-enero\/\" aria-label=\"Escucha, di\u00e1logo y encuentro &amp;#8211; M\u00e9xico 26-31 de enero\" class=\"nectar-blocks-post-grid__item__featured-media__inner\" >\n      <img loading=\"lazy\" decoding=\"async\" width=\"1024\" height=\"768\" src=\"https:\/\/ontologiatrinitaria.org\/wp-content\/uploads\/2026\/02\/1.Panamericana8-1024x768.jpeg\" class=\"nectar-blocks-post-grid__item__featured-media__item size-large wp-post-image\" alt=\"\" srcset=\"https:\/\/ontologiatrinitaria.org\/wp-content\/uploads\/2026\/02\/1.Panamericana8-1024x768.jpeg 1024w, https:\/\/ontologiatrinitaria.org\/wp-content\/uploads\/2026\/02\/1.Panamericana8-300x225.jpeg 300w, https:\/\/ontologiatrinitaria.org\/wp-content\/uploads\/2026\/02\/1.Panamericana8-768x576.jpeg 768w, https:\/\/ontologiatrinitaria.org\/wp-content\/uploads\/2026\/02\/1.Panamericana8-800x600.jpeg 800w, https:\/\/ontologiatrinitaria.org\/wp-content\/uploads\/2026\/02\/1.Panamericana8.jpeg 1280w\" sizes=\"auto, (max-width: 1024px) 100vw, 1024px\" \/>\n        \n    <\/a>\n  <\/div>                        <div class=\"nectar-blocks-post-grid__item__content\">\n              <div class=\"nectar-blocks-post-grid__item__content__inner\">\n                \n\n                                                <div class=\"nectar-blocks-post-grid__item__title\">\n  <a href=\"https:\/\/ontologiatrinitaria.org\/es\/escucha-dialogo-y-encuentro-mexico-26-31-de-enero\/\"><h2 class=\"nectar-blocks-title__text nectar-font-h4\">Escucha, di\u00e1logo y encuentro &#8211; M\u00e9xico 26-31 de enero<\/h2><\/a>\n  <\/div>                                      <div class=\"nectar-blocks-post-grid__item__inline-meta\">\n                        <div class=\"nectar-blocks-post-grid__item__date inline-meta nectar-font-em\">febrero 12, 2026<\/div>                  <\/div>\n  \n\n                \n              <\/div>\n            <\/div>\n           <\/div>\n                    <\/article>\n              <article class=\"nectar-blocks-post-grid__item\">\n                    <div class=\"nectar-blocks-post-grid__item__inner\">\n                                                                                                                                \n            \n                            \n\n\n\n<div class=\"nectar-blocks-post-grid__item__featured-media\" data-nectar-bg-scroll-animation=\"{&quot;enabled&quot;:true,&quot;effect&quot;:&quot;parallax&quot;,&quot;strength&quot;:0.15,&quot;triggerDevices&quot;:[&quot;desktop&quot;,&quot;tablet&quot;,&quot;mobile&quot;],&quot;selector&quot;:&quot;.nectar-blocks-post-grid__item__featured-media__inner&quot;}\">\n    \n            \n      <a href=\"https:\/\/ontologiatrinitaria.org\/es\/presentacion-sinodalidad-y-reciprocidad-en-el-celam\/\" aria-label=\"Presentaci\u00f3n Sinodalidad y Reciprocidad en el Celam\" class=\"nectar-blocks-post-grid__item__featured-media__inner\" >\n      <img loading=\"lazy\" decoding=\"async\" width=\"1024\" height=\"768\" src=\"https:\/\/ontologiatrinitaria.org\/wp-content\/uploads\/2025\/03\/20250313_Celam_AT-1024x768.png\" class=\"nectar-blocks-post-grid__item__featured-media__item size-large wp-post-image\" alt=\"\" srcset=\"https:\/\/ontologiatrinitaria.org\/wp-content\/uploads\/2025\/03\/20250313_Celam_AT-1024x768.png 1024w, https:\/\/ontologiatrinitaria.org\/wp-content\/uploads\/2025\/03\/20250313_Celam_AT-300x225.png 300w, https:\/\/ontologiatrinitaria.org\/wp-content\/uploads\/2025\/03\/20250313_Celam_AT-768x576.png 768w, https:\/\/ontologiatrinitaria.org\/wp-content\/uploads\/2025\/03\/20250313_Celam_AT-1536x1152.png 1536w, https:\/\/ontologiatrinitaria.org\/wp-content\/uploads\/2025\/03\/20250313_Celam_AT-2048x1536.png 2048w, https:\/\/ontologiatrinitaria.org\/wp-content\/uploads\/2025\/03\/20250313_Celam_AT-510x382.png 510w, https:\/\/ontologiatrinitaria.org\/wp-content\/uploads\/2025\/03\/20250313_Celam_AT-1080x810.png 1080w, https:\/\/ontologiatrinitaria.org\/wp-content\/uploads\/2025\/03\/20250313_Celam_AT-1280x960.png 1280w, https:\/\/ontologiatrinitaria.org\/wp-content\/uploads\/2025\/03\/20250313_Celam_AT-980x735.png 980w, https:\/\/ontologiatrinitaria.org\/wp-content\/uploads\/2025\/03\/20250313_Celam_AT-480x360.png 480w\" sizes=\"auto, (max-width: 1024px) 100vw, 1024px\" \/>\n        \n    <\/a>\n  <\/div>                        <div class=\"nectar-blocks-post-grid__item__content\">\n              <div class=\"nectar-blocks-post-grid__item__content__inner\">\n                \n\n                                                <div class=\"nectar-blocks-post-grid__item__title\">\n  <a href=\"https:\/\/ontologiatrinitaria.org\/es\/presentacion-sinodalidad-y-reciprocidad-en-el-celam\/\"><h2 class=\"nectar-blocks-title__text nectar-font-h4\">Presentaci\u00f3n Sinodalidad y Reciprocidad en el Celam<\/h2><\/a>\n  <\/div>                                      <div class=\"nectar-blocks-post-grid__item__inline-meta\">\n                        <div class=\"nectar-blocks-post-grid__item__date inline-meta nectar-font-em\">marzo 14, 2025<\/div>                  <\/div>\n  \n\n                \n              <\/div>\n            <\/div>\n           <\/div>\n                    <\/article>\n              <article class=\"nectar-blocks-post-grid__item\">\n                    <div class=\"nectar-blocks-post-grid__item__inner\">\n                                                                                                                                \n            \n                            \n\n\n\n<div class=\"nectar-blocks-post-grid__item__featured-media\" data-nectar-bg-scroll-animation=\"{&quot;enabled&quot;:true,&quot;effect&quot;:&quot;parallax&quot;,&quot;strength&quot;:0.15,&quot;triggerDevices&quot;:[&quot;desktop&quot;,&quot;tablet&quot;,&quot;mobile&quot;],&quot;selector&quot;:&quot;.nectar-blocks-post-grid__item__featured-media__inner&quot;}\">\n    \n            \n      <a href=\"https:\/\/ontologiatrinitaria.org\/es\/seminario-de-antropologia-trinitaria-en-bogota-marzo-2025\/\" aria-label=\"Seminario de Antropolog\u00eda Trinitaria en Bogot\u00e1 (marzo 2025)\" class=\"nectar-blocks-post-grid__item__featured-media__inner\" >\n      <img loading=\"lazy\" decoding=\"async\" width=\"740\" height=\"1024\" src=\"https:\/\/ontologiatrinitaria.org\/wp-content\/uploads\/2025\/03\/Bogota_Seminario-AT-2025mar-740x1024.jpeg\" class=\"nectar-blocks-post-grid__item__featured-media__item size-large wp-post-image\" alt=\"\" srcset=\"https:\/\/ontologiatrinitaria.org\/wp-content\/uploads\/2025\/03\/Bogota_Seminario-AT-2025mar-740x1024.jpeg 740w, https:\/\/ontologiatrinitaria.org\/wp-content\/uploads\/2025\/03\/Bogota_Seminario-AT-2025mar-217x300.jpeg 217w, https:\/\/ontologiatrinitaria.org\/wp-content\/uploads\/2025\/03\/Bogota_Seminario-AT-2025mar-768x1062.jpeg 768w, https:\/\/ontologiatrinitaria.org\/wp-content\/uploads\/2025\/03\/Bogota_Seminario-AT-2025mar-1111x1536.jpeg 1111w, https:\/\/ontologiatrinitaria.org\/wp-content\/uploads\/2025\/03\/Bogota_Seminario-AT-2025mar-1080x1494.jpeg 1080w, https:\/\/ontologiatrinitaria.org\/wp-content\/uploads\/2025\/03\/Bogota_Seminario-AT-2025mar-980x1355.jpeg 980w, https:\/\/ontologiatrinitaria.org\/wp-content\/uploads\/2025\/03\/Bogota_Seminario-AT-2025mar-480x664.jpeg 480w, https:\/\/ontologiatrinitaria.org\/wp-content\/uploads\/2025\/03\/Bogota_Seminario-AT-2025mar.jpeg 1157w\" sizes=\"auto, (max-width: 740px) 100vw, 740px\" \/>\n        \n    <\/a>\n  <\/div>                        <div class=\"nectar-blocks-post-grid__item__content\">\n              <div class=\"nectar-blocks-post-grid__item__content__inner\">\n                \n\n                                                <div class=\"nectar-blocks-post-grid__item__title\">\n  <a href=\"https:\/\/ontologiatrinitaria.org\/es\/seminario-de-antropologia-trinitaria-en-bogota-marzo-2025\/\"><h2 class=\"nectar-blocks-title__text nectar-font-h4\">Seminario de Antropolog\u00eda Trinitaria en Bogot\u00e1 (marzo 2025)<\/h2><\/a>\n  <\/div>                                      <div class=\"nectar-blocks-post-grid__item__inline-meta\">\n                        <div class=\"nectar-blocks-post-grid__item__date inline-meta nectar-font-em\">marzo 10, 2025<\/div>                  <\/div>\n  \n\n                \n              <\/div>\n            <\/div>\n           <\/div>\n                    <\/article>\n      \n    \n    \n  <\/div>\n<\/div><\/div><\/div>\n<\/div>\n","protected":false},"excerpt":{"rendered":"","protected":false},"author":1,"featured_media":5204,"parent":5312,"menu_order":0,"comment_status":"closed","ping_status":"closed","template":"","meta":{"_nectar_blocks_hide_post_title":true,"_nectar_blocks_transparent_header_effect":false,"_nectar_blocks_transparent_header_effect_color":"light","_nectar_blocks_header_animation":false,"_nectar_blocks_header_animation_delay":0,"_nectar_blocks_header_animation_effect":"fade","_nectar_blocks_page_css":"","_nectar_blocks_page_js":"","footnotes":""},"class_list":["post-5388","page","type-page","status-publish","has-post-thumbnail"],"yoast_head":"<!-- This site is optimized with the Yoast SEO plugin v27.2 - https:\/\/yoast.com\/product\/yoast-seo-wordpress\/ -->\n<title>Am\u00e9rica Latina | Ontologia Trinitaria<\/title>\n<meta name=\"description\" content=\"La ontolog\u00eda trinitaria en Am\u00e9rica Latina: un trabajo de investigaci\u00f3n entre antropolog\u00eda y trinitaria. \u00a1Descubra m\u00e1s!\" \/>\n<meta name=\"robots\" content=\"index, follow, max-snippet:-1, max-image-preview:large, max-video-preview:-1\" \/>\n<link rel=\"canonical\" href=\"https:\/\/ontologiatrinitaria.org\/es\/red\/america-latina\/\" \/>\n<meta property=\"og:locale\" content=\"es_ES\" \/>\n<meta property=\"og:type\" content=\"article\" \/>\n<meta property=\"og:title\" content=\"Am\u00e9rica Latina | Ontologia Trinitaria\" \/>\n<meta property=\"og:description\" content=\"La ontolog\u00eda trinitaria en Am\u00e9rica Latina: un trabajo de investigaci\u00f3n entre antropolog\u00eda y trinitaria. \u00a1Descubra m\u00e1s!\" \/>\n<meta property=\"og:url\" content=\"https:\/\/ontologiatrinitaria.org\/es\/red\/america-latina\/\" \/>\n<meta property=\"og:site_name\" content=\"Ontologia Trinitaria\" \/>\n<meta property=\"article:publisher\" content=\"https:\/\/www.facebook.com\/ontologiatrinitaria\" \/>\n<meta property=\"article:modified_time\" content=\"2026-03-11T15:37:16+00:00\" \/>\n<meta property=\"og:image\" content=\"https:\/\/ontologiatrinitaria.org\/wp-content\/uploads\/2025\/06\/20250313_Vargas-Franco-scaled-1.webp\" \/>\n\t<meta property=\"og:image:width\" content=\"1600\" \/>\n\t<meta property=\"og:image:height\" content=\"1200\" \/>\n\t<meta property=\"og:image:type\" content=\"image\/webp\" \/>\n<meta name=\"twitter:card\" content=\"summary_large_image\" \/>\n<meta name=\"twitter:label1\" content=\"Tiempo de lectura\" \/>\n\t<meta name=\"twitter:data1\" content=\"2 minutos\" \/>\n<script type=\"application\/ld+json\" class=\"yoast-schema-graph\">{\"@context\":\"https:\/\/schema.org\",\"@graph\":[{\"@type\":\"WebPage\",\"@id\":\"https:\/\/ontologiatrinitaria.org\/es\/red\/america-latina\/\",\"url\":\"https:\/\/ontologiatrinitaria.org\/es\/red\/america-latina\/\",\"name\":\"Am\u00e9rica Latina | Ontologia Trinitaria\",\"isPartOf\":{\"@id\":\"https:\/\/ontologiatrinitaria.org\/es\/#website\"},\"primaryImageOfPage\":{\"@id\":\"https:\/\/ontologiatrinitaria.org\/es\/red\/america-latina\/#primaryimage\"},\"image\":{\"@id\":\"https:\/\/ontologiatrinitaria.org\/es\/red\/america-latina\/#primaryimage\"},\"thumbnailUrl\":\"https:\/\/ontologiatrinitaria.org\/wp-content\/uploads\/2025\/06\/20250313_Vargas-Franco-scaled-1.webp\",\"datePublished\":\"2024-09-24T13:36:35+00:00\",\"dateModified\":\"2026-03-11T15:37:16+00:00\",\"description\":\"La ontolog\u00eda trinitaria en Am\u00e9rica Latina: un trabajo de investigaci\u00f3n entre antropolog\u00eda y trinitaria. \u00a1Descubra m\u00e1s!\",\"breadcrumb\":{\"@id\":\"https:\/\/ontologiatrinitaria.org\/es\/red\/america-latina\/#breadcrumb\"},\"inLanguage\":\"es\",\"potentialAction\":[{\"@type\":\"ReadAction\",\"target\":[\"https:\/\/ontologiatrinitaria.org\/es\/red\/america-latina\/\"]}]},{\"@type\":\"ImageObject\",\"inLanguage\":\"es\",\"@id\":\"https:\/\/ontologiatrinitaria.org\/es\/red\/america-latina\/#primaryimage\",\"url\":\"https:\/\/ontologiatrinitaria.org\/wp-content\/uploads\/2025\/06\/20250313_Vargas-Franco-scaled-1.webp\",\"contentUrl\":\"https:\/\/ontologiatrinitaria.org\/wp-content\/uploads\/2025\/06\/20250313_Vargas-Franco-scaled-1.webp\",\"width\":1600,\"height\":1200},{\"@type\":\"BreadcrumbList\",\"@id\":\"https:\/\/ontologiatrinitaria.org\/es\/red\/america-latina\/#breadcrumb\",\"itemListElement\":[{\"@type\":\"ListItem\",\"position\":1,\"name\":\"Home\",\"item\":\"https:\/\/ontologiatrinitaria.org\/es\/\"},{\"@type\":\"ListItem\",\"position\":2,\"name\":\"Red\",\"item\":\"https:\/\/ontologiatrinitaria.org\/es\/red\/\"},{\"@type\":\"ListItem\",\"position\":3,\"name\":\"Am\u00e9rica Latina\"}]},{\"@type\":\"WebSite\",\"@id\":\"https:\/\/ontologiatrinitaria.org\/es\/#website\",\"url\":\"https:\/\/ontologiatrinitaria.org\/es\/\",\"name\":\"Ontologia Trinitaria\",\"description\":\"Itinerari e ricerche\",\"publisher\":{\"@id\":\"https:\/\/ontologiatrinitaria.org\/es\/#organization\"},\"potentialAction\":[{\"@type\":\"SearchAction\",\"target\":{\"@type\":\"EntryPoint\",\"urlTemplate\":\"https:\/\/ontologiatrinitaria.org\/es\/?s={search_term_string}\"},\"query-input\":{\"@type\":\"PropertyValueSpecification\",\"valueRequired\":true,\"valueName\":\"search_term_string\"}}],\"inLanguage\":\"es\"},{\"@type\":\"Organization\",\"@id\":\"https:\/\/ontologiatrinitaria.org\/es\/#organization\",\"name\":\"Ontologia Trinitaria\",\"url\":\"https:\/\/ontologiatrinitaria.org\/es\/\",\"logo\":{\"@type\":\"ImageObject\",\"inLanguage\":\"es\",\"@id\":\"https:\/\/ontologiatrinitaria.org\/es\/#\/schema\/logo\/image\/\",\"url\":\"https:\/\/ontologiatrinitaria.org\/wp-content\/uploads\/2025\/06\/logo_colore2.png\",\"contentUrl\":\"https:\/\/ontologiatrinitaria.org\/wp-content\/uploads\/2025\/06\/logo_colore2.png\",\"width\":402,\"height\":169,\"caption\":\"Ontologia Trinitaria\"},\"image\":{\"@id\":\"https:\/\/ontologiatrinitaria.org\/es\/#\/schema\/logo\/image\/\"},\"sameAs\":[\"https:\/\/www.facebook.com\/ontologiatrinitaria\",\"https:\/\/www.instagram.com\/ontologiatrinitaria\/\"]}]}<\/script>\n<!-- \/ Yoast SEO plugin. -->","yoast_head_json":{"title":"Am\u00e9rica Latina | Ontologia Trinitaria","description":"La ontolog\u00eda trinitaria en Am\u00e9rica Latina: un trabajo de investigaci\u00f3n entre antropolog\u00eda y trinitaria. \u00a1Descubra m\u00e1s!","robots":{"index":"index","follow":"follow","max-snippet":"max-snippet:-1","max-image-preview":"max-image-preview:large","max-video-preview":"max-video-preview:-1"},"canonical":"https:\/\/ontologiatrinitaria.org\/es\/red\/america-latina\/","og_locale":"es_ES","og_type":"article","og_title":"Am\u00e9rica Latina | Ontologia Trinitaria","og_description":"La ontolog\u00eda trinitaria en Am\u00e9rica Latina: un trabajo de investigaci\u00f3n entre antropolog\u00eda y trinitaria. \u00a1Descubra m\u00e1s!","og_url":"https:\/\/ontologiatrinitaria.org\/es\/red\/america-latina\/","og_site_name":"Ontologia Trinitaria","article_publisher":"https:\/\/www.facebook.com\/ontologiatrinitaria","article_modified_time":"2026-03-11T15:37:16+00:00","og_image":[{"width":1600,"height":1200,"url":"https:\/\/ontologiatrinitaria.org\/wp-content\/uploads\/2025\/06\/20250313_Vargas-Franco-scaled-1.webp","type":"image\/webp"}],"twitter_card":"summary_large_image","twitter_misc":{"Tiempo de lectura":"2 minutos"},"schema":{"@context":"https:\/\/schema.org","@graph":[{"@type":"WebPage","@id":"https:\/\/ontologiatrinitaria.org\/es\/red\/america-latina\/","url":"https:\/\/ontologiatrinitaria.org\/es\/red\/america-latina\/","name":"Am\u00e9rica Latina | Ontologia Trinitaria","isPartOf":{"@id":"https:\/\/ontologiatrinitaria.org\/es\/#website"},"primaryImageOfPage":{"@id":"https:\/\/ontologiatrinitaria.org\/es\/red\/america-latina\/#primaryimage"},"image":{"@id":"https:\/\/ontologiatrinitaria.org\/es\/red\/america-latina\/#primaryimage"},"thumbnailUrl":"https:\/\/ontologiatrinitaria.org\/wp-content\/uploads\/2025\/06\/20250313_Vargas-Franco-scaled-1.webp","datePublished":"2024-09-24T13:36:35+00:00","dateModified":"2026-03-11T15:37:16+00:00","description":"La ontolog\u00eda trinitaria en Am\u00e9rica Latina: un trabajo de investigaci\u00f3n entre antropolog\u00eda y trinitaria. \u00a1Descubra m\u00e1s!","breadcrumb":{"@id":"https:\/\/ontologiatrinitaria.org\/es\/red\/america-latina\/#breadcrumb"},"inLanguage":"es","potentialAction":[{"@type":"ReadAction","target":["https:\/\/ontologiatrinitaria.org\/es\/red\/america-latina\/"]}]},{"@type":"ImageObject","inLanguage":"es","@id":"https:\/\/ontologiatrinitaria.org\/es\/red\/america-latina\/#primaryimage","url":"https:\/\/ontologiatrinitaria.org\/wp-content\/uploads\/2025\/06\/20250313_Vargas-Franco-scaled-1.webp","contentUrl":"https:\/\/ontologiatrinitaria.org\/wp-content\/uploads\/2025\/06\/20250313_Vargas-Franco-scaled-1.webp","width":1600,"height":1200},{"@type":"BreadcrumbList","@id":"https:\/\/ontologiatrinitaria.org\/es\/red\/america-latina\/#breadcrumb","itemListElement":[{"@type":"ListItem","position":1,"name":"Home","item":"https:\/\/ontologiatrinitaria.org\/es\/"},{"@type":"ListItem","position":2,"name":"Red","item":"https:\/\/ontologiatrinitaria.org\/es\/red\/"},{"@type":"ListItem","position":3,"name":"Am\u00e9rica Latina"}]},{"@type":"WebSite","@id":"https:\/\/ontologiatrinitaria.org\/es\/#website","url":"https:\/\/ontologiatrinitaria.org\/es\/","name":"Ontologia Trinitaria","description":"Itinerari e ricerche","publisher":{"@id":"https:\/\/ontologiatrinitaria.org\/es\/#organization"},"potentialAction":[{"@type":"SearchAction","target":{"@type":"EntryPoint","urlTemplate":"https:\/\/ontologiatrinitaria.org\/es\/?s={search_term_string}"},"query-input":{"@type":"PropertyValueSpecification","valueRequired":true,"valueName":"search_term_string"}}],"inLanguage":"es"},{"@type":"Organization","@id":"https:\/\/ontologiatrinitaria.org\/es\/#organization","name":"Ontologia Trinitaria","url":"https:\/\/ontologiatrinitaria.org\/es\/","logo":{"@type":"ImageObject","inLanguage":"es","@id":"https:\/\/ontologiatrinitaria.org\/es\/#\/schema\/logo\/image\/","url":"https:\/\/ontologiatrinitaria.org\/wp-content\/uploads\/2025\/06\/logo_colore2.png","contentUrl":"https:\/\/ontologiatrinitaria.org\/wp-content\/uploads\/2025\/06\/logo_colore2.png","width":402,"height":169,"caption":"Ontologia Trinitaria"},"image":{"@id":"https:\/\/ontologiatrinitaria.org\/es\/#\/schema\/logo\/image\/"},"sameAs":["https:\/\/www.facebook.com\/ontologiatrinitaria","https:\/\/www.instagram.com\/ontologiatrinitaria\/"]}]}},"_links":{"self":[{"href":"https:\/\/ontologiatrinitaria.org\/es\/wp-json\/wp\/v2\/pages\/5388","targetHints":{"allow":["GET"]}}],"collection":[{"href":"https:\/\/ontologiatrinitaria.org\/es\/wp-json\/wp\/v2\/pages"}],"about":[{"href":"https:\/\/ontologiatrinitaria.org\/es\/wp-json\/wp\/v2\/types\/page"}],"author":[{"embeddable":true,"href":"https:\/\/ontologiatrinitaria.org\/es\/wp-json\/wp\/v2\/users\/1"}],"replies":[{"embeddable":true,"href":"https:\/\/ontologiatrinitaria.org\/es\/wp-json\/wp\/v2\/comments?post=5388"}],"version-history":[{"count":6,"href":"https:\/\/ontologiatrinitaria.org\/es\/wp-json\/wp\/v2\/pages\/5388\/revisions"}],"predecessor-version":[{"id":5509,"href":"https:\/\/ontologiatrinitaria.org\/es\/wp-json\/wp\/v2\/pages\/5388\/revisions\/5509"}],"up":[{"embeddable":true,"href":"https:\/\/ontologiatrinitaria.org\/es\/wp-json\/wp\/v2\/pages\/5312"}],"wp:featuredmedia":[{"embeddable":true,"href":"https:\/\/ontologiatrinitaria.org\/es\/wp-json\/wp\/v2\/media\/5204"}],"wp:attachment":[{"href":"https:\/\/ontologiatrinitaria.org\/es\/wp-json\/wp\/v2\/media?parent=5388"}],"curies":[{"name":"wp","href":"https:\/\/api.w.org\/{rel}","templated":true}]}}