{"id":5389,"date":"2025-05-25T20:27:16","date_gmt":"2025-05-25T20:27:16","guid":{"rendered":"https:\/\/ontologiatrinitaria.org\/red\/italia\/manifiesto\/"},"modified":"2026-03-11T15:30:41","modified_gmt":"2026-03-11T15:30:41","slug":"manifiesto","status":"publish","type":"page","link":"https:\/\/ontologiatrinitaria.org\/es\/red\/italia\/manifiesto\/","title":{"rendered":"Manifiesto"},"content":{"rendered":"\n<p><\/p>\n\n<div class=\"wp-block-nectar-blocks-row alignfull nectar-block nectar-blocks-row nectar-blocks-row__inner nectar-blocks-row__wrapper parent-block-block-vToenX3EaI\" id=\"block-vToenX3EaI\">\n<div class=\"wp-block-nectar-blocks-column nectar-blocks-column nectar-block\" id=\"block-vfiJEFX6U4\"><div class=\"nectar-blocks-column__inner nectar-blocks-column__content-wrap parent-block-block-vfiJEFX6U4 nectar-blocks-column__wrapper\"><div class=\"yoast-breadcrumbs ticss-0c0395b4\"><span><span><a href=\"https:\/\/ontologiatrinitaria.org\/es\/\">Home<\/a><\/span> \/ <span><a href=\"https:\/\/ontologiatrinitaria.org\/es\/red\/\">Red<\/a><\/span> \/ <span><a href=\"https:\/\/ontologiatrinitaria.org\/es\/red\/italia\/\">Italia<\/a><\/span> \/ <span class=\"breadcrumb_last\" aria-current=\"page\"><strong>Manifiesto<\/strong><\/span><\/span><\/div><\/div><\/div>\n<\/div>\n\n<div class=\"wp-block-nectar-blocks-row alignfull nectar-block nectar-blocks-row nectar-blocks-row__inner nectar-blocks-row__wrapper parent-block-block-rLhr34Jqmi\" id=\"block-rLhr34Jqmi\">\n<div class=\"wp-block-nectar-blocks-column nectar-blocks-column nectar-block\" id=\"block-1CNFZk0QPg\"><div class=\"nectar-blocks-column__wrapper parent-block-block-1CNFZk0QPg\"><div class=\"nectar-blocks-column__inner nectar-blocks-column__content-wrap parent-block-block-1CNFZk0QPg\">\n<div class=\"wp-block-nectar-blocks-flex-box nectar-block nectar-blocks-flex-box\" id=\"block-r8nKsbr11D\"><div class=\"nectar-blocks-flex-box__wrapper parent-block-block-r8nKsbr11D\"><div class=\"nectar__bg-layers parent-block-block-r8nKsbr11D\"><div class=\"nectar__bg-layer nectar__bg-image lazy-load-bg\"><\/div><\/div><div class=\"nectar-blocks-flex-box__inner parent-block-block-r8nKsbr11D\"><\/div><\/div><\/div>\n<\/div><\/div><\/div>\n\n\n\n<div class=\"wp-block-nectar-blocks-column nectar-blocks-column nectar-block\" id=\"block-BblWsvAMJO\"><div class=\"nectar-blocks-column__wrapper parent-block-block-BblWsvAMJO\"><div class=\"nectar-blocks-column__inner nectar-blocks-column__content-wrap parent-block-block-BblWsvAMJO\">\n<p id=\"block-O7eOxXrkDM\" class=\"wp-block-nectar-blocks-text nectar-blocks-text nectar-font-h1\">Manifiesto<\/p>\n\n\n\n<p id=\"block-yB7yHUz0Gb\" class=\"wp-block-nectar-blocks-text nectar-blocks-text nectar-font-h2\">Para una re-forma del pensar<\/p>\n\n\n\n<div class=\"wp-block-nectar-blocks-flex-box nectar-block nectar-blocks-flex-box nectar-blocks-flex-box__inner nectar-blocks-flex-box__wrapper parent-block-block-Bbf7NMGx70\" id=\"block-Bbf7NMGx70\">\n<p id=\"block-DpSR5BeN8m\" class=\"wp-block-nectar-blocks-text nectar-blocks-text nectar-font-em\">Colecci\u00f3n<\/p>\n\n\n\n<p id=\"block-ajShyNUMP6\" class=\"wp-block-nectar-blocks-text nectar-blocks-text nectar-font-h3\"><strong>Diccionario Din\u00e1mico de Ontolog\u00eda Trinitaria<\/strong><\/p>\n\n\n\n<div class=\"wp-block-nectar-blocks-divider nectar-blocks-divider\" id=\"block-tmSeh4KviW\"><div class=\"nectar-blocks-divider__inner\"><span class=\"nectar-blocks-divider__line\"><\/span><\/div><\/div>\n\n\n\n<p id=\"block-1ykx8sPuDN\" class=\"wp-block-nectar-blocks-text nectar-blocks-text nectar-font-em\">Autores <\/p>\n\n\n\n<p id=\"block-F4qRg9kATW\" class=\"wp-block-nectar-blocks-text nectar-blocks-text nectar-font-h3\"><strong><strong>Piero Coda con Maria B. Curi, Massimo Don\u00e0, Giulio Maspero<\/strong><\/strong><\/p>\n\n\n\n<div class=\"wp-block-nectar-blocks-divider nectar-blocks-divider\" id=\"block-ndnYwua2Xa\"><div class=\"nectar-blocks-divider__inner\"><span class=\"nectar-blocks-divider__line\"><\/span><\/div><\/div>\n\n\n\n<p id=\"block-lV4pcVcamz\" class=\"wp-block-nectar-blocks-text nectar-blocks-text nectar-font-em\">Editorial<\/p>\n\n\n\n<p id=\"block-OwTV7WeNC7\" class=\"wp-block-nectar-blocks-text nectar-blocks-text nectar-font-h3\"><strong>Citt\u00e0 Nuova<\/strong><\/p>\n\n\n\n<div class=\"wp-block-nectar-blocks-divider nectar-blocks-divider\" id=\"block-QaM8FYNatT\"><div class=\"nectar-blocks-divider__inner\"><span class=\"nectar-blocks-divider__line\"><\/span><\/div><\/div>\n\n\n\n<p id=\"block-pOKbNTHKjM\" class=\"wp-block-nectar-blocks-text nectar-blocks-text nectar-font-em\">A\u00f1o<\/p>\n\n\n\n<p id=\"block-YHk6cGXt1A\" class=\"wp-block-nectar-blocks-text nectar-blocks-text nectar-font-h3\"><strong>2021<\/strong><\/p>\n\n\n\n<p id=\"block-b6GcsEq8Yj\" class=\"wp-block-nectar-blocks-text nectar-blocks-text\"><\/p>\n<\/div>\n\n\n\n<p id=\"block-rkfziSj7x3\" class=\"wp-block-nectar-blocks-text nectar-blocks-text nectar-font-body\">Como expresa tambi\u00e9n el subt\u00edtulo \u00abPara una ontolog\u00eda trinitaria\u00bb, este manifiesto no debe entenderse en el sentido de una adhesi\u00f3n a un \u00abprograma\u00bb al que se deba someter de manera indiscutible, sino en el sentido literal del t\u00e9rmino, como algo que permite, y establece las condiciones, para \u00abtocar con la mano\u00bb la experiencia \u2014de vanguardia\u2014 de la ontolog\u00eda trinitaria, llamando a una respuesta responsable.<\/p>\n\n\n\n<p id=\"block-b3SzsT2ZUr\" class=\"wp-block-nectar-blocks-text nectar-blocks-text nectar-font-body\">El trabajo de redacci\u00f3n de las <strong>glosas<\/strong> que acompa\u00f1an al Manifiesto (a cargo de Maria Benedetta Curi) pretende enriquecer el texto con reflexiones de apoyo, algunas de las cuales surgieron en los momentos de di\u00e1logo durante las lecciones de \u00abOntolog\u00eda trinitaria\u00bb en el Instituto Universitario Sophia de Loppiano.<\/p>\n\n\n\n<p id=\"block-ALEy1EIlcA\" class=\"wp-block-nectar-blocks-text nectar-blocks-text nectar-font-body\">El t\u00e9rmino <em>glosa<\/em> deriva del griego, indicando un t\u00e9rmino que necesita una explicaci\u00f3n. De simples anotaciones interlineales, en la Edad Media se convirtieron en aparatos externos al texto, como comentario del contenido principal.  <\/p>\n\n\n\n<p id=\"block-W4u8an2Mjt\" class=\"wp-block-nectar-blocks-text nectar-blocks-text nectar-font-body\">Hoy estamos acostumbrados a confrontarnos con notas a pie de p\u00e1gina, que en realidad pierden ese v\u00ednculo inmediato y vital con el texto, expresando m\u00e1s una mentalidad del demostrar, del aparecer, del hacer ver que se sabe (t\u00edpica de un pensamiento individualista), m\u00e1s que del ser y del vivir. Por eso hablamos de glosas, presentes bajo la forma de dos tipolog\u00edas: glosas informativo-descriptivas (tipo notas); y glosas performativas, es decir, implicativas, que reactualizan di\u00e1logos ocurridos durante las clases y los ex\u00e1menes, haciendo part\u00edcipes cada vez a los lectores actuales. <\/p>\n\n\n\n<div class=\"wp-block-nectar-blocks-row nectar-block nectar-blocks-row nectar-blocks-row__inner nectar-blocks-row__wrapper parent-block-block-mo5Lq6dOsZ\" id=\"block-mo5Lq6dOsZ\">\n<div class=\"wp-block-nectar-blocks-column nectar-blocks-column nectar-block\" id=\"block-3UCGz0dm6I\"><div class=\"nectar-blocks-column__inner nectar-blocks-column__content-wrap parent-block-block-3UCGz0dm6I nectar-blocks-column__wrapper\">\n<div class=\"wp-block-nectar-blocks-button nectar-blocks-button nectar-font-label\" id=\"block-jL3vOYVQci\"><a href=\"https:\/\/edizionicittanuova.it\/prodotto\/manifesto-2\/\" target=\"_blank\" rel=\"noreferrer noopener\" class=\"nectar__link nectar-blocks-button__inner\"><span class=\"nectar-blocks-button__text\">Compre el volumen<\/span><span class=\"nectar-component__icon icon-source--remix\"><svg role=\"none\" viewbox=\"0 0 24 24\" fill=\"currentColor\" xmlns=\"http:\/\/www.w3.org\/2000\/svg\"><path d=\"M16.0037 9.41421L7.39712 18.0208L5.98291 16.6066L14.5895 8H7.00373V6H18.0037V17H16.0037V9.41421Z\"><\/path><\/svg><\/span><\/a><\/div>\n<\/div><\/div>\n\n\n\n<div class=\"wp-block-nectar-blocks-column nectar-blocks-column nectar-block\" id=\"block-QlUva0jqhy\"><div class=\"nectar-blocks-column__inner nectar-blocks-column__content-wrap parent-block-block-QlUva0jqhy nectar-blocks-column__wrapper\">\n<div class=\"wp-block-nectar-blocks-button nectar-blocks-button nectar-font-label\" id=\"block-DkATyZHhy4\"><a href=\"https:\/\/edizionicittanuova.it\/prodotto\/manifesto\/\" target=\"_blank\" rel=\"noreferrer noopener\" class=\"nectar__link nectar-blocks-button__inner\"><span class=\"nectar-blocks-button__text\">ebook<\/span><span class=\"nectar-component__icon icon-source--remix\"><svg role=\"none\" viewbox=\"0 0 24 24\" fill=\"currentColor\" xmlns=\"http:\/\/www.w3.org\/2000\/svg\"><path d=\"M16.0037 9.41421L7.39712 18.0208L5.98291 16.6066L14.5895 8H7.00373V6H18.0037V17H16.0037V9.41421Z\"><\/path><\/svg><\/span><\/a><\/div>\n<\/div><\/div>\n<\/div>\n<\/div><\/div><\/div>\n<\/div>\n\n<div class=\"wp-block-nectar-blocks-row alignfull nectar-block nectar-blocks-row nectar-blocks-row__inner nectar-blocks-row__wrapper parent-block-block-ljGGXobUlh\" id=\"block-ljGGXobUlh\">\n<div class=\"wp-block-nectar-blocks-column nectar-blocks-column nectar-block\" id=\"block-gLa7HGuyNU\"><div class=\"nectar-blocks-column__inner nectar-blocks-column__content-wrap parent-block-block-gLa7HGuyNU nectar-blocks-column__wrapper\">\n<p id=\"block-51UCAbaH1L\" class=\"wp-block-nectar-blocks-text nectar-blocks-text nectar-font-h2\">Comunicados y rese\u00f1as sobre el volumen<\/p>\n<\/div><\/div>\n<\/div>\n\n<div class=\"wp-block-nectar-blocks-row alignfull nectar-block nectar-blocks-row nectar-blocks-row__inner nectar-blocks-row__wrapper parent-block-block-ptjz9H6vz3\" id=\"block-ptjz9H6vz3\">\n<div class=\"wp-block-nectar-blocks-column nectar-blocks-column nectar-block\" id=\"block-kVVqkjP5hc\"><div class=\"nectar-blocks-column__inner nectar-blocks-column__content-wrap parent-block-block-kVVqkjP5hc nectar-blocks-column__wrapper\">\n<div class=\"wp-block-nectar-blocks-flex-box nectar-block nectar-blocks-flex-box nectar-blocks-flex-box__inner nectar-blocks-flex-box__wrapper parent-block-block-vFuNB40lMz\" id=\"block-vFuNB40lMz\">\n<div class=\"wp-block-nectar-blocks-icon nectar-blocks-icon\" id=\"block-nLRYb5bHfr\"><div class=\"nectar-blocks-icon__inner\"><span class=\"nectar-component__icon icon-source--lucide\"><!-- @license lucide-static v0.331.0 - ISC --><svg role=\"none\"  class=\"lucide lucide-dot\"  xmlns=\"http:\/\/www.w3.org\/2000\/svg\"  width=\"24\"  height=\"24\"  viewBox=\"0 0 24 24\"  fill=\"none\"  stroke=\"currentColor\"  stroke-width=\"2\"  stroke-linecap=\"round\"  stroke-linejoin=\"round\">  <circle cx=\"12.1\" cy=\"12.1\" r=\"1\" \/><\/svg><\/span><\/div><\/div>\n\n\n\n<p id=\"block-tVyNU8Nya4\" class=\"wp-block-nectar-blocks-text nectar-blocks-text\"><a href=\"https:\/\/ontologiatrinitaria.org\/wp-content\/uploads\/2026\/01\/DDOT-1_Indice.pdf\" target=\"_blank\" rel=\"noreferrer noopener\">\u00cdndice del volumen y lista del Comit\u00e9 Cient\u00edfico<\/a><\/p>\n<\/div>\n\n\n\n<div class=\"wp-block-nectar-blocks-flex-box nectar-block nectar-blocks-flex-box nectar-blocks-flex-box__inner nectar-blocks-flex-box__wrapper parent-block-block-TiTBlL2VOb\" id=\"block-TiTBlL2VOb\">\n<div class=\"wp-block-nectar-blocks-icon nectar-blocks-icon\" id=\"block-Ml12Y30BDi\"><div class=\"nectar-blocks-icon__inner\"><span class=\"nectar-component__icon icon-source--lucide\"><!-- @license lucide-static v0.331.0 - ISC --><svg role=\"none\"  class=\"lucide lucide-dot\"  xmlns=\"http:\/\/www.w3.org\/2000\/svg\"  width=\"24\"  height=\"24\"  viewBox=\"0 0 24 24\"  fill=\"none\"  stroke=\"currentColor\"  stroke-width=\"2\"  stroke-linecap=\"round\"  stroke-linejoin=\"round\">  <circle cx=\"12.1\" cy=\"12.1\" r=\"1\" \/><\/svg><\/span><\/div><\/div>\n\n\n\n<p id=\"block-YD9DGxfSth\" class=\"wp-block-nectar-blocks-text nectar-blocks-text\">\u00abEdicola di Sophia\u00bb, 13 de octubre de 2021, con Massimo Don\u00e0 y Piero Coda: <a href=\"https:\/\/youtu.be\/5wUpWy8eD_E?t=3720\" target=\"_blank\" rel=\"noreferrer noopener\">https:\/\/youtu.be\/5wUpWy8eD_E?t=3720<\/a><\/p>\n<\/div>\n\n\n\n<div class=\"wp-block-nectar-blocks-flex-box nectar-block nectar-blocks-flex-box nectar-blocks-flex-box__inner nectar-blocks-flex-box__wrapper parent-block-block-LWk6c77H4w\" id=\"block-LWk6c77H4w\">\n<div class=\"wp-block-nectar-blocks-icon nectar-blocks-icon\" id=\"block-QbC7oAJfRk\"><div class=\"nectar-blocks-icon__inner\"><span class=\"nectar-component__icon icon-source--lucide\"><!-- @license lucide-static v0.331.0 - ISC --><svg role=\"none\"  class=\"lucide lucide-dot\"  xmlns=\"http:\/\/www.w3.org\/2000\/svg\"  width=\"24\"  height=\"24\"  viewBox=\"0 0 24 24\"  fill=\"none\"  stroke=\"currentColor\"  stroke-width=\"2\"  stroke-linecap=\"round\"  stroke-linejoin=\"round\">  <circle cx=\"12.1\" cy=\"12.1\" r=\"1\" \/><\/svg><\/span><\/div><\/div>\n\n\n\n<p id=\"block-81RMIkd6v5\" class=\"wp-block-nectar-blocks-text nectar-blocks-text\">Entrevista en l\u00ednea de Roberto Cheaib \u00abIncontri d\u2019autore\u00bb con Piero Coda: <a href=\"https:\/\/youtu.be\/ugJhv7FGyK4\" target=\"_blank\" rel=\"noreferrer noopener\">https:\/\/youtu.be\/ugJhv7FGyK4<\/a><\/p>\n<\/div>\n\n\n\n<div class=\"wp-block-nectar-blocks-flex-box nectar-block nectar-blocks-flex-box nectar-blocks-flex-box__inner nectar-blocks-flex-box__wrapper parent-block-block-zvSxvuiRag\" id=\"block-zvSxvuiRag\">\n<div class=\"wp-block-nectar-blocks-icon nectar-blocks-icon\" id=\"block-BBzIgCfCUG\"><div class=\"nectar-blocks-icon__inner\"><span class=\"nectar-component__icon icon-source--lucide\"><!-- @license lucide-static v0.331.0 - ISC --><svg role=\"none\"  class=\"lucide lucide-dot\"  xmlns=\"http:\/\/www.w3.org\/2000\/svg\"  width=\"24\"  height=\"24\"  viewBox=\"0 0 24 24\"  fill=\"none\"  stroke=\"currentColor\"  stroke-width=\"2\"  stroke-linecap=\"round\"  stroke-linejoin=\"round\">  <circle cx=\"12.1\" cy=\"12.1\" r=\"1\" \/><\/svg><\/span><\/div><\/div>\n\n\n\n<p id=\"block-o06Je73wtk\" class=\"wp-block-nectar-blocks-text nectar-blocks-text\">SANTI G., <a href=\"https:\/\/edizioniesi.it\/e-shop\/filosofia-e-teologia.html\" target=\"_blank\" rel=\"noreferrer noopener\"><em>Ontologia Trinitaria. Una nuova prospettiva nella filosofia della religione<\/em><\/a>, en \u00abFilosofia e Teologia\u00bb (2023\/2), pp. 320-335. <\/p>\n<\/div>\n\n\n\n<div class=\"wp-block-nectar-blocks-flex-box nectar-block nectar-blocks-flex-box nectar-blocks-flex-box__inner nectar-blocks-flex-box__wrapper parent-block-block-2XPGikK4ls\" id=\"block-2XPGikK4ls\">\n<div class=\"wp-block-nectar-blocks-icon nectar-blocks-icon\" id=\"block-2hXxAdK1Y1\"><div class=\"nectar-blocks-icon__inner\"><span class=\"nectar-component__icon icon-source--lucide\"><!-- @license lucide-static v0.331.0 - ISC --><svg role=\"none\"  class=\"lucide lucide-dot\"  xmlns=\"http:\/\/www.w3.org\/2000\/svg\"  width=\"24\"  height=\"24\"  viewBox=\"0 0 24 24\"  fill=\"none\"  stroke=\"currentColor\"  stroke-width=\"2\"  stroke-linecap=\"round\"  stroke-linejoin=\"round\">  <circle cx=\"12.1\" cy=\"12.1\" r=\"1\" \/><\/svg><\/span><\/div><\/div>\n\n\n\n<p id=\"block-UG93Zit4QV\" class=\"wp-block-nectar-blocks-text nectar-blocks-text\"><a href=\"https:\/\/drive.google.com\/file\/d\/1tvTL7kVcHj0UBPaOHeum2fBpLiib3GQL\/view?usp=sharing\">Noticia de la presentaci\u00f3n del <em>Manifiesto<\/em> DDOT en Taranto<\/a> publicada en Avvenire, 7 de diciembre de 2022.<\/p>\n<\/div>\n\n\n\n<div class=\"wp-block-nectar-blocks-flex-box nectar-block nectar-blocks-flex-box nectar-blocks-flex-box__inner nectar-blocks-flex-box__wrapper parent-block-block-e2kh941C7w\" id=\"block-e2kh941C7w\">\n<div class=\"wp-block-nectar-blocks-icon nectar-blocks-icon\" id=\"block-BHgOCLXSKE\"><div class=\"nectar-blocks-icon__inner\"><span class=\"nectar-component__icon icon-source--lucide\"><!-- @license lucide-static v0.331.0 - ISC --><svg role=\"none\"  class=\"lucide lucide-dot\"  xmlns=\"http:\/\/www.w3.org\/2000\/svg\"  width=\"24\"  height=\"24\"  viewBox=\"0 0 24 24\"  fill=\"none\"  stroke=\"currentColor\"  stroke-width=\"2\"  stroke-linecap=\"round\"  stroke-linejoin=\"round\">  <circle cx=\"12.1\" cy=\"12.1\" r=\"1\" \/><\/svg><\/span><\/div><\/div>\n\n\n\n<p id=\"block-1FOps5SoCX\" class=\"wp-block-nectar-blocks-text nectar-blocks-text\">CETERA R.,<a href=\"https:\/\/trinitarian-ontology.org\/wp-content\/uploads\/2022\/07\/ossrom_2021set30_pp-1-e-7_recensione.pdf\" target=\"_blank\" rel=\"noreferrer noopener\"> <em>La Trinit\u00e0, l\u2019uomo e il mondo <\/em>[Entrevista a P. Coda]<\/a>, en \u00abL\u2019Osservatore Romano\u00bb, CLXI (30 de septiembre de 2021), pp. 1 y 7.<\/p>\n<\/div>\n\n\n\n<div class=\"wp-block-nectar-blocks-flex-box nectar-block nectar-blocks-flex-box nectar-blocks-flex-box__inner nectar-blocks-flex-box__wrapper parent-block-block-LWzYZkSMNc\" id=\"block-LWzYZkSMNc\">\n<div class=\"wp-block-nectar-blocks-icon nectar-blocks-icon\" id=\"block-VuTFsJgyME\"><div class=\"nectar-blocks-icon__inner\"><span class=\"nectar-component__icon icon-source--lucide\"><!-- @license lucide-static v0.331.0 - ISC --><svg role=\"none\"  class=\"lucide lucide-dot\"  xmlns=\"http:\/\/www.w3.org\/2000\/svg\"  width=\"24\"  height=\"24\"  viewBox=\"0 0 24 24\"  fill=\"none\"  stroke=\"currentColor\"  stroke-width=\"2\"  stroke-linecap=\"round\"  stroke-linejoin=\"round\">  <circle cx=\"12.1\" cy=\"12.1\" r=\"1\" \/><\/svg><\/span><\/div><\/div>\n\n\n\n<p id=\"block-Y65ojuL2MZ\" class=\"wp-block-nectar-blocks-text nectar-blocks-text\">BERGAMO A. \u2013 A.F. DE DONATO, <a href=\"https:\/\/drive.google.com\/file\/d\/1A8qhSMul7bV9FgoKx4vjzF2pbfNXUvub\/view?usp=sharing\" target=\"_blank\" rel=\"noreferrer noopener\">Rese\u00f1a en \u00abApulia Theologica\u00bb<\/a>, VIII (2022), 342-344.<\/p>\n<\/div>\n<\/div><\/div>\n\n\n\n<div class=\"wp-block-nectar-blocks-column nectar-blocks-column nectar-block\" id=\"block-BzjxCwm6SP\"><div class=\"nectar-blocks-column__inner nectar-blocks-column__content-wrap parent-block-block-BzjxCwm6SP nectar-blocks-column__wrapper\">\n<div class=\"wp-block-nectar-blocks-flex-box nectar-block nectar-blocks-flex-box nectar-blocks-flex-box__inner nectar-blocks-flex-box__wrapper parent-block-block-YgV3ChJktU\" id=\"block-YgV3ChJktU\">\n<div class=\"wp-block-nectar-blocks-icon nectar-blocks-icon\" id=\"block-LNjgZlNykt\"><div class=\"nectar-blocks-icon__inner\"><span class=\"nectar-component__icon icon-source--lucide\"><!-- @license lucide-static v0.331.0 - ISC --><svg role=\"none\"  class=\"lucide lucide-dot\"  xmlns=\"http:\/\/www.w3.org\/2000\/svg\"  width=\"24\"  height=\"24\"  viewBox=\"0 0 24 24\"  fill=\"none\"  stroke=\"currentColor\"  stroke-width=\"2\"  stroke-linecap=\"round\"  stroke-linejoin=\"round\">  <circle cx=\"12.1\" cy=\"12.1\" r=\"1\" \/><\/svg><\/span><\/div><\/div>\n\n\n\n<p id=\"block-WqwuCUFFQx\" class=\"wp-block-nectar-blocks-text nectar-blocks-text\">CODA P., <em>La risorsa trinitaria della cristianit\u00e0<\/em>, en \u00abAvvenire\u00bb, 1 de septiembre de 2022, pp. 1 y 20.<\/p>\n<\/div>\n\n\n\n<div class=\"wp-block-nectar-blocks-flex-box nectar-block nectar-blocks-flex-box nectar-blocks-flex-box__inner nectar-blocks-flex-box__wrapper parent-block-block-KHalFbkVIW\" id=\"block-KHalFbkVIW\">\n<div class=\"wp-block-nectar-blocks-icon nectar-blocks-icon\" id=\"block-um7UKbXiML\"><div class=\"nectar-blocks-icon__inner\"><span class=\"nectar-component__icon icon-source--lucide\"><!-- @license lucide-static v0.331.0 - ISC --><svg role=\"none\"  class=\"lucide lucide-dot\"  xmlns=\"http:\/\/www.w3.org\/2000\/svg\"  width=\"24\"  height=\"24\"  viewBox=\"0 0 24 24\"  fill=\"none\"  stroke=\"currentColor\"  stroke-width=\"2\"  stroke-linecap=\"round\"  stroke-linejoin=\"round\">  <circle cx=\"12.1\" cy=\"12.1\" r=\"1\" \/><\/svg><\/span><\/div><\/div>\n\n\n\n<p id=\"block-UUenfq10uI\" class=\"wp-block-nectar-blocks-text nectar-blocks-text\">CASTELLANA M., <a href=\"https:\/\/www.odysseo.it\/per-una-ragione-agapica\/\" target=\"_blank\" rel=\"noreferrer noopener\"><em>Per una ragione agapica<\/em>,<\/a> en \u00abOdysseo. Navigatori della conoscenza\u00bb, 21 de julio de 2022.<\/p>\n<\/div>\n\n\n\n<div class=\"wp-block-nectar-blocks-flex-box nectar-block nectar-blocks-flex-box nectar-blocks-flex-box__inner nectar-blocks-flex-box__wrapper parent-block-block-78kuAYaZ5q\" id=\"block-78kuAYaZ5q\">\n<div class=\"wp-block-nectar-blocks-icon nectar-blocks-icon\" id=\"block-3DmETKLkff\"><div class=\"nectar-blocks-icon__inner\"><span class=\"nectar-component__icon icon-source--lucide\"><!-- @license lucide-static v0.331.0 - ISC --><svg role=\"none\"  class=\"lucide lucide-dot\"  xmlns=\"http:\/\/www.w3.org\/2000\/svg\"  width=\"24\"  height=\"24\"  viewBox=\"0 0 24 24\"  fill=\"none\"  stroke=\"currentColor\"  stroke-width=\"2\"  stroke-linecap=\"round\"  stroke-linejoin=\"round\">  <circle cx=\"12.1\" cy=\"12.1\" r=\"1\" \/><\/svg><\/span><\/div><\/div>\n\n\n\n<p id=\"block-lodBMaHK4T\" class=\"wp-block-nectar-blocks-text nectar-blocks-text\">MANTOVANI M., <em>\u00abOntologia trinitaria\u00bb: manifesto e progetto di un dizionario dinamico<\/em>, en <em>\u00ab<\/em>Ekkles\u00eda<em>\u00bb,<\/em> 14 (2022\/1), p. 62.<\/p>\n<\/div>\n\n\n\n<div class=\"wp-block-nectar-blocks-flex-box nectar-block nectar-blocks-flex-box nectar-blocks-flex-box__inner nectar-blocks-flex-box__wrapper parent-block-block-PoZ4tAc68G\" id=\"block-PoZ4tAc68G\">\n<div class=\"wp-block-nectar-blocks-icon nectar-blocks-icon\" id=\"block-3QtJZPpvqg\"><div class=\"nectar-blocks-icon__inner\"><span class=\"nectar-component__icon icon-source--lucide\"><!-- @license lucide-static v0.331.0 - ISC --><svg role=\"none\"  class=\"lucide lucide-dot\"  xmlns=\"http:\/\/www.w3.org\/2000\/svg\"  width=\"24\"  height=\"24\"  viewBox=\"0 0 24 24\"  fill=\"none\"  stroke=\"currentColor\"  stroke-width=\"2\"  stroke-linecap=\"round\"  stroke-linejoin=\"round\">  <circle cx=\"12.1\" cy=\"12.1\" r=\"1\" \/><\/svg><\/span><\/div><\/div>\n\n\n\n<p id=\"block-IWmW6AyyPZ\" class=\"wp-block-nectar-blocks-text nectar-blocks-text\">SALATO N., <em>Manifesto: per un nuovo progetto di ontologia trinitaria. Nota in margine ad un recente libro<\/em>, en \u00abRassegna di Teologia\u00bb, 62 (2021\/4), pp. 681-691.<\/p>\n<\/div>\n\n\n\n<div class=\"wp-block-nectar-blocks-flex-box nectar-block nectar-blocks-flex-box nectar-blocks-flex-box__inner nectar-blocks-flex-box__wrapper parent-block-block-ugEiIMk3t3\" id=\"block-ugEiIMk3t3\">\n<div class=\"wp-block-nectar-blocks-icon nectar-blocks-icon\" id=\"block-94qac3Ov2l\"><div class=\"nectar-blocks-icon__inner\"><span class=\"nectar-component__icon icon-source--lucide\"><!-- @license lucide-static v0.331.0 - ISC --><svg role=\"none\"  class=\"lucide lucide-dot\"  xmlns=\"http:\/\/www.w3.org\/2000\/svg\"  width=\"24\"  height=\"24\"  viewBox=\"0 0 24 24\"  fill=\"none\"  stroke=\"currentColor\"  stroke-width=\"2\"  stroke-linecap=\"round\"  stroke-linejoin=\"round\">  <circle cx=\"12.1\" cy=\"12.1\" r=\"1\" \/><\/svg><\/span><\/div><\/div>\n\n\n\n<p id=\"block-6iQsgz4mCo\" class=\"wp-block-nectar-blocks-text nectar-blocks-text\">TORNO A., <em><a href=\"https:\/\/www.cittanuova.it\/correlati\/manifesto-del-dizionario-ontologia-trinitaria-sul-domenicale-del-sole-24-ore\/\" target=\"_blank\" rel=\"noreferrer noopener\">Il senso dell\u2019essere che siamo e che viviamo<\/a><\/em>, en \u00abIl Sole 24 Ore\u00bb, 9 de noviembre de 2021.<\/p>\n<\/div>\n\n\n\n<div class=\"wp-block-nectar-blocks-flex-box nectar-block nectar-blocks-flex-box nectar-blocks-flex-box__inner nectar-blocks-flex-box__wrapper parent-block-block-9yiXB6IJ5a\" id=\"block-9yiXB6IJ5a\">\n<div class=\"wp-block-nectar-blocks-icon nectar-blocks-icon\" id=\"block-ckRhrzc4rD\"><div class=\"nectar-blocks-icon__inner\"><span class=\"nectar-component__icon icon-source--lucide\"><!-- @license lucide-static v0.331.0 - ISC --><svg role=\"none\"  class=\"lucide lucide-dot\"  xmlns=\"http:\/\/www.w3.org\/2000\/svg\"  width=\"24\"  height=\"24\"  viewBox=\"0 0 24 24\"  fill=\"none\"  stroke=\"currentColor\"  stroke-width=\"2\"  stroke-linecap=\"round\"  stroke-linejoin=\"round\">  <circle cx=\"12.1\" cy=\"12.1\" r=\"1\" \/><\/svg><\/span><\/div><\/div>\n\n\n\n<p id=\"block-r74Y4q2Wij\" class=\"wp-block-nectar-blocks-text nectar-blocks-text\"><em><a href=\"https:\/\/trinitarian-ontology.org\/wp-content\/uploads\/2022\/07\/intervistaddot_rivistacn2021ott.pdf\" target=\"_blank\" rel=\"noreferrer noopener\">Il ritmo trinitario dell\u2019esistenza<\/a><\/em>, entrevista a cargo de A. Nicosia, en \u00abCitt\u00e0 Nuova\u00bb (octubre de 2021), 68-70. Presentando el inicio del DDOT <\/p>\n<\/div>\n<\/div><\/div>\n<\/div>\n\n<p id=\"block-5ol0VZ1DZk\" class=\"wp-block-nectar-blocks-text nectar-blocks-text\"><\/p>\n\n<p id=\"block-g27ZpYQdtp\" class=\"wp-block-nectar-blocks-text nectar-blocks-text\"><\/p>\n","protected":false},"excerpt":{"rendered":"","protected":false},"author":8,"featured_media":5173,"parent":5321,"menu_order":0,"comment_status":"closed","ping_status":"closed","template":"","meta":{"_nectar_blocks_hide_post_title":true,"_nectar_blocks_transparent_header_effect":false,"_nectar_blocks_transparent_header_effect_color":"light","_nectar_blocks_header_animation":false,"_nectar_blocks_header_animation_delay":0,"_nectar_blocks_header_animation_effect":"fade","_nectar_blocks_page_css":"","_nectar_blocks_page_js":"","footnotes":""},"class_list":["post-5389","page","type-page","status-publish","has-post-thumbnail"],"yoast_head":"<!-- This site is optimized with the Yoast SEO plugin v27.2 - https:\/\/yoast.com\/product\/yoast-seo-wordpress\/ -->\n<title>Manifiesto - Ontologia Trinitaria<\/title>\n<meta name=\"description\" content=\"Diccionario Din\u00e1mico de Ontolog\u00eda Trinitaria: un taller abierto de investigaci\u00f3n y estudio. \u00a1Descubra m\u00e1s!\" \/>\n<meta name=\"robots\" content=\"index, follow, max-snippet:-1, max-image-preview:large, max-video-preview:-1\" \/>\n<link rel=\"canonical\" href=\"https:\/\/ontologiatrinitaria.org\/es\/red\/italia\/manifiesto\/\" \/>\n<meta property=\"og:locale\" content=\"es_ES\" \/>\n<meta property=\"og:type\" content=\"article\" \/>\n<meta property=\"og:title\" content=\"Manifiesto - Ontologia Trinitaria\" \/>\n<meta property=\"og:description\" content=\"Diccionario Din\u00e1mico de Ontolog\u00eda Trinitaria: un taller abierto de investigaci\u00f3n y estudio. \u00a1Descubra m\u00e1s!\" \/>\n<meta property=\"og:url\" content=\"https:\/\/ontologiatrinitaria.org\/es\/red\/italia\/manifiesto\/\" \/>\n<meta property=\"og:site_name\" content=\"Ontologia Trinitaria\" \/>\n<meta property=\"article:publisher\" content=\"https:\/\/www.facebook.com\/ontologiatrinitaria\" \/>\n<meta property=\"article:modified_time\" content=\"2026-03-11T15:30:41+00:00\" \/>\n<meta property=\"og:image\" content=\"https:\/\/ontologiatrinitaria.org\/wp-content\/uploads\/2025\/06\/manifesto.jpg\" \/>\n\t<meta property=\"og:image:width\" content=\"900\" \/>\n\t<meta property=\"og:image:height\" content=\"900\" \/>\n\t<meta property=\"og:image:type\" content=\"image\/jpeg\" \/>\n<meta name=\"twitter:card\" content=\"summary_large_image\" \/>\n<meta name=\"twitter:label1\" content=\"Tiempo de lectura\" \/>\n\t<meta name=\"twitter:data1\" content=\"3 minutos\" \/>\n<script type=\"application\/ld+json\" class=\"yoast-schema-graph\">{\"@context\":\"https:\/\/schema.org\",\"@graph\":[{\"@type\":\"WebPage\",\"@id\":\"https:\/\/ontologiatrinitaria.org\/es\/red\/italia\/manifiesto\/\",\"url\":\"https:\/\/ontologiatrinitaria.org\/es\/red\/italia\/manifiesto\/\",\"name\":\"Manifiesto - Ontologia Trinitaria\",\"isPartOf\":{\"@id\":\"https:\/\/ontologiatrinitaria.org\/es\/#website\"},\"primaryImageOfPage\":{\"@id\":\"https:\/\/ontologiatrinitaria.org\/es\/red\/italia\/manifiesto\/#primaryimage\"},\"image\":{\"@id\":\"https:\/\/ontologiatrinitaria.org\/es\/red\/italia\/manifiesto\/#primaryimage\"},\"thumbnailUrl\":\"https:\/\/ontologiatrinitaria.org\/wp-content\/uploads\/2025\/06\/manifesto.jpg\",\"datePublished\":\"2025-05-25T20:27:16+00:00\",\"dateModified\":\"2026-03-11T15:30:41+00:00\",\"description\":\"Diccionario Din\u00e1mico de Ontolog\u00eda Trinitaria: un taller abierto de investigaci\u00f3n y estudio. \u00a1Descubra m\u00e1s!\",\"breadcrumb\":{\"@id\":\"https:\/\/ontologiatrinitaria.org\/es\/red\/italia\/manifiesto\/#breadcrumb\"},\"inLanguage\":\"es\",\"potentialAction\":[{\"@type\":\"ReadAction\",\"target\":[\"https:\/\/ontologiatrinitaria.org\/es\/red\/italia\/manifiesto\/\"]}]},{\"@type\":\"ImageObject\",\"inLanguage\":\"es\",\"@id\":\"https:\/\/ontologiatrinitaria.org\/es\/red\/italia\/manifiesto\/#primaryimage\",\"url\":\"https:\/\/ontologiatrinitaria.org\/wp-content\/uploads\/2025\/06\/manifesto.jpg\",\"contentUrl\":\"https:\/\/ontologiatrinitaria.org\/wp-content\/uploads\/2025\/06\/manifesto.jpg\",\"width\":900,\"height\":900},{\"@type\":\"BreadcrumbList\",\"@id\":\"https:\/\/ontologiatrinitaria.org\/es\/red\/italia\/manifiesto\/#breadcrumb\",\"itemListElement\":[{\"@type\":\"ListItem\",\"position\":1,\"name\":\"Home\",\"item\":\"https:\/\/ontologiatrinitaria.org\/es\/\"},{\"@type\":\"ListItem\",\"position\":2,\"name\":\"Red\",\"item\":\"https:\/\/ontologiatrinitaria.org\/es\/red\/\"},{\"@type\":\"ListItem\",\"position\":3,\"name\":\"Italia\",\"item\":\"https:\/\/ontologiatrinitaria.org\/es\/red\/italia\/\"},{\"@type\":\"ListItem\",\"position\":4,\"name\":\"Manifiesto\"}]},{\"@type\":\"WebSite\",\"@id\":\"https:\/\/ontologiatrinitaria.org\/es\/#website\",\"url\":\"https:\/\/ontologiatrinitaria.org\/es\/\",\"name\":\"Ontologia Trinitaria\",\"description\":\"Itinerari e ricerche\",\"publisher\":{\"@id\":\"https:\/\/ontologiatrinitaria.org\/es\/#organization\"},\"potentialAction\":[{\"@type\":\"SearchAction\",\"target\":{\"@type\":\"EntryPoint\",\"urlTemplate\":\"https:\/\/ontologiatrinitaria.org\/es\/?s={search_term_string}\"},\"query-input\":{\"@type\":\"PropertyValueSpecification\",\"valueRequired\":true,\"valueName\":\"search_term_string\"}}],\"inLanguage\":\"es\"},{\"@type\":\"Organization\",\"@id\":\"https:\/\/ontologiatrinitaria.org\/es\/#organization\",\"name\":\"Ontologia Trinitaria\",\"url\":\"https:\/\/ontologiatrinitaria.org\/es\/\",\"logo\":{\"@type\":\"ImageObject\",\"inLanguage\":\"es\",\"@id\":\"https:\/\/ontologiatrinitaria.org\/es\/#\/schema\/logo\/image\/\",\"url\":\"https:\/\/ontologiatrinitaria.org\/wp-content\/uploads\/2025\/06\/logo_colore2.png\",\"contentUrl\":\"https:\/\/ontologiatrinitaria.org\/wp-content\/uploads\/2025\/06\/logo_colore2.png\",\"width\":402,\"height\":169,\"caption\":\"Ontologia Trinitaria\"},\"image\":{\"@id\":\"https:\/\/ontologiatrinitaria.org\/es\/#\/schema\/logo\/image\/\"},\"sameAs\":[\"https:\/\/www.facebook.com\/ontologiatrinitaria\",\"https:\/\/www.instagram.com\/ontologiatrinitaria\/\"]}]}<\/script>\n<!-- \/ Yoast SEO plugin. -->","yoast_head_json":{"title":"Manifiesto - Ontologia Trinitaria","description":"Diccionario Din\u00e1mico de Ontolog\u00eda Trinitaria: un taller abierto de investigaci\u00f3n y estudio. \u00a1Descubra m\u00e1s!","robots":{"index":"index","follow":"follow","max-snippet":"max-snippet:-1","max-image-preview":"max-image-preview:large","max-video-preview":"max-video-preview:-1"},"canonical":"https:\/\/ontologiatrinitaria.org\/es\/red\/italia\/manifiesto\/","og_locale":"es_ES","og_type":"article","og_title":"Manifiesto - Ontologia Trinitaria","og_description":"Diccionario Din\u00e1mico de Ontolog\u00eda Trinitaria: un taller abierto de investigaci\u00f3n y estudio. \u00a1Descubra m\u00e1s!","og_url":"https:\/\/ontologiatrinitaria.org\/es\/red\/italia\/manifiesto\/","og_site_name":"Ontologia Trinitaria","article_publisher":"https:\/\/www.facebook.com\/ontologiatrinitaria","article_modified_time":"2026-03-11T15:30:41+00:00","og_image":[{"width":900,"height":900,"url":"https:\/\/ontologiatrinitaria.org\/wp-content\/uploads\/2025\/06\/manifesto.jpg","type":"image\/jpeg"}],"twitter_card":"summary_large_image","twitter_misc":{"Tiempo de lectura":"3 minutos"},"schema":{"@context":"https:\/\/schema.org","@graph":[{"@type":"WebPage","@id":"https:\/\/ontologiatrinitaria.org\/es\/red\/italia\/manifiesto\/","url":"https:\/\/ontologiatrinitaria.org\/es\/red\/italia\/manifiesto\/","name":"Manifiesto - Ontologia Trinitaria","isPartOf":{"@id":"https:\/\/ontologiatrinitaria.org\/es\/#website"},"primaryImageOfPage":{"@id":"https:\/\/ontologiatrinitaria.org\/es\/red\/italia\/manifiesto\/#primaryimage"},"image":{"@id":"https:\/\/ontologiatrinitaria.org\/es\/red\/italia\/manifiesto\/#primaryimage"},"thumbnailUrl":"https:\/\/ontologiatrinitaria.org\/wp-content\/uploads\/2025\/06\/manifesto.jpg","datePublished":"2025-05-25T20:27:16+00:00","dateModified":"2026-03-11T15:30:41+00:00","description":"Diccionario Din\u00e1mico de Ontolog\u00eda Trinitaria: un taller abierto de investigaci\u00f3n y estudio. \u00a1Descubra m\u00e1s!","breadcrumb":{"@id":"https:\/\/ontologiatrinitaria.org\/es\/red\/italia\/manifiesto\/#breadcrumb"},"inLanguage":"es","potentialAction":[{"@type":"ReadAction","target":["https:\/\/ontologiatrinitaria.org\/es\/red\/italia\/manifiesto\/"]}]},{"@type":"ImageObject","inLanguage":"es","@id":"https:\/\/ontologiatrinitaria.org\/es\/red\/italia\/manifiesto\/#primaryimage","url":"https:\/\/ontologiatrinitaria.org\/wp-content\/uploads\/2025\/06\/manifesto.jpg","contentUrl":"https:\/\/ontologiatrinitaria.org\/wp-content\/uploads\/2025\/06\/manifesto.jpg","width":900,"height":900},{"@type":"BreadcrumbList","@id":"https:\/\/ontologiatrinitaria.org\/es\/red\/italia\/manifiesto\/#breadcrumb","itemListElement":[{"@type":"ListItem","position":1,"name":"Home","item":"https:\/\/ontologiatrinitaria.org\/es\/"},{"@type":"ListItem","position":2,"name":"Red","item":"https:\/\/ontologiatrinitaria.org\/es\/red\/"},{"@type":"ListItem","position":3,"name":"Italia","item":"https:\/\/ontologiatrinitaria.org\/es\/red\/italia\/"},{"@type":"ListItem","position":4,"name":"Manifiesto"}]},{"@type":"WebSite","@id":"https:\/\/ontologiatrinitaria.org\/es\/#website","url":"https:\/\/ontologiatrinitaria.org\/es\/","name":"Ontologia Trinitaria","description":"Itinerari e ricerche","publisher":{"@id":"https:\/\/ontologiatrinitaria.org\/es\/#organization"},"potentialAction":[{"@type":"SearchAction","target":{"@type":"EntryPoint","urlTemplate":"https:\/\/ontologiatrinitaria.org\/es\/?s={search_term_string}"},"query-input":{"@type":"PropertyValueSpecification","valueRequired":true,"valueName":"search_term_string"}}],"inLanguage":"es"},{"@type":"Organization","@id":"https:\/\/ontologiatrinitaria.org\/es\/#organization","name":"Ontologia Trinitaria","url":"https:\/\/ontologiatrinitaria.org\/es\/","logo":{"@type":"ImageObject","inLanguage":"es","@id":"https:\/\/ontologiatrinitaria.org\/es\/#\/schema\/logo\/image\/","url":"https:\/\/ontologiatrinitaria.org\/wp-content\/uploads\/2025\/06\/logo_colore2.png","contentUrl":"https:\/\/ontologiatrinitaria.org\/wp-content\/uploads\/2025\/06\/logo_colore2.png","width":402,"height":169,"caption":"Ontologia Trinitaria"},"image":{"@id":"https:\/\/ontologiatrinitaria.org\/es\/#\/schema\/logo\/image\/"},"sameAs":["https:\/\/www.facebook.com\/ontologiatrinitaria","https:\/\/www.instagram.com\/ontologiatrinitaria\/"]}]}},"_links":{"self":[{"href":"https:\/\/ontologiatrinitaria.org\/es\/wp-json\/wp\/v2\/pages\/5389","targetHints":{"allow":["GET"]}}],"collection":[{"href":"https:\/\/ontologiatrinitaria.org\/es\/wp-json\/wp\/v2\/pages"}],"about":[{"href":"https:\/\/ontologiatrinitaria.org\/es\/wp-json\/wp\/v2\/types\/page"}],"author":[{"embeddable":true,"href":"https:\/\/ontologiatrinitaria.org\/es\/wp-json\/wp\/v2\/users\/8"}],"replies":[{"embeddable":true,"href":"https:\/\/ontologiatrinitaria.org\/es\/wp-json\/wp\/v2\/comments?post=5389"}],"version-history":[{"count":2,"href":"https:\/\/ontologiatrinitaria.org\/es\/wp-json\/wp\/v2\/pages\/5389\/revisions"}],"predecessor-version":[{"id":5406,"href":"https:\/\/ontologiatrinitaria.org\/es\/wp-json\/wp\/v2\/pages\/5389\/revisions\/5406"}],"up":[{"embeddable":true,"href":"https:\/\/ontologiatrinitaria.org\/es\/wp-json\/wp\/v2\/pages\/5321"}],"wp:featuredmedia":[{"embeddable":true,"href":"https:\/\/ontologiatrinitaria.org\/es\/wp-json\/wp\/v2\/media\/5173"}],"wp:attachment":[{"href":"https:\/\/ontologiatrinitaria.org\/es\/wp-json\/wp\/v2\/media?parent=5389"}],"curies":[{"name":"wp","href":"https:\/\/api.w.org\/{rel}","templated":true}]}}